{"id":783,"date":"2025-07-03T14:06:35","date_gmt":"2025-07-03T12:06:35","guid":{"rendered":"https:\/\/spalek-alutechnik.de\/?page_id=783"},"modified":"2025-07-03T15:30:06","modified_gmt":"2025-07-03T13:30:06","slug":"faq","status":"publish","type":"page","link":"https:\/\/spalek-alutechnik.de\/fr\/faq\/","title":{"rendered":"FAQ"},"content":{"rendered":"<div class=\"wp-block-cover alignfull is-light header-cover px-3 px-md-4 px-lg-5\" style=\"min-height:60vh;aspect-ratio:unset;\"><span aria-hidden=\"true\" class=\"wp-block-cover__background has-background-dim-0 has-background-dim\" style=\"background-color:#afadb1\"><\/span><img loading=\"lazy\" decoding=\"async\" width=\"2560\" height=\"1113\" class=\"wp-block-cover__image-background wp-image-785\" alt=\"\" src=\"https:\/\/spalek-alutechnik.de\/wp-content\/uploads\/2025\/07\/Spalek-Raumdesign-Header-FAQ.jpg\" data-object-fit=\"cover\" srcset=\"https:\/\/spalek-alutechnik.de\/wp-content\/uploads\/2025\/07\/Spalek-Raumdesign-Header-FAQ.jpg 2560w, https:\/\/spalek-alutechnik.de\/wp-content\/uploads\/2025\/07\/Spalek-Raumdesign-Header-FAQ-300x130.jpg 300w, https:\/\/spalek-alutechnik.de\/wp-content\/uploads\/2025\/07\/Spalek-Raumdesign-Header-FAQ-1024x445.jpg 1024w, https:\/\/spalek-alutechnik.de\/wp-content\/uploads\/2025\/07\/Spalek-Raumdesign-Header-FAQ-768x334.jpg 768w, https:\/\/spalek-alutechnik.de\/wp-content\/uploads\/2025\/07\/Spalek-Raumdesign-Header-FAQ-1536x668.jpg 1536w, https:\/\/spalek-alutechnik.de\/wp-content\/uploads\/2025\/07\/Spalek-Raumdesign-Header-FAQ-2048x890.jpg 2048w, https:\/\/spalek-alutechnik.de\/wp-content\/uploads\/2025\/07\/Spalek-Raumdesign-Header-FAQ-18x8.jpg 18w\" sizes=\"auto, (max-width: 2560px) 100vw, 2560px\" \/><div class=\"wp-block-cover__inner-container is-layout-flow wp-block-cover-is-layout-flow\">\n<div class=\"wp-block-group cover-heading animated fadeInLeft has-global-padding is-layout-constrained wp-container-core-group-is-layout-1 wp-block-group-is-layout-constrained\">\n<h1 class=\"wp-block-heading has-text-align-center has-base-color has-primary-background-color has-text-color has-background\" style=\"font-style:italic;font-weight:500\">FAQ \u2013&nbsp;<strong>Questions fr\u00e9quentes<\/strong><\/h1>\n<\/div>\n<\/div><\/div>\n\n\n\n<div class=\"wp-block-cover alignfull is-light large-cover\" style=\"padding-top:var(--wp--preset--spacing--50);padding-bottom:var(--wp--preset--spacing--50)\" id=\"kontaktformular\"><span aria-hidden=\"true\" class=\"wp-block-cover__background has-background-dim-0 has-background-dim\"><\/span><div class=\"wp-block-cover__inner-container is-layout-flow wp-block-cover-is-layout-flow\">\n<div class=\"wp-block-group has-global-padding is-layout-constrained wp-block-group-is-layout-constrained\">\n<p class=\"breadcrump animated fadeInUp has-primary-color has-text-color\" style=\"font-size:clamp(14px, 0.875rem + ((1vw - 3.2px) * 0.156), 16px);font-style:normal;font-weight:500\">FAQ<\/p>\n\n\n\n<h2 class=\"wp-block-heading\" style=\"padding-top:0;padding-bottom:var(--wp--preset--spacing--40);font-style:normal;font-weight:500\">Questions fr\u00e9quentes<\/h2>\n\n\n\n<div class=\"wp-block-advgb-accordions advgb-accordions-206d975d-f6d4-4348-8c3c-8d49c63a95e5 advgb-accordion-wrapper\" data-collapsed=\"true\">\n<div class=\"wp-block-advgb-accordion-item advgb-accordion-item\" style=\"margin-bottom:15px\"><div class=\"advgb-accordion-header\" style=\"background-color:#EDF8F9;color:#192B32;border-style:solid;border-width:1px;border-color:#EDF8F9;border-radius:2px\"><span class=\"advgb-accordion-header-icon\"><svg fill=\"#192B32\" xmlns=\"http:\/\/www.w3.org\/2000\/svg\" width=\"24\" height=\"24\" viewbox=\"0 0 24 24\"><path opacity=\"0.87\" fill=\"none\" d=\"M24,24H0L0,0l24,0V24z\"><\/path><path d=\"M16.59,8.59L12,13.17L7.41,8.59L6,10l6,6l6-6L16.59,8.59z\"><\/path><\/svg><\/span><h4 class=\"advgb-accordion-header-title\" style=\"color:inherit\">Jusqu\u2019\u00e0 quelle longueur pouvons-nous fabriquer nos lames de terrasse ?<\/h4><\/div><div class=\"advgb-accordion-body\" style=\"border-style:solid !important;border-width:1px !important;border-color:#EDF8F9 !important;border-top:none !important;border-radius:2px !important\">\n<p><strong>Brutes ou laqu\u00e9es,<\/strong>&nbsp;jusqu\u2019\u00e0&nbsp;<strong>6,90 m\u00e8tres lin\u00e9aires.<\/strong><\/p>\n<\/div><\/div>\n\n\n\n<div class=\"wp-block-advgb-accordion-item advgb-accordion-item\" style=\"margin-bottom:15px\"><div class=\"advgb-accordion-header\" style=\"background-color:#EDF8F9;color:#192B32;border-style:solid;border-width:1px;border-color:#EDF8F9;border-radius:2px\"><span class=\"advgb-accordion-header-icon\"><svg fill=\"#192B32\" xmlns=\"http:\/\/www.w3.org\/2000\/svg\" width=\"24\" height=\"24\" viewbox=\"0 0 24 24\"><path opacity=\"0.87\" fill=\"none\" d=\"M24,24H0L0,0l24,0V24z\"><\/path><path d=\"M16.59,8.59L12,13.17L7.41,8.59L6,10l6,6l6-6L16.59,8.59z\"><\/path><\/svg><\/span><h4 class=\"advgb-accordion-header-title\" style=\"color:inherit\">Quelle est la classe de r\u00e9action au feu des profils ?<\/h4><\/div><div class=\"advgb-accordion-body\" style=\"border-style:solid !important;border-width:1px !important;border-color:#EDF8F9 !important;border-top:none !important;border-radius:2px !important\">\n<ul class=\"wp-block-list\">\n<li><strong>Profil de base:<\/strong>&nbsp;<strong>A1<\/strong>&nbsp;(incombustible) selon la norme DIN 4102<\/li>\n\n\n\n<li><strong>Finition de surface \/ laquage:<\/strong>&nbsp;<strong>B1<\/strong>&nbsp;(difficilement inflammable)<\/li>\n<\/ul>\n<\/div><\/div>\n\n\n\n<div class=\"wp-block-advgb-accordion-item advgb-accordion-item\" style=\"margin-bottom:15px\"><div class=\"advgb-accordion-header\" style=\"background-color:#EDF8F9;color:#192B32;border-style:solid;border-width:1px;border-color:#EDF8F9;border-radius:2px\"><span class=\"advgb-accordion-header-icon\"><svg fill=\"#192B32\" xmlns=\"http:\/\/www.w3.org\/2000\/svg\" width=\"24\" height=\"24\" viewbox=\"0 0 24 24\"><path opacity=\"0.87\" fill=\"none\" d=\"M24,24H0L0,0l24,0V24z\"><\/path><path d=\"M16.59,8.59L12,13.17L7.41,8.59L6,10l6,6l6-6L16.59,8.59z\"><\/path><\/svg><\/span><h4 class=\"advgb-accordion-header-title\" style=\"color:inherit\">Quelle est la port\u00e9e maximale entre les \u00e9l\u00e9ments porteurs de la sous-construction ?<\/h4><\/div><div class=\"advgb-accordion-body\" style=\"border-style:solid !important;border-width:1px !important;border-color:#EDF8F9 !important;border-top:none !important;border-radius:2px !important\">\n<p>Nos lames sont dimensionn\u00e9es pour des&nbsp;<strong>port\u00e9es jusqu\u2019\u00e0 2,05 m avec une charge de 400 kg\/m\u00b2,<\/strong>&nbsp;ce qui permet une optimisation de la sous-structure et une r\u00e9duction des co\u00fbts de mat\u00e9riaux.<\/p>\n<\/div><\/div>\n\n\n\n<div class=\"wp-block-advgb-accordion-item advgb-accordion-item\" style=\"margin-bottom:15px\"><div class=\"advgb-accordion-header\" style=\"background-color:#EDF8F9;color:#192B32;border-style:solid;border-width:1px;border-color:#EDF8F9;border-radius:2px\"><span class=\"advgb-accordion-header-icon\"><svg fill=\"#192B32\" xmlns=\"http:\/\/www.w3.org\/2000\/svg\" width=\"24\" height=\"24\" viewbox=\"0 0 24 24\"><path opacity=\"0.87\" fill=\"none\" d=\"M24,24H0L0,0l24,0V24z\"><\/path><path d=\"M16.59,8.59L12,13.17L7.41,8.59L6,10l6,6l6-6L16.59,8.59z\"><\/path><\/svg><\/span><h4 class=\"advgb-accordion-header-title\" style=\"color:inherit\">Peut-on poser les lames perpendiculairement \u00e0 l\u2019\u00e9vacuation de l\u2019eau ?<\/h4><\/div><div class=\"advgb-accordion-body\" style=\"border-style:solid !important;border-width:1px !important;border-color:#EDF8F9 !important;border-top:none !important;border-radius:2px !important\">\n<p>Oui,&nbsp;<strong>sans aucun probl\u00e8me<\/strong>. La technologie brevet\u00e9e garantit une&nbsp;<strong>\u00e9tanch\u00e9it\u00e9 durable.<\/strong>.<\/p>\n<\/div><\/div>\n\n\n\n<div class=\"wp-block-advgb-accordion-item advgb-accordion-item\" style=\"margin-bottom:15px\"><div class=\"advgb-accordion-header\" style=\"background-color:#EDF8F9;color:#192B32;border-style:solid;border-width:1px;border-color:#EDF8F9;border-radius:2px\"><span class=\"advgb-accordion-header-icon\"><svg fill=\"#192B32\" xmlns=\"http:\/\/www.w3.org\/2000\/svg\" width=\"24\" height=\"24\" viewbox=\"0 0 24 24\"><path opacity=\"0.87\" fill=\"none\" d=\"M24,24H0L0,0l24,0V24z\"><\/path><path d=\"M16.59,8.59L12,13.17L7.41,8.59L6,10l6,6l6-6L16.59,8.59z\"><\/path><\/svg><\/span><h4 class=\"advgb-accordion-header-title\" style=\"color:inherit\">Les surfaces en aluminium g\u00e9n\u00e8rent-elles un \u00e9blouissement au soleil ?<\/h4><\/div><div class=\"advgb-accordion-body\" style=\"border-style:solid !important;border-width:1px !important;border-color:#EDF8F9 !important;border-top:none !important;border-radius:2px !important\">\n<p>Non. Gr\u00e2ce&nbsp;<strong>\u00e0 un rev\u00eatement sp\u00e9cial,<\/strong>&nbsp;seule une l\u00e9g\u00e8re brillance appara\u00eet&nbsp;<strong>sans reflet g\u00eanant.<\/strong>La surface reste \u00e9galement extr\u00eamement r\u00e9sistante aux intemp\u00e9ries.<\/p>\n<\/div><\/div>\n\n\n\n<div class=\"wp-block-advgb-accordion-item advgb-accordion-item\" style=\"margin-bottom:15px\"><div class=\"advgb-accordion-header\" style=\"background-color:#EDF8F9;color:#192B32;border-style:solid;border-width:1px;border-color:#EDF8F9;border-radius:2px\"><span class=\"advgb-accordion-header-icon\"><svg fill=\"#192B32\" xmlns=\"http:\/\/www.w3.org\/2000\/svg\" width=\"24\" height=\"24\" viewbox=\"0 0 24 24\"><path opacity=\"0.87\" fill=\"none\" d=\"M24,24H0L0,0l24,0V24z\"><\/path><path d=\"M16.59,8.59L12,13.17L7.41,8.59L6,10l6,6l6-6L16.59,8.59z\"><\/path><\/svg><\/span><h4 class=\"advgb-accordion-header-title\" style=\"color:inherit\">Quelle doit \u00eatre la largeur des surfaces d\u2019appui pour une port\u00e9e d\u2019environ 2,05 m ?<\/h4><\/div><div class=\"advgb-accordion-body\" style=\"border-style:solid !important;border-width:1px !important;border-color:#EDF8F9 !important;border-top:none !important;border-radius:2px !important\">\n<p>Les&nbsp;<strong>appuis doivent<\/strong>&nbsp;mesurer au minimum&nbsp;<strong>30 mm de largeur<\/strong>&nbsp;de chaque c\u00f4t\u00e9.<\/p>\n<\/div><\/div>\n\n\n\n<div class=\"wp-block-advgb-accordion-item advgb-accordion-item\" style=\"margin-bottom:15px\"><div class=\"advgb-accordion-header\" style=\"background-color:#EDF8F9;color:#192B32;border-style:solid;border-width:1px;border-color:#EDF8F9;border-radius:2px\"><span class=\"advgb-accordion-header-icon\"><svg fill=\"#192B32\" xmlns=\"http:\/\/www.w3.org\/2000\/svg\" width=\"24\" height=\"24\" viewbox=\"0 0 24 24\"><path opacity=\"0.87\" fill=\"none\" d=\"M24,24H0L0,0l24,0V24z\"><\/path><path d=\"M16.59,8.59L12,13.17L7.41,8.59L6,10l6,6l6-6L16.59,8.59z\"><\/path><\/svg><\/span><h4 class=\"advgb-accordion-header-title\" style=\"color:inherit\">Quelle est la longueur maximale d\u2019un porte-\u00e0-faux avec une port\u00e9e de 1,80 m ?<\/h4><\/div><div class=\"advgb-accordion-body\" style=\"border-style:solid !important;border-width:1px !important;border-color:#EDF8F9 !important;border-top:none !important;border-radius:2px !important\">\n<p>Un&nbsp;<strong>porte-\u00e0-faux libre jusqu\u2019\u00e0 environ 0,9 m<\/strong>&nbsp;est possible \u2013 sans perte de stabilit\u00e9.<\/p>\n<\/div><\/div>\n\n\n\n<div class=\"wp-block-advgb-accordion-item advgb-accordion-item\" style=\"margin-bottom:15px\"><div class=\"advgb-accordion-header\" style=\"background-color:#EDF8F9;color:#192B32;border-style:solid;border-width:1px;border-color:#EDF8F9;border-radius:2px\"><span class=\"advgb-accordion-header-icon\"><svg fill=\"#192B32\" xmlns=\"http:\/\/www.w3.org\/2000\/svg\" width=\"24\" height=\"24\" viewbox=\"0 0 24 24\"><path opacity=\"0.87\" fill=\"none\" d=\"M24,24H0L0,0l24,0V24z\"><\/path><path d=\"M16.59,8.59L12,13.17L7.41,8.59L6,10l6,6l6-6L16.59,8.59z\"><\/path><\/svg><\/span><h4 class=\"advgb-accordion-header-title\" style=\"color:inherit\">Les lames deviennent-elles tr\u00e8s chaudes au soleil ?<\/h4><\/div><div class=\"advgb-accordion-body\" style=\"border-style:solid !important;border-width:1px !important;border-color:#EDF8F9 !important;border-top:none !important;border-radius:2px !important\">\n<p>Nos lames en aluminium chauffent de&nbsp;<strong>mani\u00e8re comparable au bois, WPC<\/strong>ou carrelage \u2013 mais pas davantage. Gr\u00e2ce \u00e0 leur excellente conductivit\u00e9 thermique, elles se refroidissent rapidement&nbsp;<strong>d\u00e8s qu\u2019un ombrage est cr\u00e9\u00e9<\/strong>&nbsp;(par ex. store ou parasol). Nos clients appr\u00e9cient particuli\u00e8rement ce confort.<\/p>\n<\/div><\/div>\n\n\n\n<div class=\"wp-block-advgb-accordion-item advgb-accordion-item\" style=\"margin-bottom:15px\"><div class=\"advgb-accordion-header\" style=\"background-color:#EDF8F9;color:#192B32;border-style:solid;border-width:1px;border-color:#EDF8F9;border-radius:2px\"><span class=\"advgb-accordion-header-icon\"><svg fill=\"#192B32\" xmlns=\"http:\/\/www.w3.org\/2000\/svg\" width=\"24\" height=\"24\" viewbox=\"0 0 24 24\"><path opacity=\"0.87\" fill=\"none\" d=\"M24,24H0L0,0l24,0V24z\"><\/path><path d=\"M16.59,8.59L12,13.17L7.41,8.59L6,10l6,6l6-6L16.59,8.59z\"><\/path><\/svg><\/span><h4 class=\"advgb-accordion-header-title\" style=\"color:inherit\">Peut-on commander les lames et accessoires Allwetter en ligne ?<\/h4><\/div><div class=\"advgb-accordion-body\" style=\"border-style:solid !important;border-width:1px !important;border-color:#EDF8F9 !important;border-top:none !important;border-radius:2px !important\">\n<p>Oui, via notre configurateur. Outre les lames Allwetter, nous proposons tous&nbsp;<strong>les accessoires de pose ainsi qu\u2019un accompagnement personnalis\u00e9 avec offre sur<\/strong>&nbsp;mesure.<\/p>\n<\/div><\/div>\n<\/div>\n<\/div>\n\n\n\n<div class=\"wp-block-group px-3 px-md-4 px-lg-5 py-5 has-global-padding is-layout-constrained wp-block-group-is-layout-constrained\">\n<div style=\"height:100px\" aria-hidden=\"true\" class=\"wp-block-spacer spacer-100\"><\/div>\n\n\n\n<div class=\"wp-block-columns is-layout-flex wp-container-core-columns-is-layout-1 wp-block-columns-is-layout-flex\">\n<div class=\"wp-block-column is-vertically-aligned-center animated fadeInUp is-layout-flow wp-block-column-is-layout-flow\" style=\"flex-basis:40%\">\n<h2 class=\"wp-block-heading h2-before\" style=\"font-style:normal;font-weight:700\">Nous sommes \u00e0 votre disposition<\/h2>\n\n\n\n<p class=\"has-grey-color has-text-color\">N\u2019h\u00e9sitez pas \u00e0 nous appeler ou \u00e0 nous \u00e9crire \u2013 votre interlocuteur vous r\u00e9pondra dans les plus brefs d\u00e9lais.<\/p>\n\n\n\n<div class=\"wp-block-buttons is-layout-flex wp-block-buttons-is-layout-flex\">\n<div class=\"wp-block-button has-custom-font-size has-small-font-size\" style=\"font-style:normal;font-weight:500\"><a class=\"wp-block-button__link has-base-color has-primary-background-color has-text-color has-background wp-element-button\" href=\"#kontaktformular\" style=\"border-radius:10px\">Nous contacter<\/a><\/div>\n<\/div>\n<\/div>\n\n\n\n<div class=\"wp-block-column animated fadeInUp delay-200ms is-layout-flow wp-block-column-is-layout-flow\" style=\"flex-basis:60%\">\n<div class=\"wp-block-advgb-map advgb-map-block maps\" style=\"margin:10px auto\"><div class=\"advgb-map-content\" id=\"advgbmap-24005acc-012a-4ee8-a286-5848c5e24836\" style=\"height:450px\" data-default=\"https:\/\/maps.gstatic.com\/mapfiles\/api-3\/images\/spotlight-poi2.png\" data-lat=\"51.3343503\" data-lng=\"7.000896999999999\" data-zoom=\"14\" data-title=\"Spalek Alutechnik\" data-desc=\"Dieselstra\u00dfe 44, 42579 Heiligenhaus<br\/&gt;+49 2056 586170\" data-shown=\"false\" data-style=\"%5B%7B%22elementType%22%3A%22geometry%22%2C%22stylers%22%3A%5B%7B%22color%22%3A%22%23f5f5f5%22%7D%5D%7D%2C%7B%22elementType%22%3A%22labels.icon%22%2C%22stylers%22%3A%5B%7B%22visibility%22%3A%22off%22%7D%5D%7D%2C%7B%22elementType%22%3A%22labels.text.fill%22%2C%22stylers%22%3A%5B%7B%22color%22%3A%22%23616161%22%7D%5D%7D%2C%7B%22elementType%22%3A%22labels.text.stroke%22%2C%22stylers%22%3A%5B%7B%22color%22%3A%22%23f5f5f5%22%7D%5D%7D%2C%7B%22featureType%22%3A%22administrative.land_parcel%22%2C%22elementType%22%3A%22labels.text.fill%22%2C%22stylers%22%3A%5B%7B%22color%22%3A%22%23bdbdbd%22%7D%5D%7D%2C%7B%22featureType%22%3A%22poi%22%2C%22elementType%22%3A%22geometry%22%2C%22stylers%22%3A%5B%7B%22color%22%3A%22%23eeeeee%22%7D%5D%7D%2C%7B%22featureType%22%3A%22poi%22%2C%22elementType%22%3A%22labels.text.fill%22%2C%22stylers%22%3A%5B%7B%22color%22%3A%22%23757575%22%7D%5D%7D%2C%7B%22featureType%22%3A%22poi.park%22%2C%22elementType%22%3A%22geometry%22%2C%22stylers%22%3A%5B%7B%22color%22%3A%22%23e5e5e5%22%7D%5D%7D%2C%7B%22featureType%22%3A%22poi.park%22%2C%22elementType%22%3A%22labels.text.fill%22%2C%22stylers%22%3A%5B%7B%22color%22%3A%22%239e9e9e%22%7D%5D%7D%2C%7B%22featureType%22%3A%22road%22%2C%22elementType%22%3A%22geometry%22%2C%22stylers%22%3A%5B%7B%22color%22%3A%22%23ffffff%22%7D%5D%7D%2C%7B%22featureType%22%3A%22road.arterial%22%2C%22elementType%22%3A%22labels.text.fill%22%2C%22stylers%22%3A%5B%7B%22color%22%3A%22%23757575%22%7D%5D%7D%2C%7B%22featureType%22%3A%22road.highway%22%2C%22elementType%22%3A%22geometry%22%2C%22stylers%22%3A%5B%7B%22color%22%3A%22%23dadada%22%7D%5D%7D%2C%7B%22featureType%22%3A%22road.highway%22%2C%22elementType%22%3A%22labels.text.fill%22%2C%22stylers%22%3A%5B%7B%22color%22%3A%22%23616161%22%7D%5D%7D%2C%7B%22featureType%22%3A%22road.local%22%2C%22elementType%22%3A%22labels.text.fill%22%2C%22stylers%22%3A%5B%7B%22color%22%3A%22%239e9e9e%22%7D%5D%7D%2C%7B%22featureType%22%3A%22transit.line%22%2C%22elementType%22%3A%22geometry%22%2C%22stylers%22%3A%5B%7B%22color%22%3A%22%23e5e5e5%22%7D%5D%7D%2C%7B%22featureType%22%3A%22transit.station%22%2C%22elementType%22%3A%22geometry%22%2C%22stylers%22%3A%5B%7B%22color%22%3A%22%23eeeeee%22%7D%5D%7D%2C%7B%22featureType%22%3A%22water%22%2C%22elementType%22%3A%22geometry%22%2C%22stylers%22%3A%5B%7B%22color%22%3A%22%23c9c9c9%22%7D%5D%7D%2C%7B%22featureType%22%3A%22water%22%2C%22elementType%22%3A%22labels.text.fill%22%2C%22stylers%22%3A%5B%7B%22color%22%3A%22%239e9e9e%22%7D%5D%7D%5D\"><\/div><\/div>\n<\/div>\n<\/div>\n\n\n\n<div style=\"height:100px\" aria-hidden=\"true\" class=\"wp-block-spacer spacer-100\"><\/div>\n<\/div>\n<\/div><\/div>","protected":false},"excerpt":{"rendered":"","protected":false},"author":1,"featured_media":0,"parent":0,"menu_order":0,"comment_status":"closed","ping_status":"closed","template":"","meta":{"_editorskit_title_hidden":false,"_editorskit_reading_time":1,"_editorskit_is_block_options_detached":false,"_editorskit_block_options_position":"{}","inline_featured_image":false,"advgb_blocks_editor_width":"","advgb_blocks_columns_visual_guide":"","footnotes":""},"class_list":["post-783","page","type-page","status-publish","hentry"],"yoast_head":"<!-- This site is optimized with the Yoast SEO plugin v26.7 - https:\/\/yoast.com\/wordpress\/plugins\/seo\/ -->\n<title>FAQ - SPALEK ALUTECHNIK<\/title>\n<meta name=\"description\" content=\"Jetzt einfach und schnell Ihre Anfrage stellen \u00fcber unseren Konfigurator oder \u00fcber unser Kontaktformular. Wir melden uns kurzfristig bei Ihnen zur\u00fcck!\" \/>\n<meta name=\"robots\" content=\"index, follow, max-snippet:-1, max-image-preview:large, max-video-preview:-1\" \/>\n<link rel=\"canonical\" href=\"https:\/\/spalek-alutechnik.de\/fr\/faq\/\" \/>\n<meta property=\"og:locale\" content=\"fr_FR\" \/>\n<meta property=\"og:type\" content=\"article\" \/>\n<meta property=\"og:title\" content=\"FAQ - SPALEK ALUTECHNIK\" \/>\n<meta property=\"og:description\" content=\"Jetzt einfach und schnell Ihre Anfrage stellen \u00fcber unseren Konfigurator oder \u00fcber unser Kontaktformular. Wir melden uns kurzfristig bei Ihnen zur\u00fcck!\" \/>\n<meta property=\"og:url\" content=\"https:\/\/spalek-alutechnik.de\/fr\/faq\/\" \/>\n<meta property=\"og:site_name\" content=\"SPALEK ALUTECHNIK\" \/>\n<meta property=\"article:modified_time\" content=\"2025-07-03T13:30:06+00:00\" \/>\n<meta property=\"og:image\" content=\"https:\/\/spalek-alutechnik.de\/wp-content\/uploads\/2025\/07\/Spalek-Raumdesign-Header-FAQ.jpg\" \/>\n\t<meta property=\"og:image:width\" content=\"2560\" \/>\n\t<meta property=\"og:image:height\" content=\"1113\" \/>\n\t<meta property=\"og:image:type\" content=\"image\/jpeg\" \/>\n<meta name=\"twitter:card\" content=\"summary_large_image\" \/>\n<meta name=\"twitter:label1\" content=\"Dur\u00e9e de lecture estim\u00e9e\" \/>\n\t<meta name=\"twitter:data1\" content=\"2 minutes\" \/>\n<script type=\"application\/ld+json\" class=\"yoast-schema-graph\">{\"@context\":\"https:\/\/schema.org\",\"@graph\":[{\"@type\":\"WebPage\",\"@id\":\"https:\/\/spalek-alutechnik.de\/faq\/\",\"url\":\"https:\/\/spalek-alutechnik.de\/faq\/\",\"name\":\"FAQ - SPALEK ALUTECHNIK\",\"isPartOf\":{\"@id\":\"https:\/\/spalek-alutechnik.de\/#website\"},\"primaryImageOfPage\":{\"@id\":\"https:\/\/spalek-alutechnik.de\/faq\/#primaryimage\"},\"image\":{\"@id\":\"https:\/\/spalek-alutechnik.de\/faq\/#primaryimage\"},\"thumbnailUrl\":\"https:\/\/spalek-alutechnik.de\/wp-content\/uploads\/2025\/07\/Spalek-Raumdesign-Header-FAQ.jpg\",\"datePublished\":\"2025-07-03T12:06:35+00:00\",\"dateModified\":\"2025-07-03T13:30:06+00:00\",\"description\":\"Jetzt einfach und schnell Ihre Anfrage stellen \u00fcber unseren Konfigurator oder \u00fcber unser Kontaktformular. Wir melden uns kurzfristig bei Ihnen zur\u00fcck!\",\"breadcrumb\":{\"@id\":\"https:\/\/spalek-alutechnik.de\/faq\/#breadcrumb\"},\"inLanguage\":\"fr-FR\",\"potentialAction\":[{\"@type\":\"ReadAction\",\"target\":[\"https:\/\/spalek-alutechnik.de\/faq\/\"]}]},{\"@type\":\"ImageObject\",\"inLanguage\":\"fr-FR\",\"@id\":\"https:\/\/spalek-alutechnik.de\/faq\/#primaryimage\",\"url\":\"https:\/\/spalek-alutechnik.de\/wp-content\/uploads\/2025\/07\/Spalek-Raumdesign-Header-FAQ.jpg\",\"contentUrl\":\"https:\/\/spalek-alutechnik.de\/wp-content\/uploads\/2025\/07\/Spalek-Raumdesign-Header-FAQ.jpg\"},{\"@type\":\"BreadcrumbList\",\"@id\":\"https:\/\/spalek-alutechnik.de\/faq\/#breadcrumb\",\"itemListElement\":[{\"@type\":\"ListItem\",\"position\":1,\"name\":\"Startseite\",\"item\":\"https:\/\/spalek-alutechnik.de\/\"},{\"@type\":\"ListItem\",\"position\":2,\"name\":\"FAQ\"}]},{\"@type\":\"WebSite\",\"@id\":\"https:\/\/spalek-alutechnik.de\/#website\",\"url\":\"https:\/\/spalek-alutechnik.de\/\",\"name\":\"SPALEK ALUTECHNIK\",\"description\":\"Allwetterdielen f\u00fcr Terrassen und Fassaden\",\"publisher\":{\"@id\":\"https:\/\/spalek-alutechnik.de\/#organization\"},\"potentialAction\":[{\"@type\":\"SearchAction\",\"target\":{\"@type\":\"EntryPoint\",\"urlTemplate\":\"https:\/\/spalek-alutechnik.de\/?s={search_term_string}\"},\"query-input\":{\"@type\":\"PropertyValueSpecification\",\"valueRequired\":true,\"valueName\":\"search_term_string\"}}],\"inLanguage\":\"fr-FR\"},{\"@type\":\"Organization\",\"@id\":\"https:\/\/spalek-alutechnik.de\/#organization\",\"name\":\"SPALEK ALUTECHNIK\",\"url\":\"https:\/\/spalek-alutechnik.de\/\",\"logo\":{\"@type\":\"ImageObject\",\"inLanguage\":\"fr-FR\",\"@id\":\"https:\/\/spalek-alutechnik.de\/#\/schema\/logo\/image\/\",\"url\":\"https:\/\/spalek-alutechnik.de\/wp-content\/uploads\/2023\/03\/Logo-Alutechnik.svg\",\"contentUrl\":\"https:\/\/spalek-alutechnik.de\/wp-content\/uploads\/2023\/03\/Logo-Alutechnik.svg\",\"width\":246,\"height\":88,\"caption\":\"SPALEK ALUTECHNIK\"},\"image\":{\"@id\":\"https:\/\/spalek-alutechnik.de\/#\/schema\/logo\/image\/\"}}]}<\/script>\n<!-- \/ Yoast SEO plugin. -->","yoast_head_json":{"title":"FAQ - SPALEK ALUTECHNIK","description":"Jetzt einfach und schnell Ihre Anfrage stellen \u00fcber unseren Konfigurator oder \u00fcber unser Kontaktformular. Wir melden uns kurzfristig bei Ihnen zur\u00fcck!","robots":{"index":"index","follow":"follow","max-snippet":"max-snippet:-1","max-image-preview":"max-image-preview:large","max-video-preview":"max-video-preview:-1"},"canonical":"https:\/\/spalek-alutechnik.de\/fr\/faq\/","og_locale":"fr_FR","og_type":"article","og_title":"FAQ - SPALEK ALUTECHNIK","og_description":"Jetzt einfach und schnell Ihre Anfrage stellen \u00fcber unseren Konfigurator oder \u00fcber unser Kontaktformular. Wir melden uns kurzfristig bei Ihnen zur\u00fcck!","og_url":"https:\/\/spalek-alutechnik.de\/fr\/faq\/","og_site_name":"SPALEK ALUTECHNIK","article_modified_time":"2025-07-03T13:30:06+00:00","og_image":[{"width":2560,"height":1113,"url":"https:\/\/spalek-alutechnik.de\/wp-content\/uploads\/2025\/07\/Spalek-Raumdesign-Header-FAQ.jpg","type":"image\/jpeg"}],"twitter_card":"summary_large_image","twitter_misc":{"Dur\u00e9e de lecture estim\u00e9e":"2 minutes"},"schema":{"@context":"https:\/\/schema.org","@graph":[{"@type":"WebPage","@id":"https:\/\/spalek-alutechnik.de\/faq\/","url":"https:\/\/spalek-alutechnik.de\/faq\/","name":"FAQ - SPALEK ALUTECHNIK","isPartOf":{"@id":"https:\/\/spalek-alutechnik.de\/#website"},"primaryImageOfPage":{"@id":"https:\/\/spalek-alutechnik.de\/faq\/#primaryimage"},"image":{"@id":"https:\/\/spalek-alutechnik.de\/faq\/#primaryimage"},"thumbnailUrl":"https:\/\/spalek-alutechnik.de\/wp-content\/uploads\/2025\/07\/Spalek-Raumdesign-Header-FAQ.jpg","datePublished":"2025-07-03T12:06:35+00:00","dateModified":"2025-07-03T13:30:06+00:00","description":"Jetzt einfach und schnell Ihre Anfrage stellen \u00fcber unseren Konfigurator oder \u00fcber unser Kontaktformular. Wir melden uns kurzfristig bei Ihnen zur\u00fcck!","breadcrumb":{"@id":"https:\/\/spalek-alutechnik.de\/faq\/#breadcrumb"},"inLanguage":"fr-FR","potentialAction":[{"@type":"ReadAction","target":["https:\/\/spalek-alutechnik.de\/faq\/"]}]},{"@type":"ImageObject","inLanguage":"fr-FR","@id":"https:\/\/spalek-alutechnik.de\/faq\/#primaryimage","url":"https:\/\/spalek-alutechnik.de\/wp-content\/uploads\/2025\/07\/Spalek-Raumdesign-Header-FAQ.jpg","contentUrl":"https:\/\/spalek-alutechnik.de\/wp-content\/uploads\/2025\/07\/Spalek-Raumdesign-Header-FAQ.jpg"},{"@type":"BreadcrumbList","@id":"https:\/\/spalek-alutechnik.de\/faq\/#breadcrumb","itemListElement":[{"@type":"ListItem","position":1,"name":"Startseite","item":"https:\/\/spalek-alutechnik.de\/"},{"@type":"ListItem","position":2,"name":"FAQ"}]},{"@type":"WebSite","@id":"https:\/\/spalek-alutechnik.de\/#website","url":"https:\/\/spalek-alutechnik.de\/","name":"SPALEK ALUTECHNIK","description":"Allwetterdielen f\u00fcr Terrassen und Fassaden","publisher":{"@id":"https:\/\/spalek-alutechnik.de\/#organization"},"potentialAction":[{"@type":"SearchAction","target":{"@type":"EntryPoint","urlTemplate":"https:\/\/spalek-alutechnik.de\/?s={search_term_string}"},"query-input":{"@type":"PropertyValueSpecification","valueRequired":true,"valueName":"search_term_string"}}],"inLanguage":"fr-FR"},{"@type":"Organization","@id":"https:\/\/spalek-alutechnik.de\/#organization","name":"SPALEK ALUTECHNIK","url":"https:\/\/spalek-alutechnik.de\/","logo":{"@type":"ImageObject","inLanguage":"fr-FR","@id":"https:\/\/spalek-alutechnik.de\/#\/schema\/logo\/image\/","url":"https:\/\/spalek-alutechnik.de\/wp-content\/uploads\/2023\/03\/Logo-Alutechnik.svg","contentUrl":"https:\/\/spalek-alutechnik.de\/wp-content\/uploads\/2023\/03\/Logo-Alutechnik.svg","width":246,"height":88,"caption":"SPALEK ALUTECHNIK"},"image":{"@id":"https:\/\/spalek-alutechnik.de\/#\/schema\/logo\/image\/"}}]}},"coauthors":[],"author_meta":{"author_link":"https:\/\/spalek-alutechnik.de\/fr\/author\/mhorn\/","display_name":"MHorn"},"relative_dates":{"created":"Publi\u00e9 10 mois il y a","modified":"Mis \u00e0 jour 10 mois il y a"},"absolute_dates":{"created":"Publi\u00e9 le 3. juillet 2025","modified":"Mise \u00e0 jour le 3. juillet 2025"},"absolute_dates_time":{"created":"Publi\u00e9 le 3. juillet 2025 14:06","modified":"Mise \u00e0 jour le 3. juillet 2025 15:30"},"featured_img_caption":"","featured_img":false,"series_order":"","_links":{"self":[{"href":"https:\/\/spalek-alutechnik.de\/fr\/wp-json\/wp\/v2\/pages\/783","targetHints":{"allow":["GET"]}}],"collection":[{"href":"https:\/\/spalek-alutechnik.de\/fr\/wp-json\/wp\/v2\/pages"}],"about":[{"href":"https:\/\/spalek-alutechnik.de\/fr\/wp-json\/wp\/v2\/types\/page"}],"author":[{"embeddable":true,"href":"https:\/\/spalek-alutechnik.de\/fr\/wp-json\/wp\/v2\/users\/1"}],"replies":[{"embeddable":true,"href":"https:\/\/spalek-alutechnik.de\/fr\/wp-json\/wp\/v2\/comments?post=783"}],"version-history":[{"count":9,"href":"https:\/\/spalek-alutechnik.de\/fr\/wp-json\/wp\/v2\/pages\/783\/revisions"}],"predecessor-version":[{"id":803,"href":"https:\/\/spalek-alutechnik.de\/fr\/wp-json\/wp\/v2\/pages\/783\/revisions\/803"}],"wp:attachment":[{"href":"https:\/\/spalek-alutechnik.de\/fr\/wp-json\/wp\/v2\/media?parent=783"}],"curies":[{"name":"wp","href":"https:\/\/api.w.org\/{rel}","templated":true}]}}