{"id":764,"date":"2025-07-03T12:26:50","date_gmt":"2025-07-03T10:26:50","guid":{"rendered":"https:\/\/spalek-alutechnik.de\/?page_id=764"},"modified":"2025-07-21T07:53:02","modified_gmt":"2025-07-21T05:53:02","slug":"startseite-vev","status":"publish","type":"page","link":"https:\/\/spalek-alutechnik.de\/fr\/","title":{"rendered":"Spalek Alutechnik"},"content":{"rendered":"<div class=\"wp-block-cover alignfull is-light header-cover px-3 px-md-4 px-lg-5\" style=\"min-height:80vh;aspect-ratio:unset;\"><span aria-hidden=\"true\" class=\"wp-block-cover__background has-background-dim-0 has-background-dim\" style=\"background-color:#e8e8e8\"><\/span><img loading=\"lazy\" decoding=\"async\" width=\"2560\" height=\"1280\" class=\"wp-block-cover__image-background wp-image-813\" alt=\"Ein modernes Architektenhaus mit hochwertigen Alutechnik Allwetterdielen im Vordergrund.\" src=\"https:\/\/spalek-alutechnik.de\/wp-content\/uploads\/2025\/07\/AdobeStock_1284463679-RET.jpg\" style=\"object-position:50% 0%\" data-object-fit=\"cover\" data-object-position=\"50% 0%\" srcset=\"https:\/\/spalek-alutechnik.de\/wp-content\/uploads\/2025\/07\/AdobeStock_1284463679-RET.jpg 2560w, https:\/\/spalek-alutechnik.de\/wp-content\/uploads\/2025\/07\/AdobeStock_1284463679-RET-300x150.jpg 300w, https:\/\/spalek-alutechnik.de\/wp-content\/uploads\/2025\/07\/AdobeStock_1284463679-RET-1024x512.jpg 1024w, https:\/\/spalek-alutechnik.de\/wp-content\/uploads\/2025\/07\/AdobeStock_1284463679-RET-768x384.jpg 768w, https:\/\/spalek-alutechnik.de\/wp-content\/uploads\/2025\/07\/AdobeStock_1284463679-RET-1536x768.jpg 1536w, https:\/\/spalek-alutechnik.de\/wp-content\/uploads\/2025\/07\/AdobeStock_1284463679-RET-2048x1024.jpg 2048w, https:\/\/spalek-alutechnik.de\/wp-content\/uploads\/2025\/07\/AdobeStock_1284463679-RET-18x9.jpg 18w\" sizes=\"auto, (max-width: 2560px) 100vw, 2560px\" \/><div class=\"wp-block-cover__inner-container is-layout-flow wp-block-cover-is-layout-flow\">\n<figure class=\"wp-block-image alignright size-full is-resized header-after\"><img loading=\"lazy\" decoding=\"async\" width=\"512\" height=\"1024\" src=\"https:\/\/spalek-alutechnik.de\/wp-content\/uploads\/2024\/07\/header-after-512x1024-1.png\" alt=\"\" class=\"wp-image-550\" style=\"width:250px\" srcset=\"https:\/\/spalek-alutechnik.de\/wp-content\/uploads\/2024\/07\/header-after-512x1024-1.png 512w, https:\/\/spalek-alutechnik.de\/wp-content\/uploads\/2024\/07\/header-after-512x1024-1-150x300.png 150w\" sizes=\"auto, (max-width: 512px) 100vw, 512px\" \/><\/figure>\n\n\n\n<figure class=\"wp-block-image size-large is-resized alu-stoerer\"><a href=\"#Musterkoffer\"><img decoding=\"async\" src=\"https:\/\/spalek-alutechnik.de\/wp-content\/uploads\/2025\/04\/SPA_Stoerer-Musterkoffer.svg\" alt=\"\" class=\"wp-image-745\" style=\"width:200px\"\/><\/a><\/figure>\n\n\n\n<div class=\"wp-block-group cover-heading animated fadeInLeft has-global-padding is-layout-constrained wp-container-core-group-is-layout-1 wp-block-group-is-layout-constrained\">\n<h1 class=\"wp-block-heading has-text-align-center has-base-color has-primary-background-color has-text-color has-background\" style=\"font-style:italic;font-weight:500\">Lames en aluminium pour terrasses et balcons<\/h1>\n<\/div>\n<\/div><\/div>\n\n\n\n<div class=\"wp-block-group alignfull py-5 px-3 px-md-4 px-lg-5 mt-0 has-primary-10-background-color has-background has-global-padding is-content-justification-center is-layout-constrained wp-container-core-group-is-layout-3 wp-block-group-is-layout-constrained\" id=\"intro\">\n<div class=\"wp-block-group py-5 has-global-padding is-content-justification-left is-layout-constrained wp-container-core-group-is-layout-2 wp-block-group-is-layout-constrained\"><h2 style=\"font-size:clamp(14px, 0.875rem + ((1vw - 3.2px) * 0.156), 16px);\" class=\"breadcrump wp-block-post-title has-text-color has-primary-color\"><a href=\"https:\/\/spalek-alutechnik.de\/fr\/\" target=\"_self\" >Spalek Alutechnik<\/a><\/h2>\n\n\n<h2 class=\"wp-block-heading animated fadeInUp\" style=\"font-style:normal;font-weight:500\"><strong>La solution durable et esth\u00e9tique pour vos terrasses et balcons : les lames tout temps\u202f!<\/strong><\/h2>\n\n\n\n<p class=\"animated fadeInUp has-grey-color has-text-color\">Les sols ext\u00e9rieurs sont expos\u00e9s aux intemp\u00e9ries et peuvent rapidement para\u00eetre n\u00e9glig\u00e9s. Nos lames en aluminium offrent une solution esth\u00e9tique et durable pour votre balcon ou votre terrasse \u2013 sans entretien. D\u00e9couvrez des possibilit\u00e9s uniques et durables pour r\u00e9am\u00e9nager vos espaces ext\u00e9rieurs : \u00e9tanches, antid\u00e9rapantes et \u00e9l\u00e9gantes. Un investissement qui vous apportera satisfaction pendant de longues ann\u00e9es ! N'h\u00e9sitez pas \u00e0 nous contacter \u2013 nous serons ravis de vous r\u00e9pondre. <strong>N'h\u00e9sitez pas \u00e0 nous contacter !<\/strong><\/p>\n<\/div>\n<\/div>\n\n\n\n<div class=\"wp-block-group alignfull py-5 px-3 px-md-4 px-lg-5 my-3 my-md-4 my-lg-5 has-global-padding is-content-justification-center is-layout-constrained wp-container-core-group-is-layout-5 wp-block-group-is-layout-constrained\" id=\"Alludielen-Video\" style=\"padding-top:var(--wp--preset--spacing--50);padding-bottom:var(--wp--preset--spacing--50)\">\n<div class=\"wp-block-columns is-layout-flex wp-container-core-columns-is-layout-1 wp-block-columns-is-layout-flex\">\n<div class=\"wp-block-column is-layout-flow wp-block-column-is-layout-flow\">\n<figure class=\"wp-block-video animated fadeInUp fast\"><video controls poster=\"https:\/\/spalek-alutechnik.de\/wp-content\/uploads\/2024\/01\/Aludielen.jpg\" src=\"https:\/\/spalek-alutechnik.de\/wp-content\/uploads\/2024\/01\/spalek_aludielen_montage-720p.mp4\"><\/video><\/figure>\n<\/div>\n\n\n\n<div class=\"wp-block-column is-layout-flow wp-block-column-is-layout-flow\">\n<div class=\"wp-block-group py-5 has-global-padding is-content-justification-left is-layout-constrained wp-container-core-group-is-layout-4 wp-block-group-is-layout-constrained\">\n<p class=\"breadcrump animated fadeInUp has-primary-color has-text-color\" style=\"font-size:clamp(14px, 0.875rem + ((1vw - 3.2px) * 0.156), 16px);font-style:normal;font-weight:500\">Vid\u00e9o du produit<\/p>\n\n\n\n<h2 class=\"wp-block-heading animated fadeInUp\" style=\"font-style:normal;font-weight:500\">D\u00e9couvrez les multiples possibilit\u00e9s de nos lames tout temps dans cette vid\u00e9o<\/h2>\n<\/div>\n<\/div>\n<\/div>\n<\/div>\n\n\n\n<div class=\"wp-block-group alignfull py-5 px-3 px-md-4 px-lg-5 my-3 my-md-4 my-lg-5 has-primary-10-background-color has-background has-global-padding is-content-justification-center is-layout-constrained wp-container-core-group-is-layout-7 wp-block-group-is-layout-constrained\" style=\"padding-top:var(--wp--preset--spacing--60);padding-bottom:var(--wp--preset--spacing--60)\">\n<div class=\"wp-block-columns is-layout-flex wp-container-core-columns-is-layout-2 wp-block-columns-is-layout-flex\">\n<div class=\"wp-block-column is-layout-flow wp-block-column-is-layout-flow\" style=\"flex-basis:75%\">\n<div class=\"wp-block-group py-5 has-global-padding is-content-justification-left is-layout-constrained wp-container-core-group-is-layout-6 wp-block-group-is-layout-constrained\">\n<p class=\"breadcrump animated fadeInUp has-primary-color has-text-color\" style=\"font-size:clamp(14px, 0.875rem + ((1vw - 3.2px) * 0.156), 16px);font-style:normal;font-weight:500\">Stilpunkte prix<\/p>\n\n\n\n<h2 class=\"wp-block-heading animated fadeInUp\" style=\"font-style:normal;font-weight:500\">Une qualit\u00e9 reconnue<\/h2>\n\n\n\n<p class=\"animated fadeInUp fast has-grey-color has-text-color has-link-color wp-elements-3f72018cab776b3b9a50bd06914203bc\">Nous faisons partie des marques premium leaders en Allemagne lorsqu\u2019il s\u2019agit de solutions haut de gamme pour la r\u00e9novation et la construction neuve.&nbsp;<a aria-label=\" (opens in a new tab)\" class=\"ek-link\" href=\"https:\/\/stilpunkte.de\" target=\"_blank\" rel=\"noreferrer noopener\"><span><\/span><\/a>C\u2019est pourquoi vous nous trouverez en tant que partenaire r\u00e9f\u00e9renc\u00e9 sur  <a href=\"https:\/\/stilpunkte.de\">Stilpunkte.de<\/a>, r\u00e9unit les meilleures adresses dans toute l\u2019Allemagne et recommande \u00e0 ses clients en qu\u00eate de produits exclusifs plus de 32\u202f000 marques propos\u00e9es par plus de 30\u202f000 partenaires.<\/p>\n<\/div>\n<\/div>\n\n\n\n<div class=\"wp-block-column is-layout-flow wp-block-column-is-layout-flow\">\n<figure class=\"wp-block-image size-full animated fadeInUp fast\"><img loading=\"lazy\" decoding=\"async\" width=\"800\" height=\"800\" src=\"https:\/\/spalek-alutechnik.de\/wp-content\/uploads\/2024\/08\/STILPUNKTE-Auszeichnung.jpg\" alt=\"\" class=\"wp-image-648\" style=\"object-fit:cover\" srcset=\"https:\/\/spalek-alutechnik.de\/wp-content\/uploads\/2024\/08\/STILPUNKTE-Auszeichnung.jpg 800w, https:\/\/spalek-alutechnik.de\/wp-content\/uploads\/2024\/08\/STILPUNKTE-Auszeichnung-300x300.jpg 300w, https:\/\/spalek-alutechnik.de\/wp-content\/uploads\/2024\/08\/STILPUNKTE-Auszeichnung-150x150.jpg 150w, https:\/\/spalek-alutechnik.de\/wp-content\/uploads\/2024\/08\/STILPUNKTE-Auszeichnung-768x768.jpg 768w\" sizes=\"auto, (max-width: 800px) 100vw, 800px\" \/><\/figure>\n<\/div>\n<\/div>\n<\/div>\n\n\n\n<div class=\"wp-block-cover alignfull is-light\"><span aria-hidden=\"true\" class=\"wp-block-cover__background has-background-dim-0 has-background-dim\"><\/span><img loading=\"lazy\" decoding=\"async\" width=\"1920\" height=\"1175\" class=\"wp-block-cover__image-background wp-image-67\" alt=\"\" src=\"https:\/\/spalek-alutechnik.de\/wp-content\/uploads\/2023\/03\/BG-Shape.svg\" data-object-fit=\"cover\"\/><div class=\"wp-block-cover__inner-container is-layout-flow wp-block-cover-is-layout-flow\">\n<div class=\"wp-block-group has-global-padding is-layout-constrained wp-container-core-group-is-layout-8 wp-block-group-is-layout-constrained\">\n<div style=\"height:100px\" aria-hidden=\"true\" class=\"wp-block-spacer spacer-100\"><\/div>\n\n\n\n<div class=\"wp-block-columns is-layout-flex wp-container-core-columns-is-layout-3 wp-block-columns-is-layout-flex\">\n<div class=\"wp-block-column is-layout-flow wp-block-column-is-layout-flow\">\n<div style=\"height:150px\" aria-hidden=\"true\" class=\"wp-block-spacer spacer-150\"><\/div>\n\n\n\n<p class=\"breadcrump animated fadeInUp has-primary-color has-text-color\" style=\"font-size:clamp(14px, 0.875rem + ((1vw - 3.2px) * 0.156), 16px);font-style:normal;font-weight:500\">Diff\u00e9rents exemples d'application<\/p>\n\n\n\n<h2 class=\"wp-block-heading animated fadeInUp\"><strong>Lames tout temps en aluminium : durables, polyvalentes, large choix de d\u00e9cors, syst\u00e8me professionnel<\/strong><\/h2>\n\n\n\n<figure class=\"wp-block-image size-large animated fadeInUp\"><img loading=\"lazy\" decoding=\"async\" width=\"1024\" height=\"862\" src=\"https:\/\/spalek-alutechnik.de\/wp-content\/uploads\/2023\/03\/Differenzmenge-20-1024x862.jpg\" alt=\"Ein moderner Balkon mit Glasgel\u00e4nder, der auf einen dichten, gr\u00fcnen Wald blickt.\" class=\"wp-image-71\" srcset=\"https:\/\/spalek-alutechnik.de\/wp-content\/uploads\/2023\/03\/Differenzmenge-20-1024x862.jpg 1024w, https:\/\/spalek-alutechnik.de\/wp-content\/uploads\/2023\/03\/Differenzmenge-20-300x253.jpg 300w, https:\/\/spalek-alutechnik.de\/wp-content\/uploads\/2023\/03\/Differenzmenge-20-768x646.jpg 768w, https:\/\/spalek-alutechnik.de\/wp-content\/uploads\/2023\/03\/Differenzmenge-20.jpg 1339w\" sizes=\"auto, (max-width: 1024px) 100vw, 1024px\" \/><\/figure>\n\n\n\n<figure class=\"wp-block-image size-large animated fadeInUp\"><img loading=\"lazy\" decoding=\"async\" width=\"1024\" height=\"871\" src=\"https:\/\/spalek-alutechnik.de\/wp-content\/uploads\/2023\/03\/Differenzmenge-21-1024x871.jpg\" alt=\"Eine gro\u00dfe, gr\u00fcne Rasenfl\u00e4che mit Blumenbeeten an den Seiten f\u00fchrt zu einem kleinen Holzhaus im Hintergrund, umgeben von B\u00e4umen, mit einem Deck aus Aludielen in Holzoptik im Vordergrund.\" class=\"wp-image-72\" srcset=\"https:\/\/spalek-alutechnik.de\/wp-content\/uploads\/2023\/03\/Differenzmenge-21-1024x871.jpg 1024w, https:\/\/spalek-alutechnik.de\/wp-content\/uploads\/2023\/03\/Differenzmenge-21-300x255.jpg 300w, https:\/\/spalek-alutechnik.de\/wp-content\/uploads\/2023\/03\/Differenzmenge-21-768x653.jpg 768w, https:\/\/spalek-alutechnik.de\/wp-content\/uploads\/2023\/03\/Differenzmenge-21.jpg 1340w\" sizes=\"auto, (max-width: 1024px) 100vw, 1024px\" \/><\/figure>\n<\/div>\n\n\n\n<div class=\"wp-block-column is-layout-flow wp-block-column-is-layout-flow\">\n<figure class=\"wp-block-image size-large animated fadeInUp\"><img loading=\"lazy\" decoding=\"async\" width=\"1024\" height=\"696\" src=\"https:\/\/spalek-alutechnik.de\/wp-content\/uploads\/2023\/03\/Gruppe-1702-1024x696.jpg\" alt=\"Ein Garten mit einer Terrasse aus grauen Aludielen, auf der ein Holzstuhl neben mehreren Blument\u00f6pfen steht, umgeben von gr\u00fcnen Pflanzen und einem Rasen im Hintergrund.\" class=\"wp-image-73\" srcset=\"https:\/\/spalek-alutechnik.de\/wp-content\/uploads\/2023\/03\/Gruppe-1702-1024x696.jpg 1024w, https:\/\/spalek-alutechnik.de\/wp-content\/uploads\/2023\/03\/Gruppe-1702-300x204.jpg 300w, https:\/\/spalek-alutechnik.de\/wp-content\/uploads\/2023\/03\/Gruppe-1702-768x522.jpg 768w, https:\/\/spalek-alutechnik.de\/wp-content\/uploads\/2023\/03\/Gruppe-1702.jpg 1338w\" sizes=\"auto, (max-width: 1024px) 100vw, 1024px\" \/><\/figure>\n\n\n\n<figure class=\"wp-block-image size-large animated fadeInUp\"><img loading=\"lazy\" decoding=\"async\" width=\"1024\" height=\"851\" src=\"https:\/\/spalek-alutechnik.de\/wp-content\/uploads\/2023\/03\/Differenzmenge-16-1024x851.jpg\" alt=\"Ein leerer Balkon mit grauen Aludielen und einem Gittergel\u00e4nder, im Hintergrund sind gr\u00fcne H\u00fcgel und Wolken am Himmel zu sehen.\" class=\"wp-image-70\" srcset=\"https:\/\/spalek-alutechnik.de\/wp-content\/uploads\/2023\/03\/Differenzmenge-16-1024x851.jpg 1024w, https:\/\/spalek-alutechnik.de\/wp-content\/uploads\/2023\/03\/Differenzmenge-16-300x249.jpg 300w, https:\/\/spalek-alutechnik.de\/wp-content\/uploads\/2023\/03\/Differenzmenge-16-768x639.jpg 768w, https:\/\/spalek-alutechnik.de\/wp-content\/uploads\/2023\/03\/Differenzmenge-16.jpg 1341w\" sizes=\"auto, (max-width: 1024px) 100vw, 1024px\" \/><\/figure>\n\n\n\n<p class=\"pt-4 animated fadeInUp has-grey-color has-text-color\">Que ce soit pour une construction neuve ou une r\u00e9novation : nos lames en aluminium pr\u00e9sentent des avantages \u00e9vidents par rapport au plastique, au bois ou au carrelage. Elles sont non seulement totalement \u00e9tanches et r\u00e9sistantes aux intemp\u00e9ries, mais offrent \u00e9galement une surface antid\u00e9rapante et s\u00e9curis\u00e9e.<\/p>\n\n\n\n<p class=\"animated fadeInUp has-grey-color has-text-color\">Nos lames sont disponibles dans de nombreuses couleurs et finitions. Cela vous permet de trouver facilement le design adapt\u00e9 \u00e0 chaque projet et \u00e0 chaque application. De plus, leur pose est simple : gr\u00e2ce \u00e0 un syst\u00e8me de clipsage s\u00fbr et intuitif, des solutions professionnelles peuvent \u00eatre mises en \u0153uvre sans grand effort.<\/p>\n\n\n\n<div class=\"wp-block-buttons is-layout-flex wp-block-buttons-is-layout-flex\">\n<div class=\"wp-block-button has-custom-font-size has-small-font-size\"><a class=\"wp-block-button__link has-base-color has-primary-background-color has-text-color has-background wp-element-button\" href=\"https:\/\/spalek-alutechnik.de\/fr\/system-anwendung\/\" style=\"border-radius:10px\">D\u00e9couvrir les usages<\/a><\/div>\n<\/div>\n<\/div>\n<\/div>\n\n\n\n<div style=\"height:100px\" aria-hidden=\"true\" class=\"wp-block-spacer spacer-100\"><\/div>\n<\/div>\n<\/div><\/div>\n\n\n\n<div class=\"wp-block-group alignfull px-3 px-md-4 px-lg-5 my-3 my-md-4 my-lg-5 has-primary-10-background-color has-background has-global-padding is-content-justification-center is-layout-constrained wp-container-core-group-is-layout-10 wp-block-group-is-layout-constrained\" id=\"Allwetter-Dielen\" style=\"padding-top:var(--wp--preset--spacing--50);padding-bottom:var(--wp--preset--spacing--50)\">\n<div class=\"wp-block-columns is-layout-flex wp-container-core-columns-is-layout-4 wp-block-columns-is-layout-flex\">\n<div class=\"wp-block-column is-layout-flow wp-block-column-is-layout-flow\" style=\"padding-top:var(--wp--preset--spacing--50);padding-bottom:var(--wp--preset--spacing--50);flex-basis:66.66%\">\n<div class=\"wp-block-group py-5 has-global-padding is-content-justification-right is-layout-constrained wp-container-core-group-is-layout-9 wp-block-group-is-layout-constrained\">\n<p class=\"breadcrump animated fadeInUp has-primary-color has-text-color\" style=\"font-size:clamp(14px, 0.875rem + ((1vw - 3.2px) * 0.156), 16px);font-style:normal;font-weight:500\">Recommandations et informations<\/p>\n\n\n\n<h2 class=\"wp-block-heading animated fadeInUp\" style=\"font-style:normal;font-weight:500\"><br><strong>Comment les lames tout temps Spalek r\u00e9agissent-elles \u00e0 l\u2019exposition directe \nau soleil?<\/strong><\/h2>\n\n\n\n<p class=\"has-grey-color has-text-color has-link-color wp-elements-83d95a4e502d9e743285606466b0e3d9\">Nos lames en aluminium atteignent, en cas d\u2019ensoleillement direct, une temp\u00e9rature de surface comparable \u00e0 celle des rev\u00eatements en bois, en WPC ou en gr\u00e8s c\u00e9rame \u2013 elles ne deviennent donc pas plus chaudes que les mat\u00e9riaux de terrasse classiques. Cette \u00e9valuation repose sur notre exp\u00e9rience pratique ainsi que sur de nombreux retours de clients.<\/p>\n\n\n\n<p>La grande diff\u00e9rence r\u00e9side dans le comportement au refroidissement : <strong>l\u2019aluminium dissipe la chaleur nettement plus rapidement que les mat\u00e9riaux qui ont tendance \u00e0 la stocker.<\/strong> Lorsqu\u2019une zone est ombrag\u00e9e par exemple par un parasol ou un b\u00e2timent, la temp\u00e9rature de surface baisse sensiblement en peu de temps.<\/p>\n\n\n\n<p>Cela s\u2019explique par l\u2019excellente conductivit\u00e9 thermique de l\u2019aluminium \u2013 contrairement au bois, au WPC ou \u00e0 la pierre, qui retiennent la chaleur et restent chauds plus longtemps.<\/p>\n\n\n\n<p>Un autre facteur d\u00e9terminant est la couleur :&nbsp;<strong>les surfaces de lames claires s\u2019\u00e9chauffent nettement moins au soleil que les teintes fonc\u00e9es.<\/strong>C\u2019est pourquoi nous recommandons \u2013 selon l\u2019usage et l\u2019orientation de la terrasse \u2013 un choix de coloris adapt\u00e9 pour un confort optimal \u00e0 la marche pieds nus.<\/p>\n\n\n\n<p class=\"has-grey-color has-text-color has-link-color wp-elements-cd70d78e28a45ae15bbfbbeb1e74c4aa\">Avec les lames tout temps Spalek, vous optez pour un syst\u00e8me de terrasse durable, facile \u00e0 entretenir et bien con\u00e7u \u2013 qui reste agr\u00e9able m\u00eame sous la chaleur estivale.<\/p>\n<\/div>\n<\/div>\n\n\n\n<div class=\"wp-block-column is-layout-flow wp-block-column-is-layout-flow\" style=\"flex-basis:33.33%\">\n<div class=\"wp-block-cover is-light\" style=\"min-height:100%;aspect-ratio:unset;\"><span aria-hidden=\"true\" class=\"wp-block-cover__background has-background-dim-0 has-background-dim\" style=\"background-color:#a5aff5\"><\/span><img loading=\"lazy\" decoding=\"async\" width=\"2560\" height=\"952\" class=\"wp-block-cover__image-background wp-image-809\" alt=\"\" src=\"https:\/\/spalek-alutechnik.de\/wp-content\/uploads\/2025\/07\/shutterstock_1995663143-scaled.jpg\" style=\"object-position:58% 53%\" data-object-fit=\"cover\" data-object-position=\"58% 53%\" srcset=\"https:\/\/spalek-alutechnik.de\/wp-content\/uploads\/2025\/07\/shutterstock_1995663143-scaled.jpg 2560w, https:\/\/spalek-alutechnik.de\/wp-content\/uploads\/2025\/07\/shutterstock_1995663143-300x112.jpg 300w, https:\/\/spalek-alutechnik.de\/wp-content\/uploads\/2025\/07\/shutterstock_1995663143-1024x381.jpg 1024w, https:\/\/spalek-alutechnik.de\/wp-content\/uploads\/2025\/07\/shutterstock_1995663143-768x286.jpg 768w, https:\/\/spalek-alutechnik.de\/wp-content\/uploads\/2025\/07\/shutterstock_1995663143-1536x571.jpg 1536w, https:\/\/spalek-alutechnik.de\/wp-content\/uploads\/2025\/07\/shutterstock_1995663143-2048x762.jpg 2048w, https:\/\/spalek-alutechnik.de\/wp-content\/uploads\/2025\/07\/shutterstock_1995663143-18x7.jpg 18w\" sizes=\"auto, (max-width: 2560px) 100vw, 2560px\" \/><div class=\"wp-block-cover__inner-container is-layout-flow wp-block-cover-is-layout-flow\">\n<p class=\"has-text-align-center has-large-font-size\"><\/p>\n<\/div><\/div>\n<\/div>\n<\/div>\n<\/div>\n\n\n\n<div class=\"wp-block-group alignfull px-3 px-md-4 px-lg-5 has-base-background-color has-background has-global-padding is-layout-constrained wp-container-core-group-is-layout-22 wp-block-group-is-layout-constrained\">\n<div class=\"wp-block-group py-5 has-global-padding is-layout-constrained wp-block-group-is-layout-constrained\">\n<div class=\"wp-block-columns py-5 vorteile-columns is-layout-flex wp-container-core-columns-is-layout-5 wp-block-columns-is-layout-flex\">\n<div class=\"wp-block-column is-layout-flow wp-block-column-is-layout-flow\" style=\"flex-basis:25%\">\n<h2 class=\"wp-block-heading h2-before animated fadeInUp\" style=\"font-style:normal;font-weight:700\">Vos avantages<br>en un coup d'\u0153il<\/h2>\n\n\n\n<p>Qu\u2019il s\u2019agisse de soleil, de pluie ou de neige : les lames en aluminium r\u00e9sistent \u00e0 toutes les conditions climatiques et restent aussi belles qu\u2019au premier jour !<\/p>\n<\/div>\n\n\n\n<div class=\"wp-block-column is-layout-flow wp-block-column-is-layout-flow\" style=\"flex-basis:75%\">\n<div class=\"wp-block-group benefits-columns animated fadeInUp delay-200ms has-grey-color has-text-color is-horizontal is-content-justification-space-between is-layout-flex wp-container-core-group-is-layout-20 wp-block-group-is-layout-flex\">\n<div class=\"wp-block-group benefits-group has-global-padding is-layout-constrained wp-block-group-is-layout-constrained\">\n<figure class=\"wp-block-image aligncenter size-large\"><img loading=\"lazy\" decoding=\"async\" width=\"87\" height=\"87\" src=\"https:\/\/spalek-alutechnik.de\/wp-content\/uploads\/2023\/03\/Gruppe-1564.svg\" alt=\"\" class=\"wp-image-78\"\/><\/figure>\n\n\n\n<p class=\"has-text-align-center\">R\u00e9sistantes et sans entretien<br>exceptionnelles<\/p>\n<\/div>\n\n\n\n<div class=\"wp-block-group benefits-group has-global-padding is-layout-constrained wp-block-group-is-layout-constrained\">\n<figure class=\"wp-block-image aligncenter size-large\"><img loading=\"lazy\" decoding=\"async\" width=\"87\" height=\"87\" src=\"https:\/\/spalek-alutechnik.de\/wp-content\/uploads\/2023\/03\/Gruppe-1591.svg\" alt=\"\" class=\"wp-image-79\"\/><\/figure>\n\n\n\n<p class=\"has-text-align-center\">Durables et<br>\u00e9cologiques<\/p>\n<\/div>\n\n\n\n<div class=\"wp-block-group benefits-group has-global-padding is-layout-constrained wp-block-group-is-layout-constrained\">\n<figure class=\"wp-block-image aligncenter size-large\"><img loading=\"lazy\" decoding=\"async\" width=\"87\" height=\"87\" src=\"https:\/\/spalek-alutechnik.de\/wp-content\/uploads\/2023\/03\/Gruppe-1616.svg\" alt=\"\" class=\"wp-image-80\"\/><\/figure>\n\n\n\n<p class=\"has-text-align-center\">Antid\u00e9rapantes (R10) et sans \u00e9chardes<\/p>\n<\/div>\n\n\n\n<div class=\"wp-block-group benefits-group has-global-padding is-layout-constrained wp-block-group-is-layout-constrained\">\n<figure class=\"wp-block-image aligncenter size-large\"><img loading=\"lazy\" decoding=\"async\" width=\"87\" height=\"87\" src=\"https:\/\/spalek-alutechnik.de\/wp-content\/uploads\/2023\/03\/Gruppe-1570.svg\" alt=\"\" class=\"wp-image-81\"\/><\/figure>\n\n\n\n<p class=\"has-text-align-center\">100\u202f% \u00e9tanches et adapt\u00e9es \u00e0 toutes les conditions climatiques<\/p>\n<\/div>\n\n\n\n<div class=\"wp-block-group benefits-group has-global-padding is-layout-constrained wp-block-group-is-layout-constrained\">\n<figure class=\"wp-block-image aligncenter size-large\"><img loading=\"lazy\" decoding=\"async\" width=\"87\" height=\"87\" src=\"https:\/\/spalek-alutechnik.de\/wp-content\/uploads\/2023\/03\/Gruppe-1603.svg\" alt=\"\" class=\"wp-image-82\"\/><\/figure>\n\n\n\n<p class=\"has-text-align-center\">Inalt\u00e9rables \u2013 ne se d\u00e9forment pas, ne s\u2019usent pas<\/p>\n<\/div>\n\n\n\n<div class=\"wp-block-group benefits-group has-global-padding is-layout-constrained wp-block-group-is-layout-constrained\">\n<figure class=\"wp-block-image aligncenter size-large\"><img loading=\"lazy\" decoding=\"async\" width=\"87\" height=\"87\" src=\"https:\/\/spalek-alutechnik.de\/wp-content\/uploads\/2023\/03\/Gruppe-1625.svg\" alt=\"\" class=\"wp-image-83\"\/><\/figure>\n\n\n\n<p class=\"has-text-align-center\">Surface homog\u00e8ne sans vis apparentes<\/p>\n<\/div>\n\n\n\n<div class=\"wp-block-group benefits-group has-global-padding is-layout-constrained wp-block-group-is-layout-constrained\">\n<figure class=\"wp-block-image aligncenter size-large\"><img loading=\"lazy\" decoding=\"async\" width=\"87\" height=\"87\" src=\"https:\/\/spalek-alutechnik.de\/wp-content\/uploads\/2023\/03\/Gruppe-1583.svg\" alt=\"\" class=\"wp-image-84\"\/><\/figure>\n\n\n\n<p class=\"has-text-align-center\">Utilisation<br>polyvalente<\/p>\n<\/div>\n\n\n\n<div class=\"wp-block-group benefits-group has-global-padding is-layout-constrained wp-block-group-is-layout-constrained\">\n<figure class=\"wp-block-image aligncenter size-large\"><img loading=\"lazy\" decoding=\"async\" width=\"87\" height=\"87\" src=\"https:\/\/spalek-alutechnik.de\/wp-content\/uploads\/2023\/03\/Gruppe-1609.svg\" alt=\"\" class=\"wp-image-85\"\/><\/figure>\n\n\n\n<p class=\"has-text-align-center\">Pose sans joints<br>apparents<\/p>\n<\/div>\n\n\n\n<div class=\"wp-block-group benefits-group has-global-padding is-layout-constrained wp-block-group-is-layout-constrained\">\n<figure class=\"wp-block-image aligncenter size-large\"><img loading=\"lazy\" decoding=\"async\" width=\"87\" height=\"87\" src=\"https:\/\/spalek-alutechnik.de\/wp-content\/uploads\/2023\/03\/Gruppe-1646.svg\" alt=\"\" class=\"wp-image-86\"\/><\/figure>\n\n\n\n<p class=\"has-text-align-center\">Drainage<br>efficace<\/p>\n<\/div>\n<\/div>\n<\/div>\n<\/div>\n<\/div>\n<\/div>\n\n\n\n<div class=\"wp-block-group alignfull py-5 px-3 px-md-4 px-lg-5 has-primary-10-background-color has-background has-global-padding is-content-justification-center is-layout-constrained wp-container-core-group-is-layout-24 wp-block-group-is-layout-constrained\" id=\"Musterkoffer\" style=\"margin-top:0;margin-bottom:0;padding-top:var(--wp--preset--spacing--60);padding-bottom:var(--wp--preset--spacing--60)\">\n<div class=\"wp-block-columns is-layout-flex wp-container-core-columns-is-layout-6 wp-block-columns-is-layout-flex\" style=\"padding-top:var(--wp--preset--spacing--50);padding-bottom:var(--wp--preset--spacing--50)\">\n<div class=\"wp-block-column is-layout-flow wp-block-column-is-layout-flow\">\n<figure class=\"wp-block-image size-large\"><img loading=\"lazy\" decoding=\"async\" width=\"1024\" height=\"614\" src=\"https:\/\/spalek-alutechnik.de\/wp-content\/uploads\/2025\/04\/IMG_0008-RET-1024x614.jpg\" alt=\"\" class=\"wp-image-721\" srcset=\"https:\/\/spalek-alutechnik.de\/wp-content\/uploads\/2025\/04\/IMG_0008-RET-1024x614.jpg 1024w, https:\/\/spalek-alutechnik.de\/wp-content\/uploads\/2025\/04\/IMG_0008-RET-300x180.jpg 300w, https:\/\/spalek-alutechnik.de\/wp-content\/uploads\/2025\/04\/IMG_0008-RET-768x461.jpg 768w, https:\/\/spalek-alutechnik.de\/wp-content\/uploads\/2025\/04\/IMG_0008-RET-1536x922.jpg 1536w, https:\/\/spalek-alutechnik.de\/wp-content\/uploads\/2025\/04\/IMG_0008-RET-2048x1229.jpg 2048w, https:\/\/spalek-alutechnik.de\/wp-content\/uploads\/2025\/04\/IMG_0008-RET-18x12.jpg 18w\" sizes=\"auto, (max-width: 1024px) 100vw, 1024px\" \/><\/figure>\n<\/div>\n\n\n\n<div class=\"wp-block-column is-layout-flow wp-block-column-is-layout-flow\">\n<div class=\"wp-block-group py-5 has-global-padding is-content-justification-left is-layout-constrained wp-container-core-group-is-layout-23 wp-block-group-is-layout-constrained\">\n<p class=\"breadcrump animated fadeInUp has-primary-color has-text-color\" style=\"font-size:clamp(14px, 0.875rem + ((1vw - 3.2px) * 0.156), 16px);font-style:normal;font-weight:500\">Demander un \u00e9chantillon<\/p>\n\n\n\n<h2 class=\"wp-block-heading animated fadeInUp\" style=\"font-style:normal;font-weight:500\">Commandez d\u00e8s maintenant votre mallette d\u2019\u00e9chantillons de lames aluminium !<\/h2>\n\n\n\n<p class=\"has-grey-color has-text-color has-link-color wp-elements-3762ee500e87f307ecd2e67aebe5aaf1\">Obtenez un premier aper\u00e7u des couleurs et des mat\u00e9riaux, et pr\u00e9sentez nos lames \u00e0 vos clients.<\/p>\n\n\n\n<div class=\"wp-block-buttons is-layout-flex wp-block-buttons-is-layout-flex\">\n<div class=\"wp-block-button has-custom-font-size has-small-font-size\"><a class=\"wp-block-button__link has-base-color has-primary-background-color has-text-color has-background wp-element-button\" href=\"https:\/\/spalek-alutechnik.de\/fr\/kontakt\/\" style=\"border-radius:10px\">Aller au formulaire de contact<\/a><\/div>\n<\/div>\n<\/div>\n<\/div>\n<\/div>\n<\/div>\n\n\n\n<div class=\"wp-block-cover alignfull is-light has-parallax mt-0\" style=\"min-height:540px;aspect-ratio:unset;\"><span aria-hidden=\"true\" class=\"wp-block-cover__background has-primary-45-background-color has-background-dim-20 has-background-dim\"><\/span><div class=\"wp-block-cover__image-background wp-image-92 has-parallax\" style=\"background-position:50% 50%;background-image:url(https:\/\/spalek-alutechnik.de\/wp-content\/uploads\/2023\/03\/Differenzmenge-17-scaled.jpg)\"><\/div><div class=\"wp-block-cover__inner-container is-layout-flow wp-block-cover-is-layout-flow\">\n<div class=\"wp-block-group has-global-padding is-content-justification-center is-layout-constrained wp-container-core-group-is-layout-27 wp-block-group-is-layout-constrained\">\n<div class=\"wp-block-group has-global-padding is-content-justification-left is-layout-constrained wp-container-core-group-is-layout-26 wp-block-group-is-layout-constrained\">\n<div class=\"wp-block-group has-base-color has-text-color has-background has-global-padding is-layout-constrained wp-container-core-group-is-layout-25 wp-block-group-is-layout-constrained\" style=\"background-color:#52b3c4cf;padding-top:var(--wp--preset--spacing--40);padding-right:var(--wp--preset--spacing--40);padding-bottom:var(--wp--preset--spacing--40);padding-left:var(--wp--preset--spacing--40)\">\n<h2 class=\"wp-block-heading\" style=\"font-style:italic;font-weight:500\">\u00ab L'\u00e9l\u00e9gance et la performance r\u00e9unies pour sublimer vos ext\u00e9rieurs. \u00bb<\/h2>\n<\/div>\n<\/div>\n<\/div>\n<\/div><\/div>\n\n\n\n<div class=\"wp-block-group px-3 px-md-4 px-lg-5 py-5 has-global-padding is-layout-constrained wp-block-group-is-layout-constrained\">\n<div style=\"height:100px\" aria-hidden=\"true\" class=\"wp-block-spacer spacer-100\"><\/div>\n\n\n\n<div class=\"wp-block-columns is-layout-flex wp-container-core-columns-is-layout-7 wp-block-columns-is-layout-flex\">\n<div class=\"wp-block-column is-vertically-aligned-center animated fadeInUp is-layout-flow wp-block-column-is-layout-flow\" style=\"flex-basis:40%\">\n<div class=\"wp-block-group is-vertical is-layout-flex wp-container-core-group-is-layout-28 wp-block-group-is-layout-flex\">\n<h2 class=\"wp-block-heading h2-before\" style=\"font-style:normal;font-weight:700\">Nous sommes \u00e0 votre disposition<\/h2>\n\n\n\n<p class=\"has-grey-color has-text-color\">N\u2019h\u00e9sitez pas \u00e0 nous appeler ou \u00e0 nous \u00e9crire \u2013 votre interlocuteur vous r\u00e9pondra dans les plus brefs d\u00e9lais.<\/p>\n\n\n\n<div class=\"wp-block-buttons is-layout-flex wp-block-buttons-is-layout-flex\">\n<div class=\"wp-block-button has-custom-font-size has-small-font-size\" style=\"font-style:normal;font-weight:500\"><a class=\"wp-block-button__link has-base-color has-primary-background-color has-text-color has-background wp-element-button\" href=\"https:\/\/spalek-alutechnik.de\/fr\/kontakt\/#kontaktformular\" style=\"border-radius:10px\">Nous contacter<\/a><\/div>\n<\/div>\n<\/div>\n\n\n\n<div class=\"wp-block-group is-vertical is-layout-flex wp-container-core-group-is-layout-29 wp-block-group-is-layout-flex advgb-dyn-ac567526\">\n<h2 class=\"wp-block-heading h2-before\" style=\"font-style:normal;font-weight:700\">Partenaire:<\/h2>\n\n\n\n<figure class=\"wp-block-image size-full is-resized\"><img loading=\"lazy\" decoding=\"async\" width=\"950\" height=\"665\" src=\"https:\/\/spalek-alutechnik.de\/wp-content\/uploads\/2024\/07\/Logo_HOLZRING_RGB_300dpi-1-1024x678-1.jpg\" alt=\"\" class=\"wp-image-608\" style=\"width:175px\" srcset=\"https:\/\/spalek-alutechnik.de\/wp-content\/uploads\/2024\/07\/Logo_HOLZRING_RGB_300dpi-1-1024x678-1.jpg 950w, https:\/\/spalek-alutechnik.de\/wp-content\/uploads\/2024\/07\/Logo_HOLZRING_RGB_300dpi-1-1024x678-1-300x210.jpg 300w, https:\/\/spalek-alutechnik.de\/wp-content\/uploads\/2024\/07\/Logo_HOLZRING_RGB_300dpi-1-1024x678-1-768x538.jpg 768w\" sizes=\"auto, (max-width: 950px) 100vw, 950px\" \/><\/figure>\n<\/div>\n<\/div>\n\n\n\n<div class=\"wp-block-column animated fadeInUp delay-200ms is-layout-flow wp-block-column-is-layout-flow\" style=\"flex-basis:60%\">\n<div class=\"wp-block-advgb-map advgb-map-block maps\" style=\"margin:10px auto\"><div class=\"advgb-map-content\" id=\"advgbmap-6a6ea8b3-2f2f-4b39-b25e-53bcc6455ecc\" style=\"height:450px\" data-default=\"https:\/\/maps.gstatic.com\/mapfiles\/api-3\/images\/spotlight-poi2.png\" data-lat=\"51.3343503\" data-lng=\"7.000896999999999\" data-zoom=\"14\" data-title=\"Spalek Alutechnik\" data-desc=\"Dieselstra\u00dfe 44, 42579 Heiligenhaus<br\/&gt;+49 2056 586170\" data-shown=\"false\" data-style=\"%5B%7B%22elementType%22%3A%22geometry%22%2C%22stylers%22%3A%5B%7B%22color%22%3A%22%23f5f5f5%22%7D%5D%7D%2C%7B%22elementType%22%3A%22labels.icon%22%2C%22stylers%22%3A%5B%7B%22visibility%22%3A%22off%22%7D%5D%7D%2C%7B%22elementType%22%3A%22labels.text.fill%22%2C%22stylers%22%3A%5B%7B%22color%22%3A%22%23616161%22%7D%5D%7D%2C%7B%22elementType%22%3A%22labels.text.stroke%22%2C%22stylers%22%3A%5B%7B%22color%22%3A%22%23f5f5f5%22%7D%5D%7D%2C%7B%22featureType%22%3A%22administrative.land_parcel%22%2C%22elementType%22%3A%22labels.text.fill%22%2C%22stylers%22%3A%5B%7B%22color%22%3A%22%23bdbdbd%22%7D%5D%7D%2C%7B%22featureType%22%3A%22poi%22%2C%22elementType%22%3A%22geometry%22%2C%22stylers%22%3A%5B%7B%22color%22%3A%22%23eeeeee%22%7D%5D%7D%2C%7B%22featureType%22%3A%22poi%22%2C%22elementType%22%3A%22labels.text.fill%22%2C%22stylers%22%3A%5B%7B%22color%22%3A%22%23757575%22%7D%5D%7D%2C%7B%22featureType%22%3A%22poi.park%22%2C%22elementType%22%3A%22geometry%22%2C%22stylers%22%3A%5B%7B%22color%22%3A%22%23e5e5e5%22%7D%5D%7D%2C%7B%22featureType%22%3A%22poi.park%22%2C%22elementType%22%3A%22labels.text.fill%22%2C%22stylers%22%3A%5B%7B%22color%22%3A%22%239e9e9e%22%7D%5D%7D%2C%7B%22featureType%22%3A%22road%22%2C%22elementType%22%3A%22geometry%22%2C%22stylers%22%3A%5B%7B%22color%22%3A%22%23ffffff%22%7D%5D%7D%2C%7B%22featureType%22%3A%22road.arterial%22%2C%22elementType%22%3A%22labels.text.fill%22%2C%22stylers%22%3A%5B%7B%22color%22%3A%22%23757575%22%7D%5D%7D%2C%7B%22featureType%22%3A%22road.highway%22%2C%22elementType%22%3A%22geometry%22%2C%22stylers%22%3A%5B%7B%22color%22%3A%22%23dadada%22%7D%5D%7D%2C%7B%22featureType%22%3A%22road.highway%22%2C%22elementType%22%3A%22labels.text.fill%22%2C%22stylers%22%3A%5B%7B%22color%22%3A%22%23616161%22%7D%5D%7D%2C%7B%22featureType%22%3A%22road.local%22%2C%22elementType%22%3A%22labels.text.fill%22%2C%22stylers%22%3A%5B%7B%22color%22%3A%22%239e9e9e%22%7D%5D%7D%2C%7B%22featureType%22%3A%22transit.line%22%2C%22elementType%22%3A%22geometry%22%2C%22stylers%22%3A%5B%7B%22color%22%3A%22%23e5e5e5%22%7D%5D%7D%2C%7B%22featureType%22%3A%22transit.station%22%2C%22elementType%22%3A%22geometry%22%2C%22stylers%22%3A%5B%7B%22color%22%3A%22%23eeeeee%22%7D%5D%7D%2C%7B%22featureType%22%3A%22water%22%2C%22elementType%22%3A%22geometry%22%2C%22stylers%22%3A%5B%7B%22color%22%3A%22%23c9c9c9%22%7D%5D%7D%2C%7B%22featureType%22%3A%22water%22%2C%22elementType%22%3A%22labels.text.fill%22%2C%22stylers%22%3A%5B%7B%22color%22%3A%22%239e9e9e%22%7D%5D%7D%5D\"><\/div><\/div>\n<\/div>\n<\/div>\n\n\n\n<div style=\"height:100px\" aria-hidden=\"true\" class=\"wp-block-spacer spacer-100\"><\/div>\n<\/div>","protected":false},"excerpt":{"rendered":"<p>Dauerhaft sch\u00f6ner und sicherer Balkon- oder Terrassenboden: mit Allwetterdielen! Im Freien verlegte B\u00f6den sind der Witterung ausgesetzt und k\u00f6nnen schnell ungepflegt aussehen. Unsere Allwetterdielen aus Aluminium bieten f\u00fcr Ihren Balkon oder Ihre Terrasse eine ansprechende, \u00e4sthetische L\u00f6sung, die dauerhaft ohne Wartung sch\u00f6n bleibt. Entdecken Sie einzigartige und langlebige M\u00f6glichkeiten f\u00fcr die Neugestaltung Ihrer Terrasse oder [&hellip;]<\/p>\n","protected":false},"author":1,"featured_media":0,"parent":0,"menu_order":0,"comment_status":"closed","ping_status":"closed","template":"","meta":{"_editorskit_title_hidden":false,"_editorskit_reading_time":1,"_editorskit_is_block_options_detached":false,"_editorskit_block_options_position":"{}","inline_featured_image":false,"advgb_blocks_editor_width":"","advgb_blocks_columns_visual_guide":"","footnotes":""},"class_list":["post-764","page","type-page","status-publish","hentry"],"yoast_head":"<!-- This site is optimized with the Yoast SEO plugin v26.7 - https:\/\/yoast.com\/wordpress\/plugins\/seo\/ -->\n<title>Spalek Alutechnik - Willkommen<\/title>\n<meta name=\"description\" content=\"Hier erfahren Sie, wie gut sich unsere Allwetterdielen aus Aluminium als Balkondielen eignen. Sie sind vielseitig, witterungsbest\u00e4ndig und 100 % wasserdicht.\" \/>\n<meta name=\"robots\" content=\"index, follow, max-snippet:-1, max-image-preview:large, max-video-preview:-1\" \/>\n<link rel=\"canonical\" href=\"https:\/\/spalek-alutechnik.de\/fr\/\" \/>\n<meta property=\"og:locale\" content=\"fr_FR\" \/>\n<meta property=\"og:type\" content=\"article\" \/>\n<meta property=\"og:title\" content=\"Spalek Alutechnik - Willkommen\" \/>\n<meta property=\"og:description\" content=\"Hier erfahren Sie, wie gut sich unsere Allwetterdielen aus Aluminium als Balkondielen eignen. Sie sind vielseitig, witterungsbest\u00e4ndig und 100 % wasserdicht.\" \/>\n<meta property=\"og:url\" content=\"https:\/\/spalek-alutechnik.de\/fr\/\" \/>\n<meta property=\"og:site_name\" content=\"SPALEK ALUTECHNIK\" \/>\n<meta property=\"article:modified_time\" content=\"2025-07-21T05:53:02+00:00\" \/>\n<meta property=\"og:image\" content=\"https:\/\/spalek-alutechnik.de\/wp-content\/uploads\/2025\/07\/AdobeStock_1284463679-RET.jpg\" \/>\n\t<meta property=\"og:image:width\" content=\"2560\" \/>\n\t<meta property=\"og:image:height\" content=\"1280\" \/>\n\t<meta property=\"og:image:type\" content=\"image\/jpeg\" \/>\n<meta name=\"twitter:card\" content=\"summary_large_image\" \/>\n<meta name=\"twitter:label1\" content=\"Dur\u00e9e de lecture estim\u00e9e\" \/>\n\t<meta name=\"twitter:data1\" content=\"8 minutes\" \/>\n<script type=\"application\/ld+json\" class=\"yoast-schema-graph\">{\"@context\":\"https:\/\/schema.org\",\"@graph\":[{\"@type\":\"WebPage\",\"@id\":\"https:\/\/spalek-alutechnik.de\/\",\"url\":\"https:\/\/spalek-alutechnik.de\/\",\"name\":\"Spalek Alutechnik - Willkommen\",\"isPartOf\":{\"@id\":\"https:\/\/spalek-alutechnik.de\/#website\"},\"primaryImageOfPage\":{\"@id\":\"https:\/\/spalek-alutechnik.de\/#primaryimage\"},\"image\":{\"@id\":\"https:\/\/spalek-alutechnik.de\/#primaryimage\"},\"thumbnailUrl\":\"https:\/\/spalek-alutechnik.de\/wp-content\/uploads\/2025\/07\/AdobeStock_1284463679-RET.jpg\",\"datePublished\":\"2025-07-03T10:26:50+00:00\",\"dateModified\":\"2025-07-21T05:53:02+00:00\",\"description\":\"Hier erfahren Sie, wie gut sich unsere Allwetterdielen aus Aluminium als Balkondielen eignen. Sie sind vielseitig, witterungsbest\u00e4ndig und 100 % wasserdicht.\",\"breadcrumb\":{\"@id\":\"https:\/\/spalek-alutechnik.de\/#breadcrumb\"},\"inLanguage\":\"fr-FR\",\"potentialAction\":[{\"@type\":\"ReadAction\",\"target\":[\"https:\/\/spalek-alutechnik.de\/\"]}]},{\"@type\":\"ImageObject\",\"inLanguage\":\"fr-FR\",\"@id\":\"https:\/\/spalek-alutechnik.de\/#primaryimage\",\"url\":\"https:\/\/spalek-alutechnik.de\/wp-content\/uploads\/2025\/07\/AdobeStock_1284463679-RET.jpg\",\"contentUrl\":\"https:\/\/spalek-alutechnik.de\/wp-content\/uploads\/2025\/07\/AdobeStock_1284463679-RET.jpg\"},{\"@type\":\"BreadcrumbList\",\"@id\":\"https:\/\/spalek-alutechnik.de\/#breadcrumb\",\"itemListElement\":[{\"@type\":\"ListItem\",\"position\":1,\"name\":\"Startseite\",\"item\":\"https:\/\/spalek-alutechnik.de\/\"},{\"@type\":\"ListItem\",\"position\":2,\"name\":\"Spalek Alutechnik\"}]},{\"@type\":\"WebSite\",\"@id\":\"https:\/\/spalek-alutechnik.de\/#website\",\"url\":\"https:\/\/spalek-alutechnik.de\/\",\"name\":\"SPALEK ALUTECHNIK\",\"description\":\"Allwetterdielen f\u00fcr Terrassen und Fassaden\",\"publisher\":{\"@id\":\"https:\/\/spalek-alutechnik.de\/#organization\"},\"potentialAction\":[{\"@type\":\"SearchAction\",\"target\":{\"@type\":\"EntryPoint\",\"urlTemplate\":\"https:\/\/spalek-alutechnik.de\/?s={search_term_string}\"},\"query-input\":{\"@type\":\"PropertyValueSpecification\",\"valueRequired\":true,\"valueName\":\"search_term_string\"}}],\"inLanguage\":\"fr-FR\"},{\"@type\":\"Organization\",\"@id\":\"https:\/\/spalek-alutechnik.de\/#organization\",\"name\":\"SPALEK ALUTECHNIK\",\"url\":\"https:\/\/spalek-alutechnik.de\/\",\"logo\":{\"@type\":\"ImageObject\",\"inLanguage\":\"fr-FR\",\"@id\":\"https:\/\/spalek-alutechnik.de\/#\/schema\/logo\/image\/\",\"url\":\"https:\/\/spalek-alutechnik.de\/wp-content\/uploads\/2023\/03\/Logo-Alutechnik.svg\",\"contentUrl\":\"https:\/\/spalek-alutechnik.de\/wp-content\/uploads\/2023\/03\/Logo-Alutechnik.svg\",\"width\":246,\"height\":88,\"caption\":\"SPALEK ALUTECHNIK\"},\"image\":{\"@id\":\"https:\/\/spalek-alutechnik.de\/#\/schema\/logo\/image\/\"}}]}<\/script>\n<!-- \/ Yoast SEO plugin. -->","yoast_head_json":{"title":"Spalek Alutechnik - Willkommen","description":"Hier erfahren Sie, wie gut sich unsere Allwetterdielen aus Aluminium als Balkondielen eignen. Sie sind vielseitig, witterungsbest\u00e4ndig und 100 % wasserdicht.","robots":{"index":"index","follow":"follow","max-snippet":"max-snippet:-1","max-image-preview":"max-image-preview:large","max-video-preview":"max-video-preview:-1"},"canonical":"https:\/\/spalek-alutechnik.de\/fr\/","og_locale":"fr_FR","og_type":"article","og_title":"Spalek Alutechnik - Willkommen","og_description":"Hier erfahren Sie, wie gut sich unsere Allwetterdielen aus Aluminium als Balkondielen eignen. Sie sind vielseitig, witterungsbest\u00e4ndig und 100 % wasserdicht.","og_url":"https:\/\/spalek-alutechnik.de\/fr\/","og_site_name":"SPALEK ALUTECHNIK","article_modified_time":"2025-07-21T05:53:02+00:00","og_image":[{"width":2560,"height":1280,"url":"https:\/\/spalek-alutechnik.de\/wp-content\/uploads\/2025\/07\/AdobeStock_1284463679-RET.jpg","type":"image\/jpeg"}],"twitter_card":"summary_large_image","twitter_misc":{"Dur\u00e9e de lecture estim\u00e9e":"8 minutes"},"schema":{"@context":"https:\/\/schema.org","@graph":[{"@type":"WebPage","@id":"https:\/\/spalek-alutechnik.de\/","url":"https:\/\/spalek-alutechnik.de\/","name":"Spalek Alutechnik - Willkommen","isPartOf":{"@id":"https:\/\/spalek-alutechnik.de\/#website"},"primaryImageOfPage":{"@id":"https:\/\/spalek-alutechnik.de\/#primaryimage"},"image":{"@id":"https:\/\/spalek-alutechnik.de\/#primaryimage"},"thumbnailUrl":"https:\/\/spalek-alutechnik.de\/wp-content\/uploads\/2025\/07\/AdobeStock_1284463679-RET.jpg","datePublished":"2025-07-03T10:26:50+00:00","dateModified":"2025-07-21T05:53:02+00:00","description":"Hier erfahren Sie, wie gut sich unsere Allwetterdielen aus Aluminium als Balkondielen eignen. Sie sind vielseitig, witterungsbest\u00e4ndig und 100 % wasserdicht.","breadcrumb":{"@id":"https:\/\/spalek-alutechnik.de\/#breadcrumb"},"inLanguage":"fr-FR","potentialAction":[{"@type":"ReadAction","target":["https:\/\/spalek-alutechnik.de\/"]}]},{"@type":"ImageObject","inLanguage":"fr-FR","@id":"https:\/\/spalek-alutechnik.de\/#primaryimage","url":"https:\/\/spalek-alutechnik.de\/wp-content\/uploads\/2025\/07\/AdobeStock_1284463679-RET.jpg","contentUrl":"https:\/\/spalek-alutechnik.de\/wp-content\/uploads\/2025\/07\/AdobeStock_1284463679-RET.jpg"},{"@type":"BreadcrumbList","@id":"https:\/\/spalek-alutechnik.de\/#breadcrumb","itemListElement":[{"@type":"ListItem","position":1,"name":"Startseite","item":"https:\/\/spalek-alutechnik.de\/"},{"@type":"ListItem","position":2,"name":"Spalek Alutechnik"}]},{"@type":"WebSite","@id":"https:\/\/spalek-alutechnik.de\/#website","url":"https:\/\/spalek-alutechnik.de\/","name":"SPALEK ALUTECHNIK","description":"Allwetterdielen f\u00fcr Terrassen und Fassaden","publisher":{"@id":"https:\/\/spalek-alutechnik.de\/#organization"},"potentialAction":[{"@type":"SearchAction","target":{"@type":"EntryPoint","urlTemplate":"https:\/\/spalek-alutechnik.de\/?s={search_term_string}"},"query-input":{"@type":"PropertyValueSpecification","valueRequired":true,"valueName":"search_term_string"}}],"inLanguage":"fr-FR"},{"@type":"Organization","@id":"https:\/\/spalek-alutechnik.de\/#organization","name":"SPALEK ALUTECHNIK","url":"https:\/\/spalek-alutechnik.de\/","logo":{"@type":"ImageObject","inLanguage":"fr-FR","@id":"https:\/\/spalek-alutechnik.de\/#\/schema\/logo\/image\/","url":"https:\/\/spalek-alutechnik.de\/wp-content\/uploads\/2023\/03\/Logo-Alutechnik.svg","contentUrl":"https:\/\/spalek-alutechnik.de\/wp-content\/uploads\/2023\/03\/Logo-Alutechnik.svg","width":246,"height":88,"caption":"SPALEK ALUTECHNIK"},"image":{"@id":"https:\/\/spalek-alutechnik.de\/#\/schema\/logo\/image\/"}}]}},"coauthors":[],"author_meta":{"author_link":"https:\/\/spalek-alutechnik.de\/fr\/author\/mhorn\/","display_name":"MHorn"},"relative_dates":{"created":"Publi\u00e9 10 mois il y a","modified":"Mis \u00e0 jour 9 mois il y a"},"absolute_dates":{"created":"Publi\u00e9 le 3. juillet 2025","modified":"Mise \u00e0 jour le 21. juillet 2025"},"absolute_dates_time":{"created":"Publi\u00e9 le 3. juillet 2025 12:26","modified":"Mise \u00e0 jour le 21. juillet 2025 7:53"},"featured_img_caption":"","featured_img":false,"series_order":"","_links":{"self":[{"href":"https:\/\/spalek-alutechnik.de\/fr\/wp-json\/wp\/v2\/pages\/764","targetHints":{"allow":["GET"]}}],"collection":[{"href":"https:\/\/spalek-alutechnik.de\/fr\/wp-json\/wp\/v2\/pages"}],"about":[{"href":"https:\/\/spalek-alutechnik.de\/fr\/wp-json\/wp\/v2\/types\/page"}],"author":[{"embeddable":true,"href":"https:\/\/spalek-alutechnik.de\/fr\/wp-json\/wp\/v2\/users\/1"}],"replies":[{"embeddable":true,"href":"https:\/\/spalek-alutechnik.de\/fr\/wp-json\/wp\/v2\/comments?post=764"}],"version-history":[{"count":26,"href":"https:\/\/spalek-alutechnik.de\/fr\/wp-json\/wp\/v2\/pages\/764\/revisions"}],"predecessor-version":[{"id":817,"href":"https:\/\/spalek-alutechnik.de\/fr\/wp-json\/wp\/v2\/pages\/764\/revisions\/817"}],"wp:attachment":[{"href":"https:\/\/spalek-alutechnik.de\/fr\/wp-json\/wp\/v2\/media?parent=764"}],"curies":[{"name":"wp","href":"https:\/\/api.w.org\/{rel}","templated":true}]}}