{"id":368,"date":"2023-03-10T10:45:07","date_gmt":"2023-03-10T09:45:07","guid":{"rendered":"https:\/\/spalek-alutechnik.de\/?page_id=368"},"modified":"2025-12-05T13:51:26","modified_gmt":"2025-12-05T12:51:26","slug":"datenschutz","status":"publish","type":"page","link":"https:\/\/spalek-alutechnik.de\/fr\/datenschutz\/","title":{"rendered":"Protection des donn\u00e9es"},"content":{"rendered":"<div style=\"height:200px\" aria-hidden=\"true\" class=\"wp-block-spacer\"><\/div>\n\n\n\n<div class=\"wp-block-group alignfull px-3 px-md-4 px-lg-5 has-global-padding is-layout-constrained wp-block-group-is-layout-constrained\">\n<div class=\"wp-block-group has-grey-color has-text-color has-global-padding is-layout-constrained wp-block-group-is-layout-constrained\">\n<h1 class=\"wp-block-heading has-contrast-color has-text-color\">D\u00e9claration de protection des donn\u00e9es<\/h1>\n\n\n\n<h2 class=\"wp-block-heading has-contrast-color has-text-color\">1. Aper\u00e7u de la protection des donn\u00e9es<\/h2>\n\n\n\n<h3 class=\"wp-block-heading has-contrast-color has-text-color\">Remarques g\u00e9n\u00e9rales<\/h3>\n\n\n\n<p>Les remarques suivantes donnent un aper\u00e7u simple de ce qui se passe avec vos donn\u00e9es personnelles lorsque vous visitez ce site web. Les donn\u00e9es personnelles sont toutes les donn\u00e9es qui permettent de vous identifier personnellement. Vous trouverez des informations d\u00e9taill\u00e9es sur le th\u00e8me de la protection des donn\u00e9es dans notre d\u00e9claration de protection des donn\u00e9es figurant sous ce texte.<\/p>\n\n\n\n<h3 class=\"wp-block-heading has-contrast-color has-text-color\">Collecte de donn\u00e9es sur ce site web<\/h3>\n\n\n\n<h4 class=\"wp-block-heading has-contrast-color has-text-color\">Qui est responsable de la collecte des donn\u00e9es sur ce site web ?<\/h4>\n\n\n\n<p>Le traitement des donn\u00e9es sur ce site web est effectu\u00e9 par l'exploitant du site web. Vous trouverez ses coordonn\u00e9es dans la section \"Informations sur le responsable du traitement\" de la pr\u00e9sente d\u00e9claration de protection des donn\u00e9es.<\/p>\n\n\n\n<h4 class=\"wp-block-heading has-contrast-color has-text-color\">Comment collectons-nous vos donn\u00e9es ?<\/h4>\n\n\n\n<p>Vos donn\u00e9es sont collect\u00e9es, d'une part, lorsque vous nous les communiquez. Il peut s'agir, par exemple, de donn\u00e9es que vous saisissez dans un formulaire de contact.<\/p>\n\n\n\n<p>D'autres donn\u00e9es sont collect\u00e9es automatiquement ou apr\u00e8s votre consentement par nos syst\u00e8mes informatiques lorsque vous visitez le site web. Il s'agit principalement de donn\u00e9es techniques (par exemple, le navigateur Internet, le syst\u00e8me d'exploitation ou l'heure de consultation de la page). La saisie de ces donn\u00e9es s'effectue automatiquement d\u00e8s que vous acc\u00e9dez \u00e0 ce site web.<\/p>\n\n\n\n<h4 class=\"wp-block-heading has-contrast-color has-text-color\">Dans quel but utilisons-nous vos donn\u00e9es ?<\/h4>\n\n\n\n<p>Une partie des donn\u00e9es est collect\u00e9e afin de garantir une mise \u00e0 disposition sans erreur du site web. D'autres donn\u00e9es peuvent \u00eatre utilis\u00e9es pour analyser votre comportement d'utilisateur.<\/p>\n\n\n\n<h4 class=\"wp-block-heading has-contrast-color has-text-color\">Quels sont vos droits concernant vos donn\u00e9es ?<\/h4>\n\n\n\n<p>Vous avez \u00e0 tout moment le droit d'obtenir gratuitement des informations sur l'origine, le destinataire et la finalit\u00e9 de vos donn\u00e9es personnelles enregistr\u00e9es. Vous avez \u00e9galement le droit de demander la rectification ou la suppression de ces donn\u00e9es. Si vous avez donn\u00e9 votre consentement au traitement des donn\u00e9es, vous pouvez \u00e0 tout moment r\u00e9voquer ce consentement pour l'avenir. Vous avez \u00e9galement le droit de demander la limitation du traitement de vos donn\u00e9es personnelles dans certaines circonstances. En outre, vous disposez d'un droit de recours aupr\u00e8s de l'autorit\u00e9 de surveillance comp\u00e9tente.<\/p>\n\n\n\n<p>Vous pouvez nous contacter \u00e0 tout moment \u00e0 ce sujet ou pour toute autre question relative \u00e0 la protection des donn\u00e9es.<\/p>\n\n\n\n<h3 class=\"wp-block-heading has-contrast-color has-text-color\">Outils d'analyse et outils de fournisseurs tiers<\/h3>\n\n\n\n<p>Lorsque vous visitez ce site web, votre comportement de navigation peut faire l'objet d'une \u00e9valuation statistique. Cela se fait principalement \u00e0 l'aide de programmes d'analyse.<\/p>\n\n\n\n<p>Vous trouverez des informations d\u00e9taill\u00e9es sur ces programmes d'analyse dans la d\u00e9claration de protection des donn\u00e9es suivante.<\/p>\n\n\n\n<h2 class=\"wp-block-heading has-contrast-color has-text-color\">2. H\u00e9bergement<\/h2>\n\n\n\n<p>Nous h\u00e9bergeons le contenu de notre site web chez le fournisseur suivant :<\/p>\n\n\n\n<h3 class=\"wp-block-heading has-contrast-color has-text-color\">IONOS<\/h3>\n\n\n\n<p>Nous h\u00e9bergeons le contenu de notre site web chez le fournisseur suivant :\nIONOS\nLe fournisseur est IONOS SE, Elgendorfer Str. 57, 56410 Montabaur (ci-apr\u00e8s IONOS). Lorsque vous visitez notre site Web, IONOS collecte diff\u00e9rents fichiers journaux, y compris vos adresses IP. Pour plus de d\u00e9tails, veuillez consulter la d\u00e9claration de protection des donn\u00e9es de IONOS : <a href=\"https:\/\/www.ionos.de\/terms-gtc\/terms-privacy\" target=\"_blank\" rel=\"noreferrer noopener\">https:\/\/www.ionos.de\/terms-gtc\/terms-privacy<\/a>.<\/p>\n\n\n\n<p>Die Verwendung von IONOS erfolgt auf Grundlage von Art. 6 Abs. 1 lit. f DSGVO. Wir haben ein berechtigtes Interesse an einer m\u00f6glichst zuverl\u00e4ssigen Darstellung unserer Website. Sofern eine entsprechende Einwilligung abgefragt wurde, erfolgt die Verarbeitung ausschlie\u00dflich auf Grundlage von Art. 6 Abs. 1 lit. a DSGVO und \u00a7 25 Abs. 1 TDDDG, soweit die Einwilligung die Speicherung von Cookies oder den Zugriff auf Informationen im Endger\u00e4t des Nutzers (z.&nbsp;B. Device-Fingerprinting) im Sinne des TDDDG umfasst. Die Einwilligung ist jederzeit widerrufbar.<\/p>\n\n\n\n<h4 class=\"wp-block-heading has-contrast-color has-text-color\">Traitement des commandes<\/h4>\n\n\n\n<p>Nous avons conclu un contrat de traitement des commandes (CAT) pour l'utilisation du service susmentionn\u00e9. Il s'agit d'un contrat prescrit par la l\u00e9gislation sur la protection des donn\u00e9es, qui garantit que celui-ci traite les donn\u00e9es personnelles des visiteurs de notre site web uniquement selon nos instructions et dans le respect du RGPD.<\/p>\n\n\n\n<h2 class=\"wp-block-heading has-contrast-color has-text-color\">3. Remarques g\u00e9n\u00e9rales et informations obligatoires<\/h2>\n\n\n\n<h3 class=\"wp-block-heading has-contrast-color has-text-color\">Protection des donn\u00e9es<\/h3>\n\n\n\n<p>Les exploitants de ces pages prennent la protection de vos donn\u00e9es personnelles tr\u00e8s au s\u00e9rieux. Nous traitons vos donn\u00e9es personnelles de mani\u00e8re confidentielle et conform\u00e9ment aux dispositions l\u00e9gales en mati\u00e8re de protection des donn\u00e9es et \u00e0 la pr\u00e9sente d\u00e9claration de protection des donn\u00e9es.<\/p>\n\n\n\n<p>Lorsque vous utilisez ce site web, diff\u00e9rentes donn\u00e9es \u00e0 caract\u00e8re personnel sont collect\u00e9es. Les donn\u00e9es personnelles sont des donn\u00e9es qui permettent de vous identifier personnellement. La pr\u00e9sente d\u00e9claration de confidentialit\u00e9 explique quelles donn\u00e9es nous collectons et \u00e0 quelles fins nous les utilisons. Elle explique \u00e9galement comment et dans quel but nous le faisons.<\/p>\n\n\n\n<p>Nous attirons votre attention sur le fait que la transmission de donn\u00e9es sur Internet (par ex. lors de la communication par e-mail) peut pr\u00e9senter des failles de s\u00e9curit\u00e9. Une protection sans faille des donn\u00e9es contre l'acc\u00e8s par des tiers n'est pas possible.<\/p>\n\n\n\n<h3 class=\"wp-block-heading has-contrast-color has-text-color\">Remarque sur le service responsable<\/h3>\n\n\n\n<p>Le service responsable du traitement des donn\u00e9es sur ce site web est :<\/p>\n\n\n\n<p>Spalek Alutechnik<\/p>\n\n\n\n<p>SPALEK Beschlagtechnik GmbH + Co. KG<br>D-42579 Heiligenhaus \u2013 Dieselstr. 44<\/p>\n\n\n\n<p>T\u00e9l\u00e9phone :  +49 (0)2056 \u2013 58 617 0<br>Courrier \u00e9lectronique : info@beschlagtechnik.de<\/p>\n\n\n\n<p>Le responsable est la personne physique ou morale qui, seule ou conjointement avec d'autres, d\u00e9cide des finalit\u00e9s et des moyens du traitement des donn\u00e9es \u00e0 caract\u00e8re personnel (p. ex. noms, adresses e-mail ou autres).<\/p>\n\n\n\n<p><strong>Externer Datenschutzbeauftragter der Spalek Beschlagtechnik GmbH &amp; Co. KG<\/strong><br>c\/o T\u00dcV S\u00dcD Akademie GmbH<br>Westendstra\u00dfe 160<br>80339 M\u00fcnchen<br>E-Mail:&nbsp;<a href=\"mailto:datenschutz@beschlagtechnik.de\">datenschutz@beschlagtechnik.de<\/a><\/p>\n\n\n\n<h3 class=\"wp-block-heading has-contrast-color has-text-color\">Dur\u00e9e de conservation<\/h3>\n\n\n\n<p>Dans la mesure o\u00f9 aucune dur\u00e9e de stockage sp\u00e9cifique n'a \u00e9t\u00e9 mentionn\u00e9e dans la pr\u00e9sente d\u00e9claration de protection des donn\u00e9es, vos donn\u00e9es personnelles restent chez nous jusqu'\u00e0 ce que la finalit\u00e9 du traitement des donn\u00e9es soit supprim\u00e9e. Si vous faites valoir une demande l\u00e9gitime d'effacement ou si vous r\u00e9voquez votre consentement au traitement des donn\u00e9es, vos donn\u00e9es seront effac\u00e9es dans la mesure o\u00f9 nous n'avons pas d'autres raisons l\u00e9gales de conserver vos donn\u00e9es personnelles (p. ex. d\u00e9lais de conservation en vertu du droit fiscal ou commercial) ; dans ce dernier cas, l'effacement aura lieu apr\u00e8s la disparition de ces raisons.<\/p>\n\n\n\n<h3 class=\"wp-block-heading has-contrast-color has-text-color\">Remarques g\u00e9n\u00e9rales sur les bases juridiques du traitement des donn\u00e9es sur ce site web<\/h3>\n\n\n\n<p>Sofern Sie in die Datenverarbeitung eingewilligt haben, verarbeiten wir Ihre personenbezogenen Daten auf Grundlage von Art. 6 Abs. 1 lit. a DSGVO bzw. Art. 9 Abs. 2 lit. a DSGVO, sofern besondere Datenkategorien nach Art. 9 Abs. 1 DSGVO verarbeitet werden. Im Falle einer ausdr\u00fccklichen Einwilligung in die \u00dcbertragung personenbezogener Daten in Drittstaaten erfolgt die Datenverarbeitung au\u00dferdem auf Grundlage von Art. 49 Abs. 1 lit. a DSGVO. Sofern Sie in die Speicherung von Cookies oder in den Zugriff auf Informationen in Ihr Endger\u00e4t (z.&nbsp;B. via Device-Fingerprinting) eingewilligt haben, erfolgt die Datenverarbeitung zus\u00e4tzlich auf Grundlage von \u00a7 25 Abs. 1 TDDDG. Die Einwilligung ist jederzeit widerrufbar. Sind Ihre Daten zur Vertragserf\u00fcllung oder zur Durchf\u00fchrung vorvertraglicher Ma\u00dfnahmen erforderlich, verarbeiten wir Ihre Daten auf Grundlage des Art. 6 Abs. 1 lit. b DSGVO. Des Weiteren verarbeiten wir Ihre Daten, sofern diese zur Erf\u00fcllung einer rechtlichen Verpflichtung erforderlich sind auf Grundlage von Art. 6 Abs. 1 lit. c DSGVO. Die Datenverarbeitung kann ferner auf Grundlage unseres berechtigten Interesses nach Art. 6 Abs. 1 lit. f DSGVO erfolgen. \u00dcber die jeweils im Einzelfall einschl\u00e4gigen Rechtsgrundlagen wird in den folgenden Abs\u00e4tzen dieser Datenschutzerkl\u00e4rung informiert.<\/p>\n\n\n\n<h3 class=\"wp-block-heading has-contrast-color has-text-color\">Remarque sur la transmission de donn\u00e9es aux \u00c9tats-Unis et dans d'autres pays tiers<\/h3>\n\n\n\n<p>Nous utilisons entre autres des outils d'entreprises ayant leur si\u00e8ge aux \u00c9tats-Unis ou dans d'autres pays tiers qui ne sont pas s\u00fbrs du point de vue de la protection des donn\u00e9es. Lorsque ces outils sont actifs, vos donn\u00e9es \u00e0 caract\u00e8re personnel peuvent \u00eatre transf\u00e9r\u00e9es vers ces pays tiers et y \u00eatre trait\u00e9es. Nous attirons votre attention sur le fait qu'aucun niveau de protection des donn\u00e9es comparable \u00e0 celui de l'UE ne peut \u00eatre garanti dans ces pays. Par exemple, les entreprises am\u00e9ricaines sont oblig\u00e9es de transmettre des donn\u00e9es personnelles aux autorit\u00e9s de s\u00e9curit\u00e9 sans que vous puissiez, en tant que personne concern\u00e9e, intenter une action en justice. Il ne peut donc pas \u00eatre exclu que les autorit\u00e9s am\u00e9ricaines (par ex. les services secrets) traitent, \u00e9valuent et stockent durablement vos donn\u00e9es sur les serveurs am\u00e9ricains \u00e0 des fins de surveillance. Nous n'avons aucune influence sur ces activit\u00e9s de traitement.<\/p>\n\n\n\n<h3 class=\"wp-block-heading has-contrast-color has-text-color\">R\u00e9vocation de votre consentement au traitement des donn\u00e9es<\/h3>\n\n\n\n<p>De nombreuses op\u00e9rations de traitement des donn\u00e9es ne sont possibles qu'avec votre consentement explicite. Vous pouvez r\u00e9voquer \u00e0 tout moment un consentement d\u00e9j\u00e0 donn\u00e9. La l\u00e9galit\u00e9 du traitement des donn\u00e9es effectu\u00e9 jusqu'\u00e0 la r\u00e9vocation n'est pas affect\u00e9e par la r\u00e9vocation.<\/p>\n\n\n\n<h3 class=\"wp-block-heading has-contrast-color has-text-color\">Droit d'opposition \u00e0 la collecte de donn\u00e9es dans des cas particuliers et \u00e0 la publicit\u00e9 directe (art. 21 RGPD)<\/h3>\n\n\n\n<p>SI LE TRAITEMENT DES DONN\u00c9ES EST EFFECTU\u00c9 SUR LA BASE DE L'ART. 6 ABS. 1 LIT. E OU F DU RGPD, VOUS AVEZ LE DROIT DE VOUS OPPOSER \u00c0 TOUT MOMENT, POUR DES RAISONS TENANT \u00c0 VOTRE SITUATION PARTICULI\u00c8RE, AU TRAITEMENT DE VOS DONN\u00c9ES PERSONNELLES ; CELA VAUT \u00c9GALEMENT POUR LE PROFILAGE FOND\u00c9 SUR CES DISPOSITIONS. VOUS TROUVEREZ DANS LA PR\u00c9SENTE D\u00c9CLARATION DE PROTECTION DES DONN\u00c9ES LES BASES JURIDIQUES RESPECTIVES SUR LESQUELLES SE FONDE UN TRAITEMENT. SI VOUS VOUS Y OPPOSEZ, NOUS NE TRAITERONS PLUS VOS DONN\u00c9ES PERSONNELLES CONCERN\u00c9ES, \u00c0 MOINS QUE NOUS PUISSIONS D\u00c9MONTRER DES RAISONS IMP\u00c9RIEUSES ET L\u00c9GITIMES POUR LE TRAITEMENT QUI PR\u00c9VALENT SUR VOS INT\u00c9R\u00caTS, VOS DROITS ET VOS LIBERT\u00c9S, OU QUE LE TRAITEMENT SERVE \u00c0 FAIRE VALOIR, EXERCER OU D\u00c9FENDRE DES DROITS L\u00c9GAUX (OPPOSITION \u00c0 L'ARTICLE 21, PARAGRAPHE 1, DU RGPD).<\/p>\n\n\n\n<p>SI VOS DONN\u00c9ES PERSONNELLES SONT TRAIT\u00c9ES \u00c0 DES FINS DE PUBLICIT\u00c9 DIRECTE, VOUS AVEZ LE DROIT DE VOUS OPPOSER \u00c0 TOUT MOMENT AU TRAITEMENT DES DONN\u00c9ES PERSONNELLES VOUS CONCERNANT \u00c0 DE TELLES FINS DE PUBLICIT\u00c9 ; CECI S'APPLIQUE \u00c9GALEMENT AU PROFILAGE DANS LA MESURE O\u00d9 IL EST LI\u00c9 \u00c0 UNE TELLE PUBLICIT\u00c9 DIRECTE. SI VOUS VOUS Y OPPOSEZ, VOS DONN\u00c9ES PERSONNELLES NE SERONT PLUS UTILIS\u00c9ES \u00c0 DES FINS DE PROSPECTION DIRECTE (OPPOSITION SELON L'ART. 21 AL. 2 DSGVO).<\/p>\n\n\n\n<h3 class=\"wp-block-heading has-contrast-color has-text-color\">Droit de recours aupr\u00e8s de l'autorit\u00e9 de surveillance comp\u00e9tente<\/h3>\n\n\n\n<p>En cas de violation du RGPD, les personnes concern\u00e9es disposent d'un droit de recours aupr\u00e8s d'une autorit\u00e9 de contr\u00f4le, notamment dans l'\u00c9tat membre de leur r\u00e9sidence habituelle, de leur lieu de travail ou du lieu de la violation pr\u00e9sum\u00e9e. Ce droit de recours s'exerce sans pr\u00e9judice des autres voies de recours administratives ou judiciaires.<\/p>\n\n\n\n<h3 class=\"wp-block-heading has-contrast-color has-text-color\">Droit \u00e0 la portabilit\u00e9 des donn\u00e9es<\/h3>\n\n\n\n<p>Vous avez le droit de vous faire remettre ou de faire remettre \u00e0 un tiers, dans un format courant et lisible par machine, les donn\u00e9es que nous traitons de mani\u00e8re automatis\u00e9e sur la base de votre consentement ou en ex\u00e9cution d'un contrat. Si vous demandez la transmission directe des donn\u00e9es \u00e0 un autre responsable, cela ne se fera que dans la mesure o\u00f9 cela est techniquement possible.<\/p>\n\n\n\n<h3 class=\"wp-block-heading has-contrast-color has-text-color\">Renseignement, rectification et effacement<\/h3>\n\n\n\n<p>Dans le cadre des dispositions l\u00e9gales en vigueur, vous avez \u00e0 tout moment le droit d'obtenir gratuitement des informations sur vos donn\u00e9es personnelles enregistr\u00e9es, leur origine et leur destinataire ainsi que sur la finalit\u00e9 du traitement des donn\u00e9es et, le cas \u00e9ch\u00e9ant, un droit de rectification ou de suppression de ces donn\u00e9es. Pour ce faire, ainsi que pour toute autre question relative aux donn\u00e9es personnelles, vous pouvez nous contacter \u00e0 tout moment.<\/p>\n\n\n\n<h3 class=\"wp-block-heading has-contrast-color has-text-color\">Droit \u00e0 la limitation du traitement<\/h3>\n\n\n\n<p>Vous avez le droit de demander la limitation du traitement de vos donn\u00e9es \u00e0 caract\u00e8re personnel. Pour ce faire, vous pouvez nous contacter \u00e0 tout moment. Le droit \u00e0 la limitation du traitement existe dans les cas suivants :<\/p>\n\n\n\n<ul class=\"wp-block-list\">\n<li>- Si vous contestez l'exactitude de vos donn\u00e9es \u00e0 caract\u00e8re personnel enregistr\u00e9es chez nous, nous avons g\u00e9n\u00e9ralement besoin de temps pour le v\u00e9rifier. Pendant la dur\u00e9e de la v\u00e9rification, vous avez le droit d'exiger la limitation du traitement de vos donn\u00e9es \u00e0 caract\u00e8re personnel.<\/li>\n\n\n\n<li>Si le traitement de vos donn\u00e9es \u00e0 caract\u00e8re personnel s'est produit\/se produit de mani\u00e8re illicite, vous pouvez demander la limitation du traitement des donn\u00e9es au lieu de leur suppression.<\/li>\n\n\n\n<li>Si nous n'avons plus besoin de vos donn\u00e9es \u00e0 caract\u00e8re personnel, mais que vous en avez besoin pour exercer, d\u00e9fendre ou faire valoir des droits en justice, vous avez le droit de demander la limitation du traitement de vos donn\u00e9es \u00e0 caract\u00e8re personnel au lieu de leur effacement.<\/li>\n\n\n\n<li>Si vous avez fait opposition conform\u00e9ment \u00e0 l'article 21, paragraphe 1, du RGPD, une mise en balance de vos int\u00e9r\u00eats et des n\u00f4tres doit \u00eatre effectu\u00e9e. Tant qu'il n'a pas \u00e9t\u00e9 d\u00e9termin\u00e9 quels int\u00e9r\u00eats pr\u00e9valent, vous avez le droit de demander la limitation du traitement de vos donn\u00e9es \u00e0 caract\u00e8re personnel.\nSi vous avez limit\u00e9 le traitement de vos donn\u00e9es \u00e0 caract\u00e8re personnel, ces donn\u00e9es<\/li>\n<\/ul>\n\n\n\n<p>\u00e0 l'exception de leur stockage - ne peuvent \u00eatre trait\u00e9es qu'avec votre consentement ou pour la constatation, l'exercice ou la d\u00e9fense de droits en justice ou pour la protection des droits d'une autre personne physique ou morale ou pour des motifs d'int\u00e9r\u00eat public important de l'Union europ\u00e9enne ou d'un \u00c9tat membre.<\/p>\n\n\n\n<h3 class=\"wp-block-heading has-contrast-color has-text-color\">Cryptage SSL ou TLS<\/h3>\n\n\n\n<p>Pour des raisons de s\u00e9curit\u00e9 et pour prot\u00e9ger la transmission de contenus confidentiels, tels que les commandes ou les demandes que vous nous envoyez en tant qu'exploitant du site, ce site utilise un cryptage SSL ou TLS. Vous reconnaissez une connexion crypt\u00e9e au fait que la ligne d'adresse du navigateur passe de \"http:\/\/\" \u00e0 \"https:\/\/\" et au symbole du cadenas dans la ligne de votre navigateur.<\/p>\n\n\n\n<p>Si le cryptage SSL ou TLS est activ\u00e9, les donn\u00e9es que vous nous transmettez ne peuvent pas \u00eatre lues par des tiers.<\/p>\n\n\n\n<h3 class=\"wp-block-heading has-contrast-color has-text-color\">Opposition aux e-mails publicitaires<\/h3>\n\n\n\n<p>L'utilisation des donn\u00e9es de contact publi\u00e9es dans le cadre des mentions l\u00e9gales obligatoires pour l'envoi de publicit\u00e9 et de mat\u00e9riel d'information non express\u00e9ment demand\u00e9s est ici interdite. Les exploitants des pages se r\u00e9servent express\u00e9ment le droit d'engager des poursuites judiciaires en cas d'envoi non sollicit\u00e9 d'informations publicitaires, par exemple par le biais de spams.<\/p>\n\n\n\n<h2 class=\"wp-block-heading has-contrast-color has-text-color\">4. collecte de donn\u00e9es sur ce site web<\/h2>\n\n\n\n<h3 class=\"wp-block-heading has-contrast-color has-text-color\">Cookies<\/h3>\n\n\n\n<p>Nos pages Internet utilisent ce que l'on appelle des \"cookies\". Les cookies sont de petits paquets de donn\u00e9es qui ne causent aucun dommage \u00e0 votre terminal. Ils sont enregistr\u00e9s sur votre terminal soit temporairement pour la dur\u00e9e d'une session (cookies de session), soit durablement (cookies permanents). Les cookies de session sont automatiquement supprim\u00e9s \u00e0 la fin de votre visite. Les cookies permanents restent enregistr\u00e9s sur votre terminal jusqu'\u00e0 ce que vous les supprimiez vous-m\u00eame ou qu'une suppression automatique soit effectu\u00e9e par votre navigateur web.<\/p>\n\n\n\n<p>Les cookies peuvent provenir de nous (cookies de premi\u00e8re partie) ou d'entreprises tierces (cookies dits de troisi\u00e8me partie). Les cookies tiers permettent l'int\u00e9gration de certains services d'entreprises tierces au sein des pages web (par exemple, les cookies pour le traitement des services de paiement).<\/p>\n\n\n\n<p>Les cookies ont diff\u00e9rentes fonctions. De nombreux cookies sont techniquement n\u00e9cessaires, car certaines fonctions du site web ne fonctionneraient pas sans eux (par exemple la fonction de panier d'achat ou l'affichage de vid\u00e9os). D'autres cookies peuvent \u00eatre utilis\u00e9s pour \u00e9valuer le comportement de l'utilisateur ou \u00e0 des fins publicitaires.<\/p>\n\n\n\n<p>Cookies, die zur Durchf\u00fchrung des elektronischen Kommunikationsvorgangs, zur Bereitstellung bestimmter, von Ihnen erw\u00fcnschter Funktionen (z.&nbsp;B. f\u00fcr die Warenkorbfunktion) oder zur Optimierung der Website (z.&nbsp;B. Cookies zur Messung des Webpublikums) erforderlich sind (notwendige Cookies), werden auf Grundlage von Art. 6 Abs. 1 lit. f DSGVO gespeichert, sofern keine andere Rechtsgrundlage angegeben wird. Der Websitebetreiber hat ein berechtigtes Interesse an der Speicherung von notwendigen Cookies zur technisch fehlerfreien und optimierten Bereitstellung seiner Dienste. Sofern eine Einwilligung zur Speicherung von Cookies und vergleichbaren Wiedererkennungstechnologien abgefragt wurde, erfolgt die Verarbeitung ausschlie\u00dflich auf Grundlage dieser Einwilligung (Art. 6 Abs. 1 lit. a DSGVO und \u00a7 25 Abs. 1 TDDDG); die Einwilligung ist jederzeit widerrufbar.<\/p>\n\n\n\n<p>Vous pouvez configurer votre navigateur de mani\u00e8re \u00e0 \u00eatre inform\u00e9 de l'installation de cookies et \u00e0 n'autoriser les cookies qu'au cas par cas, \u00e0 exclure l'acceptation de cookies pour certains cas ou de mani\u00e8re g\u00e9n\u00e9rale, et \u00e0 activer la suppression automatique des cookies \u00e0 la fermeture du navigateur. En cas de d\u00e9sactivation des cookies, la fonctionnalit\u00e9 de ce site web peut \u00eatre limit\u00e9e.<\/p>\n\n\n\n<p>Vous pouvez consulter cette d\u00e9claration de protection des donn\u00e9es pour savoir quels cookies et services sont utilis\u00e9s sur ce site web.<\/p>\n\n\n\n<h3 class=\"wp-block-heading has-contrast-color has-text-color\">Consentement avec Compliance<\/h3>\n\n\n\n<p>Notre site web utilise la technologie Consent de Complianz pour obtenir votre consentement \u00e0 l'enregistrement de certains cookies sur votre terminal ou \u00e0 l'utilisation de certaines technologies et pour documenter ce consentement conform\u00e9ment \u00e0 la protection des donn\u00e9es. Le fournisseur de cette technologie est Complianz B.V., Kalmarweg 14-5, 9723 JG Groningen, Pays-Bas (ci-apr\u00e8s \"Complianz\").<\/p>\n\n\n\n<p>Complianz est h\u00e9berg\u00e9e sur nos serveurs, de sorte qu'aucune connexion n'est \u00e9tablie avec les serveurs du fournisseur de Complianz. Complianz enregistre un cookie dans votre navigateur afin de pouvoir vous attribuer les consentements donn\u00e9s ou leur r\u00e9vocation. Les donn\u00e9es ainsi collect\u00e9es sont conserv\u00e9es jusqu'\u00e0 ce que vous nous demandiez de les supprimer, que vous supprimiez vous-m\u00eame le cookie Complianz ou que le but de la conservation des donn\u00e9es devienne caduc. Les obligations l\u00e9gales de conservation obligatoires ne sont pas affect\u00e9es.<\/p>\n\n\n\n<p>L'utilisation de Complianz a lieu afin d'obtenir les consentements prescrits par la loi pour l'utilisation de cookies. La base juridique est l'article 6, paragraphe 1, point c) du RGPD.<\/p>\n\n\n\n<h3 class=\"wp-block-heading has-contrast-color has-text-color\">Fichiers journaux du serveur<\/h3>\n\n\n\n<p>Le fournisseur des pages collecte et enregistre automatiquement des informations dans ce que l'on appelle des fichiers journaux du serveur, que votre navigateur nous transmet automatiquement. Il s'agit de :<\/p>\n\n\n\n<ul class=\"wp-block-list\">\n<li>type et version du navigateur<\/li>\n\n\n\n<li>syst\u00e8me d'exploitation utilis\u00e9<\/li>\n\n\n\n<li>URL de r\u00e9f\u00e9rence<\/li>\n\n\n\n<li>Nom d'h\u00f4te de l'ordinateur acc\u00e9dant au site<\/li>\n\n\n\n<li>Heure de la demande du serveur<\/li>\n\n\n\n<li>adresse IP<\/li>\n<\/ul>\n\n\n\n<p>Ces donn\u00e9es ne sont pas recoup\u00e9es avec d'autres sources de donn\u00e9es.<\/p>\n\n\n\n<p>La collecte de ces donn\u00e9es s'effectue sur la base de l'article 6, paragraphe 1, point f du RGPD. L'exploitant du site web a un int\u00e9r\u00eat l\u00e9gitime \u00e0 ce que son site web soit pr\u00e9sent\u00e9 sans erreur technique et \u00e0 ce qu'il soit optimis\u00e9 - pour cela, les fichiers journaux du serveur doivent \u00eatre collect\u00e9s.<\/p>\n\n\n\n<h3 class=\"wp-block-heading has-contrast-color has-text-color\">Formulaire de contact<\/h3>\n\n\n\n<p>Si vous nous envoyez des demandes par le biais du formulaire de contact, vos donn\u00e9es du formulaire de demande, y compris les donn\u00e9es de contact que vous y avez indiqu\u00e9es, sont enregistr\u00e9es chez nous \u00e0 des fins de traitement de la demande et en cas de questions de suivi. Nous ne transmettons pas ces donn\u00e9es sans votre consentement.<\/p>\n\n\n\n<p>Le traitement de ces donn\u00e9es est bas\u00e9 sur l'article 6, paragraphe 1, point b) du RGPD, dans la mesure o\u00f9 votre demande est li\u00e9e \u00e0 l'ex\u00e9cution d'un contrat ou est n\u00e9cessaire \u00e0 l'ex\u00e9cution de mesures pr\u00e9contractuelles. Dans tous les autres cas, le traitement repose sur notre int\u00e9r\u00eat l\u00e9gitime \u00e0 traiter efficacement les demandes qui nous sont adress\u00e9es (article 6, paragraphe 1, point f) du RGPD) ou sur votre consentement (article 6, paragraphe 1, point a) du RGPD) dans la mesure o\u00f9 celui-ci a \u00e9t\u00e9 demand\u00e9 ; le consentement peut \u00eatre retir\u00e9 \u00e0 tout moment.<\/p>\n\n\n\n<p>Les donn\u00e9es que vous avez saisies dans le formulaire de contact restent chez nous jusqu'\u00e0 ce que vous nous demandiez de les supprimer, que vous r\u00e9voquiez votre consentement \u00e0 leur enregistrement ou que la finalit\u00e9 de l'enregistrement des donn\u00e9es devienne caduque (par ex. apr\u00e8s le traitement de votre demande). Les dispositions l\u00e9gales contraignantes - en particulier les d\u00e9lais de conservation - ne sont pas affect\u00e9es.<\/p>\n\n\n\n<h3 class=\"wp-block-heading has-contrast-color has-text-color\">Demande par e-mail, t\u00e9l\u00e9phone ou t\u00e9l\u00e9copie<\/h3>\n\n\n\n<p>Si vous nous contactez par e-mail, t\u00e9l\u00e9phone ou t\u00e9l\u00e9copie, votre demande, y compris toutes les donn\u00e9es personnelles qui en d\u00e9coulent (nom, demande), sera enregistr\u00e9e et trait\u00e9e par nos soins dans le but de traiter votre demande. Nous ne transmettons pas ces donn\u00e9es sans votre consentement.<\/p>\n\n\n\n<p>Le traitement de ces donn\u00e9es est bas\u00e9 sur l'article 6, paragraphe 1, point b) du RGPD, dans la mesure o\u00f9 votre demande est li\u00e9e \u00e0 l'ex\u00e9cution d'un contrat ou est n\u00e9cessaire \u00e0 l'ex\u00e9cution de mesures pr\u00e9contractuelles. Dans tous les autres cas, le traitement repose sur notre int\u00e9r\u00eat l\u00e9gitime \u00e0 traiter efficacement les demandes qui nous sont adress\u00e9es (article 6, paragraphe 1, point f) du RGPD) ou sur votre consentement (article 6, paragraphe 1, point a) du RGPD) dans la mesure o\u00f9 celui-ci a \u00e9t\u00e9 demand\u00e9 ; le consentement peut \u00eatre retir\u00e9 \u00e0 tout moment.<\/p>\n\n\n\n<p>Les donn\u00e9es que vous nous avez envoy\u00e9es par le biais de demandes de contact restent chez nous jusqu'\u00e0 ce que vous nous demandiez de les effacer, que vous r\u00e9voquiez votre consentement \u00e0 leur enregistrement ou que la finalit\u00e9 de l'enregistrement des donn\u00e9es devienne caduque (par ex. apr\u00e8s le traitement de votre demande). Les dispositions l\u00e9gales contraignantes - en particulier les d\u00e9lais de conservation l\u00e9gaux - ne sont pas affect\u00e9es.<\/p>\n\n\n\n<h3 class=\"wp-block-heading has-contrast-color has-text-color has-link-color wp-elements-cca43a74a41b80390e918bd3d27dafa6\">Registrierung auf dieser Website<\/h3>\n\n\n\n<p>Sie k\u00f6nnen sich auf dieser Website registrieren, um zus\u00e4tzliche Funktionen auf der Seite zu nutzen. Die dazu eingegebenen Daten verwenden wir nur zum Zwecke der Nutzung des jeweiligen Angebotes oder Dienstes, f\u00fcr den Sie sich registriert haben. Die bei der Registrierung abgefragten Pflichtangaben m\u00fcssen vollst\u00e4ndig angegeben werden. Anderenfalls werden wir die Registrierung ablehnen.&nbsp;<\/p>\n\n\n\n<p>F\u00fcr wichtige \u00c4nderungen etwa beim Angebotsumfang oder bei technisch notwendigen \u00c4nderungen nutzen wir die bei der Registrierung angegebene E-Mail-Adresse, um Sie auf diesem Wege zu informieren.&nbsp;<\/p>\n\n\n\n<p>Die Verarbeitung der bei der Registrierung eingegebenen Daten erfolgt zum Zwecke der Durchf\u00fchrung des durch die Registrierung begr\u00fcndeten Nutzungsverh\u00e4ltnisses und ggf. zur Anbahnung weiterer Vertr\u00e4ge (Art. 6 Abs. 1 lit. b DSGVO).&nbsp;<\/p>\n\n\n\n<p>Die bei der Registrierung erfassten Daten werden von uns gespeichert, solange Sie auf dieser Website registriert sind und werden anschlie\u00dfend gel\u00f6scht. Gesetzliche Aufbewahrungsfristen bleiben unber\u00fchrt.&nbsp;<\/p>\n\n\n\n<h2 class=\"wp-block-heading has-contrast-color has-text-color\">5. outils d'analyse et publicit\u00e9<\/h2>\n\n\n\n<h3 class=\"wp-block-heading has-contrast-color has-text-color\">Google Tag Manager<\/h3>\n\n\n\n<p>Wir setzen den Google Tag Manager ein. Anbieter ist die Google Ireland Limited, Gordon House, Barrow Street, Dublin 4, Irland.&nbsp;<\/p>\n\n\n\n<p>Der Google Tag Manager ist ein Tool, mit dessen Hilfe wir Tracking- oder Statistik-Tools und andere Technologien auf unserer Website einbinden k\u00f6nnen. Der Google Tag Manager selbst erstellt keine Nutzerprofile, speichert keine Cookies und nimmt keine eigenst\u00e4ndigen Analysen vor. Er dient lediglich der Verwaltung und Ausspielung der \u00fcber ihn eingebundenen Tools. Der Google Tag Manager erfasst jedoch Ihre IP-Adresse, die auch an das Mutterunternehmen von Google in die Vereinigten Staaten \u00fcbertragen werden kann.&nbsp;<\/p>\n\n\n\n<p>Der Einsatz des Google Tag Managers erfolgt auf Grundlage von Art. 6 Abs. 1 lit. f DSGVO. Der Websitebetreiber hat ein berechtigtes Interesse an einer schnellen und unkomplizierten Einbindung und Verwaltung verschiedener Tools auf seiner Website. Sofern eine entsprechende Einwilligung abgefragt wurde, erfolgt die Verarbeitung ausschlie\u00dflich auf Grundlage von Art. 6 Abs. 1 lit. a DSGVO und \u00a7 25 Abs. 1 TDDDG, soweit die Einwilligung die Speicherung von Cookies oder den Zugriff auf Informationen im Endger\u00e4t des Nutzers (z. B. Device-Fingerprinting) im Sinne des TDDDG umfasst. Die Einwilligung ist jederzeit widerrufbar.&nbsp;<\/p>\n\n\n\n<p>Das Unternehmen verf\u00fcgt \u00fcber eine Zertifizierung nach dem \u201eEU-US Data Privacy Framework\u201c (DPF). Der DPF ist ein \u00dcbereinkommen zwischen der Europ\u00e4ischen Union und den USA, der die Einhaltung europ\u00e4ischer Datenschutzstandards bei Datenverarbeitungen in den USA gew\u00e4hrleisten soll. Jedes nach dem DPF zertifizierte Unternehmen verpflichtet sich, diese Datenschutzstandards einzuhalten. Weitere Informationen hierzu erhalten Sie vom Anbieter unter folgendem Link: <a href=\"https:\/\/www.dataprivacyframework.gov\/participant\/5780.\u00a0\">https:\/\/www.dataprivacyframework.gov\/participant\/5780.\u00a0<\/a><\/p>\n\n\n\n<h3 class=\"wp-block-heading has-contrast-color has-text-color\">Google Analytics<\/h3>\n\n\n\n<p>Ce site web utilise des fonctions du service d'analyse web Google Analytics. Le fournisseur est Google Ireland Limited (\"Google\"), Gordon House, Barrow Street, Dublin 4, Irlande.<\/p>\n\n\n\n<p>Google Analytics permet \u00e0 l'exploitant du site web d'analyser le comportement des visiteurs du site. Pour ce faire, l'exploitant du site web re\u00e7oit diff\u00e9rentes donn\u00e9es d'utilisation, comme par exemple les pages consult\u00e9es, la dur\u00e9e de la visite, les syst\u00e8mes d'exploitation utilis\u00e9s et l'origine de l'utilisateur. Ces donn\u00e9es sont attribu\u00e9es au terminal respectif de l'utilisateur. Il n'y a pas d'attribution \u00e0 un identifiant d'utilisateur.<\/p>\n\n\n\n<p>En outre, Google Analytics nous permet d'enregistrer, entre autres, vos mouvements de souris et de d\u00e9filement ainsi que vos clics. En outre, Google Analytics utilise diff\u00e9rentes approches de mod\u00e9lisation pour compl\u00e9ter les ensembles de donn\u00e9es collect\u00e9s et utilise des technologies d'apprentissage automatique pour l'analyse des donn\u00e9es.<\/p>\n\n\n\n<p>Google Analytics utilise des technologies qui permettent de reconna\u00eetre l'utilisateur \u00e0 des fins d'analyse du comportement de l'utilisateur (par exemple, des cookies ou l'empreinte digitale de l'appareil). Les informations collect\u00e9es par Google sur l'utilisation de ce site web sont g\u00e9n\u00e9ralement transmises \u00e0 un serveur de Google aux \u00c9tats-Unis et y sont enregistr\u00e9es.<\/p>\n\n\n\n<p>L'utilisation de ce service se fait sur la base de votre consentement conform\u00e9ment \u00e0 l'article 6, paragraphe 1, point a) du RGPD et \u00e0 l'article 25, paragraphe 1 de la TDDDG. Ce consentement peut \u00eatre r\u00e9voqu\u00e9 \u00e0 tout moment.<\/p>\n\n\n\n<p>Le transfert de donn\u00e9es vers les \u00c9tats-Unis est bas\u00e9 sur les clauses contractuelles standard de la Commission europ\u00e9enne. Vous trouverez des d\u00e9tails ici : <a href=\"https:\/\/privacy.google.com\/businesses\/controllerterms\/mccs\/\" target=\"_blank\" rel=\"noreferrer noopener\">https:\/\/privacy.google.com\/businesses\/controllerterms\/mccs\/<\/a>.<\/p>\n\n\n\n<h4 class=\"wp-block-heading has-contrast-color has-text-color\">Plugin de navigateur<\/h4>\n\n\n\n<p>Vous pouvez emp\u00eacher la saisie et le traitement de vos donn\u00e9es par Google en t\u00e9l\u00e9chargeant et en installant le plug-in de navigateur disponible sous le lien suivant : <a href=\"https:\/\/tools.google.com\/dlpage\/gaoptout?hl=de\" target=\"_blank\" rel=\"noreferrer noopener\">https:\/\/tools.google.com\/dlpage\/gaoptout?hl=de<\/a>.<\/p>\n\n\n\n<p>Vous trouverez plus d'informations sur le traitement des donn\u00e9es des utilisateurs de Google Analytics dans la d\u00e9claration de confidentialit\u00e9 de Google : <a href=\"https:\/\/support.google.com\/analytics\/answer\/6004245?hl=de\" target=\"_blank\" rel=\"noreferrer noopener\">https:\/\/support.google.com\/analytics\/answer\/6004245?hl=de<\/a>.<\/p>\n\n\n\n<h4 class=\"wp-block-heading has-contrast-color has-text-color\">Traitement des commandes<\/h4>\n\n\n\n<p>Nous avons conclu un contrat de traitement des commandes avec Google et appliquons int\u00e9gralement les directives strictes des autorit\u00e9s allemandes de protection des donn\u00e9es lors de l'utilisation de Google Analytics.<\/p>\n\n\n\n<h2 class=\"wp-block-heading has-contrast-color has-text-color has-link-color wp-elements-6abdfdacdb3d05ca6cb4e83ad54f1afb\">6. Plugins und Tools<\/h2>\n\n\n\n<h3 class=\"wp-block-heading has-contrast-color has-text-color has-link-color wp-elements-64dfbc2fa957f13bf0b51ddb2182c26d\">Google Maps<\/h3>\n\n\n\n<p>Diese Seite nutzt den Kartendienst Google Maps. Anbieter ist die Google Ireland Limited (\u201eGoogle\u201c), Gordon House, Barrow Street, Dublin 4, Irland. Mit Hilfe dieses Dienstes k\u00f6nnen wir Kartenmaterial auf unserer Website einbinden.&nbsp;<\/p>\n\n\n\n<p>Zur Nutzung der Funktionen von Google Maps ist es notwendig, Ihre IP-Adresse zu speichern. Diese Informationen werden in der Regel an einen Server von Google in den USA \u00fcbertragen und dort gespeichert. Der Anbieter dieser Seite hat keinen Einfluss auf diese Daten\u00fcbertragung. Wenn Google Maps aktiviert ist, kann Google zum Zwecke der einheitlichen Darstellung der Schriftarten Google Fonts verwenden. Beim Aufruf von Google Maps l\u00e4dt Ihr Browser die ben\u00f6tigten Web Fonts in ihren Browsercache, um Texte und Schriftarten korrekt anzuzeigen.&nbsp;<\/p>\n\n\n\n<p>Die Nutzung von Google Maps erfolgt im Interesse einer ansprechenden Darstellung unserer Online- Angebote und an einer leichten Auffindbarkeit der von uns auf der Website angegebenen Orte. Dies stellt ein berechtigtes Interesse im Sinne von Art. 6 Abs. 1 lit. f DSGVO dar. Sofern eine entsprechende Einwilligung abgefragt wurde, erfolgt die Verarbeitung ausschlie\u00dflich auf Grundlage von Art. 6 Abs. 1 lit. a DSGVO und \u00a7 25 Abs. 1 TDDDG, soweit die Einwilligung die Speicherung von Cookies oder den Zugriff auf Informationen im Endger\u00e4t des Nutzers (z. B. Device-Fingerprinting) im Sinne des TDDDG umfasst. Die Einwilligung ist jederzeit widerrufbar.&nbsp;<\/p>\n\n\n\n<p>Le transfert de donn\u00e9es vers les \u00c9tats-Unis est bas\u00e9 sur les clauses contractuelles standard de la Commission europ\u00e9enne. Vous trouverez des d\u00e9tails ici : <a href=\"https:\/\/privacy.google.com\/businesses\/gdprcontrollerterms\/ und https:\/\/privacy.google.com\/businesses\/gdprcontrollerterms\/sccs\/\">https:\/\/privacy.google.com\/businesses\/gdprcontrollerterms\/ und https:\/\/privacy.google.com\/businesses\/gdprcontrollerterms\/sccs\/<\/a>.\u00a0<\/p>\n\n\n\n<p>Mehr Informationen zum Umgang mit Nutzerdaten finden Sie in der Datenschutzerkl\u00e4rung von Google: <a href=\"https:\/\/policies.google.com\/privacy?hl=de\">https:\/\/policies.google.com\/privacy?hl=de<\/a>.\u00a0<\/p>\n\n\n\n<p>Das Unternehmen verf\u00fcgt \u00fcber eine Zertifizierung nach dem \u201eEU-US Data Privacy Framework\u201c (DPF). Der DPF ist ein \u00dcbereinkommen zwischen der Europ\u00e4ischen Union und den USA, der die Einhaltung europ\u00e4ischer Datenschutzstandards bei Datenverarbeitungen in den USA gew\u00e4hrleisten soll. Jedes nach dem DPF zertifizierte Unternehmen verpflichtet sich, diese Datenschutzstandards einzuhalten. Weitere Informationen hierzu erhalten Sie vom Anbieter unter folgendem Link: <a href=\"https:\/\/www.dataprivacyframework.gov\/participant\/5780.\u00a0\">https:\/\/www.dataprivacyframework.gov\/participant\/5780.\u00a0<\/a><\/p>\n<\/div>\n<\/div>\n\n\n\n<div style=\"height:100px\" aria-hidden=\"true\" class=\"wp-block-spacer spacer-100\"><\/div>","protected":false},"excerpt":{"rendered":"<p>Datenschutz\u00aderkl\u00e4rung 1. Datenschutz auf einen Blick Allgemeine Hinweise Die folgenden Hinweise geben einen einfachen \u00dcberblick dar\u00fcber, was mit Ihren personenbezogenen Daten passiert, wenn Sie diese Website besuchen. Personenbezogene Daten sind alle Daten, mit denen Sie pers\u00f6nlich identifiziert werden k\u00f6nnen. Ausf\u00fchrliche Informationen zum Thema Datenschutz entnehmen Sie unserer unter diesem Text aufgef\u00fchrten Datenschutzerkl\u00e4rung. Datenerfassung auf dieser [&hellip;]<\/p>\n","protected":false},"author":1,"featured_media":0,"parent":0,"menu_order":0,"comment_status":"closed","ping_status":"closed","template":"","meta":{"_editorskit_title_hidden":false,"_editorskit_reading_time":1,"_editorskit_is_block_options_detached":false,"_editorskit_block_options_position":"{}","inline_featured_image":false,"advgb_blocks_editor_width":"","advgb_blocks_columns_visual_guide":"","footnotes":""},"class_list":["post-368","page","type-page","status-publish","hentry"],"yoast_head":"<!-- This site is optimized with the Yoast SEO plugin v26.7 - https:\/\/yoast.com\/wordpress\/plugins\/seo\/ -->\n<title>Datenschutz - SPALEK ALUTECHNIK<\/title>\n<meta name=\"robots\" content=\"noindex, follow\" \/>\n<meta property=\"og:locale\" content=\"fr_FR\" \/>\n<meta property=\"og:type\" content=\"article\" \/>\n<meta property=\"og:title\" content=\"Datenschutz - SPALEK ALUTECHNIK\" \/>\n<meta property=\"og:description\" content=\"Datenschutz\u00aderkl\u00e4rung 1. Datenschutz auf einen Blick Allgemeine Hinweise Die folgenden Hinweise geben einen einfachen \u00dcberblick dar\u00fcber, was mit Ihren personenbezogenen Daten passiert, wenn Sie diese Website besuchen. Personenbezogene Daten sind alle Daten, mit denen Sie pers\u00f6nlich identifiziert werden k\u00f6nnen. Ausf\u00fchrliche Informationen zum Thema Datenschutz entnehmen Sie unserer unter diesem Text aufgef\u00fchrten Datenschutzerkl\u00e4rung. Datenerfassung auf dieser [&hellip;]\" \/>\n<meta property=\"og:url\" content=\"https:\/\/spalek-alutechnik.de\/fr\/datenschutz\/\" \/>\n<meta property=\"og:site_name\" content=\"SPALEK ALUTECHNIK\" \/>\n<meta property=\"article:modified_time\" content=\"2025-12-05T12:51:26+00:00\" \/>\n<meta name=\"twitter:card\" content=\"summary_large_image\" \/>\n<meta name=\"twitter:label1\" content=\"Dur\u00e9e de lecture estim\u00e9e\" \/>\n\t<meta name=\"twitter:data1\" content=\"21 minutes\" \/>\n<script type=\"application\/ld+json\" class=\"yoast-schema-graph\">{\"@context\":\"https:\/\/schema.org\",\"@graph\":[{\"@type\":\"WebPage\",\"@id\":\"https:\/\/spalek-alutechnik.de\/datenschutz\/\",\"url\":\"https:\/\/spalek-alutechnik.de\/datenschutz\/\",\"name\":\"Datenschutz - SPALEK ALUTECHNIK\",\"isPartOf\":{\"@id\":\"https:\/\/spalek-alutechnik.de\/#website\"},\"datePublished\":\"2023-03-10T09:45:07+00:00\",\"dateModified\":\"2025-12-05T12:51:26+00:00\",\"breadcrumb\":{\"@id\":\"https:\/\/spalek-alutechnik.de\/datenschutz\/#breadcrumb\"},\"inLanguage\":\"fr-FR\",\"potentialAction\":[{\"@type\":\"ReadAction\",\"target\":[\"https:\/\/spalek-alutechnik.de\/datenschutz\/\"]}]},{\"@type\":\"BreadcrumbList\",\"@id\":\"https:\/\/spalek-alutechnik.de\/datenschutz\/#breadcrumb\",\"itemListElement\":[{\"@type\":\"ListItem\",\"position\":1,\"name\":\"Startseite\",\"item\":\"https:\/\/spalek-alutechnik.de\/\"},{\"@type\":\"ListItem\",\"position\":2,\"name\":\"Datenschutz\"}]},{\"@type\":\"WebSite\",\"@id\":\"https:\/\/spalek-alutechnik.de\/#website\",\"url\":\"https:\/\/spalek-alutechnik.de\/\",\"name\":\"SPALEK ALUTECHNIK\",\"description\":\"Allwetterdielen f\u00fcr Terrassen und Fassaden\",\"publisher\":{\"@id\":\"https:\/\/spalek-alutechnik.de\/#organization\"},\"potentialAction\":[{\"@type\":\"SearchAction\",\"target\":{\"@type\":\"EntryPoint\",\"urlTemplate\":\"https:\/\/spalek-alutechnik.de\/?s={search_term_string}\"},\"query-input\":{\"@type\":\"PropertyValueSpecification\",\"valueRequired\":true,\"valueName\":\"search_term_string\"}}],\"inLanguage\":\"fr-FR\"},{\"@type\":\"Organization\",\"@id\":\"https:\/\/spalek-alutechnik.de\/#organization\",\"name\":\"SPALEK ALUTECHNIK\",\"url\":\"https:\/\/spalek-alutechnik.de\/\",\"logo\":{\"@type\":\"ImageObject\",\"inLanguage\":\"fr-FR\",\"@id\":\"https:\/\/spalek-alutechnik.de\/#\/schema\/logo\/image\/\",\"url\":\"https:\/\/spalek-alutechnik.de\/wp-content\/uploads\/2023\/03\/Logo-Alutechnik.svg\",\"contentUrl\":\"https:\/\/spalek-alutechnik.de\/wp-content\/uploads\/2023\/03\/Logo-Alutechnik.svg\",\"width\":246,\"height\":88,\"caption\":\"SPALEK ALUTECHNIK\"},\"image\":{\"@id\":\"https:\/\/spalek-alutechnik.de\/#\/schema\/logo\/image\/\"}}]}<\/script>\n<!-- \/ Yoast SEO plugin. -->","yoast_head_json":{"title":"Datenschutz - SPALEK ALUTECHNIK","robots":{"index":"noindex","follow":"follow"},"og_locale":"fr_FR","og_type":"article","og_title":"Datenschutz - SPALEK ALUTECHNIK","og_description":"Datenschutz\u00aderkl\u00e4rung 1. Datenschutz auf einen Blick Allgemeine Hinweise Die folgenden Hinweise geben einen einfachen \u00dcberblick dar\u00fcber, was mit Ihren personenbezogenen Daten passiert, wenn Sie diese Website besuchen. Personenbezogene Daten sind alle Daten, mit denen Sie pers\u00f6nlich identifiziert werden k\u00f6nnen. Ausf\u00fchrliche Informationen zum Thema Datenschutz entnehmen Sie unserer unter diesem Text aufgef\u00fchrten Datenschutzerkl\u00e4rung. Datenerfassung auf dieser [&hellip;]","og_url":"https:\/\/spalek-alutechnik.de\/fr\/datenschutz\/","og_site_name":"SPALEK ALUTECHNIK","article_modified_time":"2025-12-05T12:51:26+00:00","twitter_card":"summary_large_image","twitter_misc":{"Dur\u00e9e de lecture estim\u00e9e":"21 minutes"},"schema":{"@context":"https:\/\/schema.org","@graph":[{"@type":"WebPage","@id":"https:\/\/spalek-alutechnik.de\/datenschutz\/","url":"https:\/\/spalek-alutechnik.de\/datenschutz\/","name":"Datenschutz - SPALEK ALUTECHNIK","isPartOf":{"@id":"https:\/\/spalek-alutechnik.de\/#website"},"datePublished":"2023-03-10T09:45:07+00:00","dateModified":"2025-12-05T12:51:26+00:00","breadcrumb":{"@id":"https:\/\/spalek-alutechnik.de\/datenschutz\/#breadcrumb"},"inLanguage":"fr-FR","potentialAction":[{"@type":"ReadAction","target":["https:\/\/spalek-alutechnik.de\/datenschutz\/"]}]},{"@type":"BreadcrumbList","@id":"https:\/\/spalek-alutechnik.de\/datenschutz\/#breadcrumb","itemListElement":[{"@type":"ListItem","position":1,"name":"Startseite","item":"https:\/\/spalek-alutechnik.de\/"},{"@type":"ListItem","position":2,"name":"Datenschutz"}]},{"@type":"WebSite","@id":"https:\/\/spalek-alutechnik.de\/#website","url":"https:\/\/spalek-alutechnik.de\/","name":"SPALEK ALUTECHNIK","description":"Allwetterdielen f\u00fcr Terrassen und Fassaden","publisher":{"@id":"https:\/\/spalek-alutechnik.de\/#organization"},"potentialAction":[{"@type":"SearchAction","target":{"@type":"EntryPoint","urlTemplate":"https:\/\/spalek-alutechnik.de\/?s={search_term_string}"},"query-input":{"@type":"PropertyValueSpecification","valueRequired":true,"valueName":"search_term_string"}}],"inLanguage":"fr-FR"},{"@type":"Organization","@id":"https:\/\/spalek-alutechnik.de\/#organization","name":"SPALEK ALUTECHNIK","url":"https:\/\/spalek-alutechnik.de\/","logo":{"@type":"ImageObject","inLanguage":"fr-FR","@id":"https:\/\/spalek-alutechnik.de\/#\/schema\/logo\/image\/","url":"https:\/\/spalek-alutechnik.de\/wp-content\/uploads\/2023\/03\/Logo-Alutechnik.svg","contentUrl":"https:\/\/spalek-alutechnik.de\/wp-content\/uploads\/2023\/03\/Logo-Alutechnik.svg","width":246,"height":88,"caption":"SPALEK ALUTECHNIK"},"image":{"@id":"https:\/\/spalek-alutechnik.de\/#\/schema\/logo\/image\/"}}]}},"coauthors":[],"author_meta":{"author_link":"https:\/\/spalek-alutechnik.de\/fr\/author\/mhorn\/","display_name":"MHorn"},"relative_dates":{"created":"Publi\u00e9 3 ans il y a","modified":"Mis \u00e0 jour 5 mois il y a"},"absolute_dates":{"created":"Publi\u00e9 le 10. mars 2023","modified":"Mise \u00e0 jour le 5. d\u00e9cembre 2025"},"absolute_dates_time":{"created":"Publi\u00e9 le 10. mars 2023 10:45","modified":"Mise \u00e0 jour le 5. d\u00e9cembre 2025 13:51"},"featured_img_caption":"","featured_img":false,"series_order":"","_links":{"self":[{"href":"https:\/\/spalek-alutechnik.de\/fr\/wp-json\/wp\/v2\/pages\/368","targetHints":{"allow":["GET"]}}],"collection":[{"href":"https:\/\/spalek-alutechnik.de\/fr\/wp-json\/wp\/v2\/pages"}],"about":[{"href":"https:\/\/spalek-alutechnik.de\/fr\/wp-json\/wp\/v2\/types\/page"}],"author":[{"embeddable":true,"href":"https:\/\/spalek-alutechnik.de\/fr\/wp-json\/wp\/v2\/users\/1"}],"replies":[{"embeddable":true,"href":"https:\/\/spalek-alutechnik.de\/fr\/wp-json\/wp\/v2\/comments?post=368"}],"version-history":[{"count":5,"href":"https:\/\/spalek-alutechnik.de\/fr\/wp-json\/wp\/v2\/pages\/368\/revisions"}],"predecessor-version":[{"id":831,"href":"https:\/\/spalek-alutechnik.de\/fr\/wp-json\/wp\/v2\/pages\/368\/revisions\/831"}],"wp:attachment":[{"href":"https:\/\/spalek-alutechnik.de\/fr\/wp-json\/wp\/v2\/media?parent=368"}],"curies":[{"name":"wp","href":"https:\/\/api.w.org\/{rel}","templated":true}]}}