{"id":278,"date":"2023-03-09T18:21:15","date_gmt":"2023-03-09T17:21:15","guid":{"rendered":"https:\/\/spalek-alutechnik.de\/?page_id=278"},"modified":"2025-04-24T08:55:22","modified_gmt":"2025-04-24T06:55:22","slug":"abdeckleiste-25-mm","status":"publish","type":"page","link":"https:\/\/spalek-alutechnik.de\/fr\/produktauswahl\/abdeckleiste-25-mm\/","title":{"rendered":"Baguette de finition \u2013 25 mm"},"content":{"rendered":"<div style=\"height:100px\" aria-hidden=\"true\" class=\"wp-block-spacer spacer-100\"><\/div>\n\n\n\n<div class=\"wp-block-group alignfull px-3 px-md-4 px-lg-5 pt-5 pb-3 pb-md-4 pb-lg-5 has-base-background-color has-background has-global-padding is-content-justification-center is-layout-constrained wp-container-core-group-is-layout-2 wp-block-group-is-layout-constrained\" id=\"intro\">\n<div class=\"wp-block-group py-3 py-md-4 py-lg-5 has-global-padding is-content-justification-left is-layout-constrained wp-container-core-group-is-layout-1 wp-block-group-is-layout-constrained\"><h1 style=\"font-size:clamp(14px, 0.875rem + ((1vw - 3.2px) * 0.156), 16px);\" class=\"breadcrump wp-block-post-title has-text-color has-primary-color\"><a href=\"https:\/\/spalek-alutechnik.de\/fr\/produktauswahl\/abdeckleiste-25-mm\/\" target=\"_self\" >Baguette de finition \u2013 25 mm<\/a><\/h1>\n\n\n<h2 class=\"wp-block-heading\" style=\"font-style:normal;font-weight:700\">Baguette de finition \u2013 25 mm<\/h2>\n\n\n\n<p class=\"has-grey-color has-text-color\">La baguette de finition de 25 mm est id\u00e9ale pour les configurations n\u00e9cessitant une hauteur r\u00e9duite. <\/p>\n\n\n\n<p class=\"has-grey-color has-text-color\">Elle se fixe de mani\u00e8re flexible \u00e0 l\u2019aide de vis dans les fentes pr\u00e9vues \u00e0 cet effet, permettant un montage pr\u00e9cis et une esth\u00e9tique impeccable.<\/p>\n<\/div>\n<\/div>\n\n\n\n<div class=\"wp-block-group alignfull py-5 px-3 px-md-4 px-lg-5 has-base-background-color has-background has-global-padding is-content-justification-center is-layout-constrained wp-container-core-group-is-layout-5 wp-block-group-is-layout-constrained\" id=\"product\">\n<div class=\"wp-block-group has-global-padding is-layout-constrained wp-block-group-is-layout-constrained\">\n<div class=\"wp-block-columns product-gallery is-layout-flex wp-container-core-columns-is-layout-2 wp-block-columns-is-layout-flex\">\n<div class=\"wp-block-column is-layout-flow wp-block-column-is-layout-flow\" style=\"flex-basis:60%\">\n<figure class=\"wp-block-image size-full show\"><img decoding=\"async\" id=\"expandedImg\" class=\"img-fluid\" src=\"https:\/\/spalek-alutechnik.de\/wp-content\/uploads\/2023\/03\/spalek_id0005_v1_aludiele_Abdeckleiste_grau.png\" alt=\"\"><\/p>\n<div id=\"imgtext\">&nbsp;<\/div>\n<\/figure>\n<\/div>\n\n\n\n<div class=\"wp-block-column is-layout-flow wp-block-column-is-layout-flow\" style=\"flex-basis:40%\">\n<div class=\"wp-block-columns thumbnail-columns is-layout-flex wp-container-core-columns-is-layout-1 wp-block-columns-is-layout-flex\">\n<div class=\"wp-block-column is-layout-flow wp-block-column-is-layout-flow\">\n<figure class=\"wp-block-image size-full thumbnail\"><img decoding=\"async\" onclick=\"productGallery(this);\" src=\"https:\/\/spalek-alutechnik.de\/wp-content\/uploads\/2023\/03\/spalek_id0005_v1_aludiele_Abdeckleiste_weiss.png\" alt=\"Hellgrau\" class=\"wp-image-166\"\/><figcaption class=\"wp-element-caption\">Gris clair<\/figcaption><\/figure>\n\n\n\n<figure class=\"wp-block-image size-full thumbnail\"><img decoding=\"async\" onclick=\"productGallery(this);\" src=\"https:\/\/spalek-alutechnik.de\/wp-content\/uploads\/2023\/03\/spalek_id0005_v1_aludiele_Abdeckleiste_dunkelgrau.png\" alt=\"Dunkelgrau\" class=\"wp-image-166\"\/><figcaption class=\"wp-element-caption\">Gris fonc\u00e9<\/figcaption><\/figure>\n\n\n\n<figure class=\"wp-block-image size-full thumbnail\"><img decoding=\"async\" onclick=\"productGallery(this);\" src=\"https:\/\/spalek-alutechnik.de\/wp-content\/uploads\/2024\/07\/spalek_id0005_rs_v4_aludiele_Abdeckleiste_holz_kiefer-CMYK-Kopie.png\" alt=\"Kiefer\" class=\"wp-image-166\"\/><figcaption class=\"wp-element-caption\">Pin<\/figcaption><\/figure>\n<\/div>\n\n\n\n<div class=\"wp-block-column is-layout-flow wp-block-column-is-layout-flow\">\n<figure class=\"wp-block-image size-full thumbnail\"><img decoding=\"async\" onclick=\"productGallery(this);\" src=\"https:\/\/spalek-alutechnik.de\/wp-content\/uploads\/2023\/03\/spalek_id0005_v1_aludiele_Abdeckleiste_grau.png\" alt=\"Mittelgrau\" class=\"wp-image-166\"\/><figcaption class=\"wp-element-caption\">Gris moyen<\/figcaption><\/figure>\n\n\n\n<figure class=\"wp-block-image size-full thumbnail\"><img decoding=\"async\" onclick=\"productGallery(this);\" src=\"https:\/\/spalek-alutechnik.de\/wp-content\/uploads\/2024\/07\/spalek_id0005_rs_v4_aludiele_Abdeckleiste_holz_kastanie-CMYK-Kopie.png\" alt=\"Kastanie\" class=\"wp-image-166\"\/><figcaption class=\"wp-element-caption\">Ch\u00e2taignier<\/figcaption><\/figure>\n\n\n\n<figure class=\"wp-block-image size-full thumbnail\"><img decoding=\"async\" onclick=\"productGallery(this);\" src=\"https:\/\/spalek-alutechnik.de\/wp-content\/uploads\/2024\/07\/spalek_id0005_rs_v4_aludiele_Abdeckleiste_holz_kastanie-CMYK-Kopie.png\" alt=\"Sapeli\" class=\"wp-image-166\"\/><figcaption class=\"wp-element-caption\">Sapeli<\/figcaption><\/figure>\n<\/div>\n<\/div>\n<\/div>\n<\/div>\n<\/div>\n\n\n\n<div class=\"wp-block-group py-5 animated fadeInUp has-global-padding is-content-justification-left is-layout-constrained wp-container-core-group-is-layout-4 wp-block-group-is-layout-constrained\">\n<figure class=\"wp-block-table alignfull product-table\"><table><thead><tr><th>Dimensions disponibles :<\/th><th>Optique<\/th><th>R\u00e9f\u00e9rence produit<\/th><\/tr><\/thead><tbody><tr><td>Goutti\u00e8re en aluminium (3 000 mm)<\/td><td>brut<\/td><td>15.011.N010236<\/td><\/tr><tr><td>2 fonds de goutti\u00e8re<\/td><td>Gris clair RAL 9006 FS<\/td><td>15.011.N010236.1<\/td><\/tr><tr><td>Hauteur: 25 mm<\/td><td>Gris moyen RAL 9007 FS<\/td><td>15.011.N010236.2<\/td><\/tr><tr><td>1 plaque de fixation<\/td><td>Gris fonc\u00e9 DB 703 FS<\/td><td>15.011.N010236.3<\/td><\/tr><tr><td>\u00c9paisseur : 2 mm<\/td><td>Aspect bois: Ch\u00e2taignier<\/td><td>15.011.N010236.4<\/td><\/tr><tr><td><\/td><td>Aspect bois: Pin<\/td><td>15.011.N010236.5<\/td><\/tr><tr><td><\/td><td>Aspect bois: Sapeli<\/td><td>15.011.N010236.6<\/td><\/tr><\/tbody><\/table><\/figure>\n<\/div>\n<\/div>\n\n\n\n<div class=\"wp-block-cover alignfull is-light\" id=\"buy\"><span aria-hidden=\"true\" class=\"wp-block-cover__background has-base-background-color has-background-dim\"><\/span><img loading=\"lazy\" decoding=\"async\" width=\"1920\" height=\"1175\" class=\"wp-block-cover__image-background wp-image-137\" alt=\"\" src=\"https:\/\/spalek-alutechnik.de\/wp-content\/uploads\/2023\/03\/Shape-2.svg\" style=\"object-position:50% 0%\" data-object-fit=\"cover\" data-object-position=\"50% 0%\"\/><div class=\"wp-block-cover__inner-container is-layout-flow wp-block-cover-is-layout-flow\">\n<div class=\"wp-block-group alignfull px-3 px-md-4 px-lg-5 py-3 py-md-4 py-lg-5 has-global-padding is-content-justification-center is-layout-constrained wp-container-core-group-is-layout-8 wp-block-group-is-layout-constrained\" id=\"buy\">\n<div class=\"wp-block-group py-5 has-global-padding is-content-justification-left is-layout-constrained wp-container-core-group-is-layout-7 wp-block-group-is-layout-constrained\">\n<div class=\"wp-block-columns is-layout-flex wp-container-core-columns-is-layout-3 wp-block-columns-is-layout-flex\">\n<div class=\"wp-block-column pe-lg-5 animated fadeInUp is-layout-flow wp-block-column-is-layout-flow\">\n<div class=\"wp-block-group has-global-padding is-layout-constrained wp-block-group-is-layout-constrained\">\n<h2 class=\"wp-block-heading h2-before\" style=\"font-style:normal;font-weight:500\">Pour les clients particuliers:<\/h2>\n\n\n\n<p class=\"has-grey-color has-text-color\">Vous \u00eates int\u00e9ress\u00e9 par nos produits et recherchez un installateur pr\u00e8s de chez vous ? Nous serons ravis de vous aider. Contactez-nous au <strong><a class=\"ek-link\" href=\"tel:+492065586170\">+492065 &#8211; 586170<\/a><\/strong> ou par e-mail \u00e0: <strong><a class=\"ek-link\" href=\"mailto:info@spalek-alutechnik.de\">info@spalek-alutechnik.de<\/a><\/strong><\/p>\n\n\n\n<div class=\"wp-block-buttons is-layout-flex wp-block-buttons-is-layout-flex\">\n<div class=\"wp-block-button has-custom-font-size has-small-font-size\"><a class=\"wp-block-button__link has-base-color has-primary-background-color has-text-color has-background wp-element-button\" href=\"https:\/\/spalek-alutechnik.de\/fr\/kontakt\/#kontaktformular\" style=\"border-radius:10px\">Aller au formulaire de contact<\/a><\/div>\n<\/div>\n<\/div>\n<\/div>\n\n\n\n<div class=\"wp-block-column animated fadeInUp delay-200ms is-layout-flow wp-block-column-is-layout-flow\">\n<h2 class=\"wp-block-heading h2-before\" style=\"font-style:normal;font-weight:500\">Pour les installateurs:<\/h2>\n\n\n\n<p class=\"has-grey-color has-text-color\">Vous \u00eates installateur et souhaitez proposer nos produits ? Contactez-nous directement au <a class=\"ek-link\" href=\"http:\/\/tel+49065586170\">+492065 &#8211; 586170<\/a> ou remplissez le formulaire de commande correspondant et envoyez-le \u00e0 <strong><a class=\"ek-link\" href=\"mailto:info@spalek-alutechnik.de\">info@spalek-alutechnik.de<\/a><\/strong><\/p>\n\n\n\n<div class=\"wp-block-buttons is-layout-flex wp-block-buttons-is-layout-flex\">\n<div class=\"wp-block-button has-custom-font-size has-small-font-size\"><a class=\"wp-block-button__link has-base-color has-primary-background-color has-text-color has-background wp-element-button\" href=\"https:\/\/spalek-alutechnik.de\/fr\/kontakt\/#kontaktformular\" style=\"border-radius:10px\">Aller au formulaire de contact<\/a><\/div>\n<\/div>\n<\/div>\n<\/div>\n<\/div>\n<\/div>\n\n\n\n<div style=\"height:200px\" aria-hidden=\"true\" class=\"wp-block-spacer spacer-200\"><\/div>\n<\/div><\/div>","protected":false},"excerpt":{"rendered":"<p>Abdeckleiste 25 mm Mit unseren Abdeckleisten in den Farben wei\u00df, grau, dunkel &#8211; grau und dr ei verschiedenen Holzt\u00f6nen k\u00f6nnen Sie unser e Alu-Dielen stir nseitig perfekt abschlie\u00dfen. Die Befestigung erfolgt einfach und sicher dur ch Verschraubung, die u\u0308ber die durchgehenden Schlitze flexibel vor genommen werden kann. Durch die Anbringung der Abdeckleisten ist sicher gestellt, [&hellip;]<\/p>\n","protected":false},"author":1,"featured_media":0,"parent":15,"menu_order":0,"comment_status":"closed","ping_status":"closed","template":"","meta":{"_editorskit_title_hidden":false,"_editorskit_reading_time":1,"_editorskit_is_block_options_detached":false,"_editorskit_block_options_position":"{}","inline_featured_image":false,"advgb_blocks_editor_width":"","advgb_blocks_columns_visual_guide":"","footnotes":""},"class_list":["post-278","page","type-page","status-publish","hentry"],"yoast_head":"<!-- This site is optimized with the Yoast SEO plugin v26.7 - https:\/\/yoast.com\/wordpress\/plugins\/seo\/ -->\n<title>Abdeckleiste 25 mm - SPALEK ALUTECHNIK<\/title>\n<meta name=\"robots\" content=\"index, follow, max-snippet:-1, max-image-preview:large, max-video-preview:-1\" \/>\n<link rel=\"canonical\" href=\"https:\/\/spalek-alutechnik.de\/fr\/produktauswahl\/abdeckleiste-25-mm\/\" \/>\n<meta property=\"og:locale\" content=\"fr_FR\" \/>\n<meta property=\"og:type\" content=\"article\" \/>\n<meta property=\"og:title\" content=\"Abdeckleiste 25 mm - SPALEK ALUTECHNIK\" \/>\n<meta property=\"og:description\" content=\"Abdeckleiste 25 mm Mit unseren Abdeckleisten in den Farben wei\u00df, grau, dunkel &#8211; grau und dr ei verschiedenen Holzt\u00f6nen k\u00f6nnen Sie unser e Alu-Dielen stir nseitig perfekt abschlie\u00dfen. Die Befestigung erfolgt einfach und sicher dur ch Verschraubung, die u\u0308ber die durchgehenden Schlitze flexibel vor genommen werden kann. Durch die Anbringung der Abdeckleisten ist sicher gestellt, [&hellip;]\" \/>\n<meta property=\"og:url\" content=\"https:\/\/spalek-alutechnik.de\/fr\/produktauswahl\/abdeckleiste-25-mm\/\" \/>\n<meta property=\"og:site_name\" content=\"SPALEK ALUTECHNIK\" \/>\n<meta property=\"article:modified_time\" content=\"2025-04-24T06:55:22+00:00\" \/>\n<meta property=\"og:image\" content=\"https:\/\/spalek-alutechnik.de\/wp-content\/uploads\/2023\/03\/Abdeckwinkel.png\" \/>\n\t<meta property=\"og:image:width\" content=\"856\" \/>\n\t<meta property=\"og:image:height\" content=\"856\" \/>\n\t<meta property=\"og:image:type\" content=\"image\/png\" \/>\n<meta name=\"twitter:card\" content=\"summary_large_image\" \/>\n<meta name=\"twitter:label1\" content=\"Dur\u00e9e de lecture estim\u00e9e\" \/>\n\t<meta name=\"twitter:data1\" content=\"5 minutes\" \/>\n<script type=\"application\/ld+json\" class=\"yoast-schema-graph\">{\"@context\":\"https:\/\/schema.org\",\"@graph\":[{\"@type\":\"WebPage\",\"@id\":\"https:\/\/spalek-alutechnik.de\/produktauswahl\/abdeckleiste-25-mm\/\",\"url\":\"https:\/\/spalek-alutechnik.de\/produktauswahl\/abdeckleiste-25-mm\/\",\"name\":\"Abdeckleiste 25 mm - SPALEK ALUTECHNIK\",\"isPartOf\":{\"@id\":\"https:\/\/spalek-alutechnik.de\/#website\"},\"primaryImageOfPage\":{\"@id\":\"https:\/\/spalek-alutechnik.de\/produktauswahl\/abdeckleiste-25-mm\/#primaryimage\"},\"image\":{\"@id\":\"https:\/\/spalek-alutechnik.de\/produktauswahl\/abdeckleiste-25-mm\/#primaryimage\"},\"thumbnailUrl\":\"https:\/\/spalek-alutechnik.de\/wp-content\/uploads\/2023\/03\/spalek_id0005_v1_aludiele_Abdeckleiste_grau.png\",\"datePublished\":\"2023-03-09T17:21:15+00:00\",\"dateModified\":\"2025-04-24T06:55:22+00:00\",\"breadcrumb\":{\"@id\":\"https:\/\/spalek-alutechnik.de\/produktauswahl\/abdeckleiste-25-mm\/#breadcrumb\"},\"inLanguage\":\"fr-FR\",\"potentialAction\":[{\"@type\":\"ReadAction\",\"target\":[\"https:\/\/spalek-alutechnik.de\/produktauswahl\/abdeckleiste-25-mm\/\"]}]},{\"@type\":\"ImageObject\",\"inLanguage\":\"fr-FR\",\"@id\":\"https:\/\/spalek-alutechnik.de\/produktauswahl\/abdeckleiste-25-mm\/#primaryimage\",\"url\":\"https:\/\/spalek-alutechnik.de\/wp-content\/uploads\/2023\/03\/spalek_id0005_v1_aludiele_Abdeckleiste_grau.png\",\"contentUrl\":\"https:\/\/spalek-alutechnik.de\/wp-content\/uploads\/2023\/03\/spalek_id0005_v1_aludiele_Abdeckleiste_grau.png\"},{\"@type\":\"BreadcrumbList\",\"@id\":\"https:\/\/spalek-alutechnik.de\/produktauswahl\/abdeckleiste-25-mm\/#breadcrumb\",\"itemListElement\":[{\"@type\":\"ListItem\",\"position\":1,\"name\":\"Startseite\",\"item\":\"https:\/\/spalek-alutechnik.de\/\"},{\"@type\":\"ListItem\",\"position\":2,\"name\":\"Produktauswahl\",\"item\":\"https:\/\/spalek-alutechnik.de\/produktauswahl\/\"},{\"@type\":\"ListItem\",\"position\":3,\"name\":\"Abdeckleiste 25 mm\"}]},{\"@type\":\"WebSite\",\"@id\":\"https:\/\/spalek-alutechnik.de\/#website\",\"url\":\"https:\/\/spalek-alutechnik.de\/\",\"name\":\"SPALEK ALUTECHNIK\",\"description\":\"Allwetterdielen f\u00fcr Terrassen und Fassaden\",\"publisher\":{\"@id\":\"https:\/\/spalek-alutechnik.de\/#organization\"},\"potentialAction\":[{\"@type\":\"SearchAction\",\"target\":{\"@type\":\"EntryPoint\",\"urlTemplate\":\"https:\/\/spalek-alutechnik.de\/?s={search_term_string}\"},\"query-input\":{\"@type\":\"PropertyValueSpecification\",\"valueRequired\":true,\"valueName\":\"search_term_string\"}}],\"inLanguage\":\"fr-FR\"},{\"@type\":\"Organization\",\"@id\":\"https:\/\/spalek-alutechnik.de\/#organization\",\"name\":\"SPALEK ALUTECHNIK\",\"url\":\"https:\/\/spalek-alutechnik.de\/\",\"logo\":{\"@type\":\"ImageObject\",\"inLanguage\":\"fr-FR\",\"@id\":\"https:\/\/spalek-alutechnik.de\/#\/schema\/logo\/image\/\",\"url\":\"https:\/\/spalek-alutechnik.de\/wp-content\/uploads\/2023\/03\/Logo-Alutechnik.svg\",\"contentUrl\":\"https:\/\/spalek-alutechnik.de\/wp-content\/uploads\/2023\/03\/Logo-Alutechnik.svg\",\"width\":246,\"height\":88,\"caption\":\"SPALEK ALUTECHNIK\"},\"image\":{\"@id\":\"https:\/\/spalek-alutechnik.de\/#\/schema\/logo\/image\/\"}}]}<\/script>\n<!-- \/ Yoast SEO plugin. -->","yoast_head_json":{"title":"Abdeckleiste 25 mm - SPALEK ALUTECHNIK","robots":{"index":"index","follow":"follow","max-snippet":"max-snippet:-1","max-image-preview":"max-image-preview:large","max-video-preview":"max-video-preview:-1"},"canonical":"https:\/\/spalek-alutechnik.de\/fr\/produktauswahl\/abdeckleiste-25-mm\/","og_locale":"fr_FR","og_type":"article","og_title":"Abdeckleiste 25 mm - SPALEK ALUTECHNIK","og_description":"Abdeckleiste 25 mm Mit unseren Abdeckleisten in den Farben wei\u00df, grau, dunkel &#8211; grau und dr ei verschiedenen Holzt\u00f6nen k\u00f6nnen Sie unser e Alu-Dielen stir nseitig perfekt abschlie\u00dfen. Die Befestigung erfolgt einfach und sicher dur ch Verschraubung, die u\u0308ber die durchgehenden Schlitze flexibel vor genommen werden kann. Durch die Anbringung der Abdeckleisten ist sicher gestellt, [&hellip;]","og_url":"https:\/\/spalek-alutechnik.de\/fr\/produktauswahl\/abdeckleiste-25-mm\/","og_site_name":"SPALEK ALUTECHNIK","article_modified_time":"2025-04-24T06:55:22+00:00","og_image":[{"width":856,"height":856,"url":"https:\/\/spalek-alutechnik.de\/wp-content\/uploads\/2023\/03\/Abdeckwinkel.png","type":"image\/png"}],"twitter_card":"summary_large_image","twitter_misc":{"Dur\u00e9e de lecture estim\u00e9e":"5 minutes"},"schema":{"@context":"https:\/\/schema.org","@graph":[{"@type":"WebPage","@id":"https:\/\/spalek-alutechnik.de\/produktauswahl\/abdeckleiste-25-mm\/","url":"https:\/\/spalek-alutechnik.de\/produktauswahl\/abdeckleiste-25-mm\/","name":"Abdeckleiste 25 mm - SPALEK ALUTECHNIK","isPartOf":{"@id":"https:\/\/spalek-alutechnik.de\/#website"},"primaryImageOfPage":{"@id":"https:\/\/spalek-alutechnik.de\/produktauswahl\/abdeckleiste-25-mm\/#primaryimage"},"image":{"@id":"https:\/\/spalek-alutechnik.de\/produktauswahl\/abdeckleiste-25-mm\/#primaryimage"},"thumbnailUrl":"https:\/\/spalek-alutechnik.de\/wp-content\/uploads\/2023\/03\/spalek_id0005_v1_aludiele_Abdeckleiste_grau.png","datePublished":"2023-03-09T17:21:15+00:00","dateModified":"2025-04-24T06:55:22+00:00","breadcrumb":{"@id":"https:\/\/spalek-alutechnik.de\/produktauswahl\/abdeckleiste-25-mm\/#breadcrumb"},"inLanguage":"fr-FR","potentialAction":[{"@type":"ReadAction","target":["https:\/\/spalek-alutechnik.de\/produktauswahl\/abdeckleiste-25-mm\/"]}]},{"@type":"ImageObject","inLanguage":"fr-FR","@id":"https:\/\/spalek-alutechnik.de\/produktauswahl\/abdeckleiste-25-mm\/#primaryimage","url":"https:\/\/spalek-alutechnik.de\/wp-content\/uploads\/2023\/03\/spalek_id0005_v1_aludiele_Abdeckleiste_grau.png","contentUrl":"https:\/\/spalek-alutechnik.de\/wp-content\/uploads\/2023\/03\/spalek_id0005_v1_aludiele_Abdeckleiste_grau.png"},{"@type":"BreadcrumbList","@id":"https:\/\/spalek-alutechnik.de\/produktauswahl\/abdeckleiste-25-mm\/#breadcrumb","itemListElement":[{"@type":"ListItem","position":1,"name":"Startseite","item":"https:\/\/spalek-alutechnik.de\/"},{"@type":"ListItem","position":2,"name":"Produktauswahl","item":"https:\/\/spalek-alutechnik.de\/produktauswahl\/"},{"@type":"ListItem","position":3,"name":"Abdeckleiste 25 mm"}]},{"@type":"WebSite","@id":"https:\/\/spalek-alutechnik.de\/#website","url":"https:\/\/spalek-alutechnik.de\/","name":"SPALEK ALUTECHNIK","description":"Allwetterdielen f\u00fcr Terrassen und Fassaden","publisher":{"@id":"https:\/\/spalek-alutechnik.de\/#organization"},"potentialAction":[{"@type":"SearchAction","target":{"@type":"EntryPoint","urlTemplate":"https:\/\/spalek-alutechnik.de\/?s={search_term_string}"},"query-input":{"@type":"PropertyValueSpecification","valueRequired":true,"valueName":"search_term_string"}}],"inLanguage":"fr-FR"},{"@type":"Organization","@id":"https:\/\/spalek-alutechnik.de\/#organization","name":"SPALEK ALUTECHNIK","url":"https:\/\/spalek-alutechnik.de\/","logo":{"@type":"ImageObject","inLanguage":"fr-FR","@id":"https:\/\/spalek-alutechnik.de\/#\/schema\/logo\/image\/","url":"https:\/\/spalek-alutechnik.de\/wp-content\/uploads\/2023\/03\/Logo-Alutechnik.svg","contentUrl":"https:\/\/spalek-alutechnik.de\/wp-content\/uploads\/2023\/03\/Logo-Alutechnik.svg","width":246,"height":88,"caption":"SPALEK ALUTECHNIK"},"image":{"@id":"https:\/\/spalek-alutechnik.de\/#\/schema\/logo\/image\/"}}]}},"coauthors":[],"author_meta":{"author_link":"https:\/\/spalek-alutechnik.de\/fr\/author\/mhorn\/","display_name":"MHorn"},"relative_dates":{"created":"Publi\u00e9 3 ans il y a","modified":"Mis \u00e0 jour 1 an il y a"},"absolute_dates":{"created":"Publi\u00e9 le 9. mars 2023","modified":"Mise \u00e0 jour le 24. avril 2025"},"absolute_dates_time":{"created":"Publi\u00e9 le 9. mars 2023 18:21","modified":"Mise \u00e0 jour le 24. avril 2025 8:55"},"featured_img_caption":"","featured_img":false,"series_order":"","_links":{"self":[{"href":"https:\/\/spalek-alutechnik.de\/fr\/wp-json\/wp\/v2\/pages\/278","targetHints":{"allow":["GET"]}}],"collection":[{"href":"https:\/\/spalek-alutechnik.de\/fr\/wp-json\/wp\/v2\/pages"}],"about":[{"href":"https:\/\/spalek-alutechnik.de\/fr\/wp-json\/wp\/v2\/types\/page"}],"author":[{"embeddable":true,"href":"https:\/\/spalek-alutechnik.de\/fr\/wp-json\/wp\/v2\/users\/1"}],"replies":[{"embeddable":true,"href":"https:\/\/spalek-alutechnik.de\/fr\/wp-json\/wp\/v2\/comments?post=278"}],"version-history":[{"count":7,"href":"https:\/\/spalek-alutechnik.de\/fr\/wp-json\/wp\/v2\/pages\/278\/revisions"}],"predecessor-version":[{"id":719,"href":"https:\/\/spalek-alutechnik.de\/fr\/wp-json\/wp\/v2\/pages\/278\/revisions\/719"}],"up":[{"embeddable":true,"href":"https:\/\/spalek-alutechnik.de\/fr\/wp-json\/wp\/v2\/pages\/15"}],"wp:attachment":[{"href":"https:\/\/spalek-alutechnik.de\/fr\/wp-json\/wp\/v2\/media?parent=278"}],"curies":[{"name":"wp","href":"https:\/\/api.w.org\/{rel}","templated":true}]}}