{"id":15,"date":"2023-03-09T10:57:31","date_gmt":"2023-03-09T09:57:31","guid":{"rendered":"https:\/\/spalek-alutechnik.de\/?page_id=15"},"modified":"2025-04-28T11:28:37","modified_gmt":"2025-04-28T09:28:37","slug":"produktauswahl","status":"publish","type":"page","link":"https:\/\/spalek-alutechnik.de\/fr\/produktauswahl\/","title":{"rendered":"Choix des produits"},"content":{"rendered":"<div class=\"wp-block-cover alignfull header-cover px-3 px-md-4 px-lg-5\" style=\"min-height:80vh;aspect-ratio:unset;\"><span aria-hidden=\"true\" class=\"wp-block-cover__background has-background-dim-0 has-background-dim\"><\/span><img loading=\"lazy\" decoding=\"async\" width=\"2560\" height=\"1643\" class=\"wp-block-cover__image-background wp-image-159\" alt=\"\" src=\"https:\/\/spalek-alutechnik.de\/wp-content\/uploads\/2023\/03\/Produktauswahl-header-scaled.jpg\" data-object-fit=\"cover\" srcset=\"https:\/\/spalek-alutechnik.de\/wp-content\/uploads\/2023\/03\/Produktauswahl-header-scaled.jpg 2560w, https:\/\/spalek-alutechnik.de\/wp-content\/uploads\/2023\/03\/Produktauswahl-header-300x193.jpg 300w, https:\/\/spalek-alutechnik.de\/wp-content\/uploads\/2023\/03\/Produktauswahl-header-1024x657.jpg 1024w, https:\/\/spalek-alutechnik.de\/wp-content\/uploads\/2023\/03\/Produktauswahl-header-768x493.jpg 768w, https:\/\/spalek-alutechnik.de\/wp-content\/uploads\/2023\/03\/Produktauswahl-header-1536x986.jpg 1536w, https:\/\/spalek-alutechnik.de\/wp-content\/uploads\/2023\/03\/Produktauswahl-header-2048x1314.jpg 2048w\" sizes=\"auto, (max-width: 2560px) 100vw, 2560px\" \/><div class=\"wp-block-cover__inner-container is-layout-flow wp-block-cover-is-layout-flow\">\n<figure class=\"wp-block-image alignright size-full is-resized header-after\"><img loading=\"lazy\" decoding=\"async\" width=\"512\" height=\"1024\" src=\"https:\/\/spalek-alutechnik.de\/wp-content\/uploads\/2024\/07\/header-after-512x1024-1.png\" alt=\"\" class=\"wp-image-550\" style=\"width:300px;height:auto\" srcset=\"https:\/\/spalek-alutechnik.de\/wp-content\/uploads\/2024\/07\/header-after-512x1024-1.png 512w, https:\/\/spalek-alutechnik.de\/wp-content\/uploads\/2024\/07\/header-after-512x1024-1-150x300.png 150w\" sizes=\"auto, (max-width: 512px) 100vw, 512px\" \/><\/figure>\n\n\n\n<div class=\"wp-block-group cover-heading animated fadeInLeft has-global-padding is-layout-constrained wp-container-core-group-is-layout-1 wp-block-group-is-layout-constrained\">\n<h1 class=\"wp-block-heading has-text-align-center has-base-color has-primary-background-color has-text-color has-background\" style=\"font-style:italic;font-weight:500\">Choix des produits<\/h1>\n<\/div>\n<\/div><\/div>\n\n\n\n<div class=\"wp-block-group alignfull py-5 px-3 px-md-4 px-lg-5 has-base-background-color has-background has-global-padding is-content-justification-center is-layout-constrained wp-container-core-group-is-layout-14 wp-block-group-is-layout-constrained\" id=\"intro\">\n<div class=\"wp-block-group py-5 has-global-padding is-content-justification-left is-layout-constrained wp-container-core-group-is-layout-2 wp-block-group-is-layout-constrained\"><h2 style=\"font-size:clamp(14px, 0.875rem + ((1vw - 3.2px) * 0.156), 16px);\" class=\"breadcrump wp-block-post-title has-text-color has-primary-color\"><a href=\"https:\/\/spalek-alutechnik.de\/fr\/produktauswahl\/\" target=\"_self\" >Choix des produits<\/a><\/h2>\n\n\n<h2 class=\"wp-block-heading\"><strong>Une qualit\u00e9 sup\u00e9rieure dans de superbes couleurs et d\u00e9cors<\/strong><\/h2>\n\n\n\n<p class=\"animated fadeInUp has-grey-color has-text-color\">Retrouvez ici tous les produits du syst\u00e8me de lames tout temps de Spalek Alutechnik en un coup d\u2019\u0153il. Choisissez entre diff\u00e9rentes largeurs de lames, teintes et finitions. Utilisez notre configurateur pour visualiser votre projet en ligne dans les coloris et d\u00e9cors de votre choix !<\/p>\n\n\n\n<div class=\"wp-block-buttons is-layout-flex wp-block-buttons-is-layout-flex\">\n<div class=\"wp-block-button has-custom-font-size has-small-font-size\"><a class=\"wp-block-button__link has-base-color has-primary-background-color has-text-color has-background wp-element-button\" href=\"https:\/\/konfigurator.spalek-alutechnik.de\/de\" style=\"border-radius:10px\">Acc\u00e9der au configurateur<\/a><\/div>\n<\/div>\n<\/div>\n\n\n\n<div class=\"wp-block-columns product-columns is-layout-flex wp-container-core-columns-is-layout-1 wp-block-columns-is-layout-flex\">\n<div class=\"wp-block-column has-primary-10-background-color has-background has-primary10-background-color is-layout-flow wp-block-column-is-layout-flow\">\n<div class=\"wp-block-cover product-cover ek-linked-block\"><span aria-hidden=\"true\" class=\"wp-block-cover__background has-background-dim-0 has-background-dim\" style=\"background-color:#777879\"><\/span><img loading=\"lazy\" decoding=\"async\" width=\"800\" height=\"800\" class=\"wp-block-cover__image-background wp-image-565\" alt=\"\" src=\"https:\/\/spalek-alutechnik.de\/wp-content\/uploads\/2024\/07\/spalek_id0005_rs_v4_aludiele_diele_40_grau-CMYK-Kopie.png\" data-object-fit=\"cover\" srcset=\"https:\/\/spalek-alutechnik.de\/wp-content\/uploads\/2024\/07\/spalek_id0005_rs_v4_aludiele_diele_40_grau-CMYK-Kopie.png 800w, https:\/\/spalek-alutechnik.de\/wp-content\/uploads\/2024\/07\/spalek_id0005_rs_v4_aludiele_diele_40_grau-CMYK-Kopie-300x300.png 300w, https:\/\/spalek-alutechnik.de\/wp-content\/uploads\/2024\/07\/spalek_id0005_rs_v4_aludiele_diele_40_grau-CMYK-Kopie-150x150.png 150w, https:\/\/spalek-alutechnik.de\/wp-content\/uploads\/2024\/07\/spalek_id0005_rs_v4_aludiele_diele_40_grau-CMYK-Kopie-768x768.png 768w\" sizes=\"auto, (max-width: 800px) 100vw, 800px\" \/><div class=\"wp-block-cover__inner-container is-layout-flow wp-block-cover-is-layout-flow\">\n<div class=\"wp-block-group has-contrast-color has-text-color has-global-padding is-layout-constrained wp-block-group-is-layout-constrained\">\n<p class=\"has-text-align-left\">Lames de terrasse<\/p>\n\n\n\n<p class=\"has-text-align-left\">40 mm<\/p>\n<\/div>\n<\/div><a href=\"https:\/\/spalek-alutechnik.de\/fr\/produktauswahl\/bodenprofil-40mm\/\" class=\"editorskit-block-link\" rel=\"\"><\/a><\/div>\n<\/div>\n\n\n\n<div class=\"wp-block-column has-primary-10-background-color has-background has-primary10-background-color is-layout-flow wp-block-column-is-layout-flow\">\n<div class=\"wp-block-cover product-cover ek-linked-block\"><span aria-hidden=\"true\" class=\"wp-block-cover__background has-background-dim-0 has-background-dim\" style=\"background-color:#787a7a\"><\/span><img loading=\"lazy\" decoding=\"async\" width=\"800\" height=\"800\" class=\"wp-block-cover__image-background wp-image-566\" alt=\"\" src=\"https:\/\/spalek-alutechnik.de\/wp-content\/uploads\/2024\/07\/spalek_id0005_rs_v4_aludiele_diele_25_grau-CMYK-Kopie.png\" data-object-fit=\"cover\" srcset=\"https:\/\/spalek-alutechnik.de\/wp-content\/uploads\/2024\/07\/spalek_id0005_rs_v4_aludiele_diele_25_grau-CMYK-Kopie.png 800w, https:\/\/spalek-alutechnik.de\/wp-content\/uploads\/2024\/07\/spalek_id0005_rs_v4_aludiele_diele_25_grau-CMYK-Kopie-300x300.png 300w, https:\/\/spalek-alutechnik.de\/wp-content\/uploads\/2024\/07\/spalek_id0005_rs_v4_aludiele_diele_25_grau-CMYK-Kopie-150x150.png 150w, https:\/\/spalek-alutechnik.de\/wp-content\/uploads\/2024\/07\/spalek_id0005_rs_v4_aludiele_diele_25_grau-CMYK-Kopie-768x768.png 768w\" sizes=\"auto, (max-width: 800px) 100vw, 800px\" \/><div class=\"wp-block-cover__inner-container is-layout-flow wp-block-cover-is-layout-flow\">\n<div class=\"wp-block-group has-contrast-color has-text-color has-global-padding is-layout-constrained wp-block-group-is-layout-constrained\">\n<p class=\"has-text-align-left\">Lames de terrasse<\/p>\n\n\n\n<p class=\"has-text-align-left\">25 mm<\/p>\n<\/div>\n<\/div><a href=\"https:\/\/spalek-alutechnik.de\/fr\/produktauswahl\/bodenprofil-25mm-2\/\" class=\"editorskit-block-link\" rel=\"\"><\/a><\/div>\n<\/div>\n\n\n\n<div class=\"wp-block-column has-primary-10-background-color has-background has-primary10-background-color is-layout-flow wp-block-column-is-layout-flow\">\n<div class=\"wp-block-cover product-cover ek-linked-block\"><span aria-hidden=\"true\" class=\"wp-block-cover__background has-background-dim-0 has-background-dim\"><\/span><img loading=\"lazy\" decoding=\"async\" width=\"856\" height=\"856\" class=\"wp-block-cover__image-background wp-image-166\" alt=\"\" src=\"https:\/\/spalek-alutechnik.de\/wp-content\/uploads\/2023\/03\/Abdeckwinkel.png\" data-object-fit=\"cover\" srcset=\"https:\/\/spalek-alutechnik.de\/wp-content\/uploads\/2023\/03\/Abdeckwinkel.png 856w, https:\/\/spalek-alutechnik.de\/wp-content\/uploads\/2023\/03\/Abdeckwinkel-300x300.png 300w, https:\/\/spalek-alutechnik.de\/wp-content\/uploads\/2023\/03\/Abdeckwinkel-150x150.png 150w, https:\/\/spalek-alutechnik.de\/wp-content\/uploads\/2023\/03\/Abdeckwinkel-768x768.png 768w\" sizes=\"auto, (max-width: 856px) 100vw, 856px\" \/><div class=\"wp-block-cover__inner-container is-layout-flow wp-block-cover-is-layout-flow\">\n<div class=\"wp-block-group has-contrast-color has-text-color has-global-padding is-layout-constrained wp-block-group-is-layout-constrained\">\n<p class=\"has-text-align-left\">Corni\u00e8res de finition<\/p>\n\n\n\n<p class=\"has-text-align-left\">Standard<\/p>\n<\/div>\n<\/div><a href=\"https:\/\/spalek-alutechnik.de\/fr\/produktauswahl\/abdeckwinkel-standard\/\" class=\"editorskit-block-link\" rel=\"\"><\/a><\/div>\n<\/div>\n<\/div>\n\n\n\n<div class=\"wp-block-columns product-columns is-layout-flex wp-container-core-columns-is-layout-2 wp-block-columns-is-layout-flex\">\n<div class=\"wp-block-column has-primary-10-background-color has-background has-primary10-background-color is-layout-flow wp-block-column-is-layout-flow\">\n<div class=\"wp-block-cover product-cover ek-linked-block\"><span aria-hidden=\"true\" class=\"wp-block-cover__background has-background-dim-0 has-background-dim\"><\/span><img loading=\"lazy\" decoding=\"async\" width=\"800\" height=\"800\" class=\"wp-block-cover__image-background wp-image-493\" alt=\"\" src=\"https:\/\/spalek-alutechnik.de\/wp-content\/uploads\/2023\/06\/spalek_id0005_v1_aludiele_p4_grau.png\" data-object-fit=\"cover\" srcset=\"https:\/\/spalek-alutechnik.de\/wp-content\/uploads\/2023\/06\/spalek_id0005_v1_aludiele_p4_grau.png 800w, https:\/\/spalek-alutechnik.de\/wp-content\/uploads\/2023\/06\/spalek_id0005_v1_aludiele_p4_grau-300x300.png 300w, https:\/\/spalek-alutechnik.de\/wp-content\/uploads\/2023\/06\/spalek_id0005_v1_aludiele_p4_grau-150x150.png 150w, https:\/\/spalek-alutechnik.de\/wp-content\/uploads\/2023\/06\/spalek_id0005_v1_aludiele_p4_grau-768x768.png 768w\" sizes=\"auto, (max-width: 800px) 100vw, 800px\" \/><div class=\"wp-block-cover__inner-container is-layout-flow wp-block-cover-is-layout-flow\">\n<div class=\"wp-block-group has-contrast-color has-text-color has-global-padding is-layout-constrained wp-block-group-is-layout-constrained\">\n<p class=\"has-text-align-left\">Corni\u00e8res de finition<\/p>\n\n\n\n<p class=\"has-text-align-left\">Grand format<\/p>\n<\/div>\n<\/div><a href=\"https:\/\/spalek-alutechnik.de\/fr\/produktauswahl\/abdeckwinkel-sondergroesse\/\" class=\"editorskit-block-link\" rel=\"\"><\/a><\/div>\n<\/div>\n\n\n\n<div class=\"wp-block-column has-primary-10-background-color has-background has-primary10-background-color is-layout-flow wp-block-column-is-layout-flow\">\n<div class=\"wp-block-cover product-cover ek-linked-block\"><span aria-hidden=\"true\" class=\"wp-block-cover__background has-background-dim-0 has-background-dim\"><\/span><img loading=\"lazy\" decoding=\"async\" width=\"750\" height=\"542\" class=\"wp-block-cover__image-background wp-image-167\" alt=\"\" src=\"https:\/\/spalek-alutechnik.de\/wp-content\/uploads\/2023\/03\/Abdeckleiste.png\" style=\"object-position:0% 100%\" data-object-fit=\"cover\" data-object-position=\"0% 100%\" srcset=\"https:\/\/spalek-alutechnik.de\/wp-content\/uploads\/2023\/03\/Abdeckleiste.png 750w, https:\/\/spalek-alutechnik.de\/wp-content\/uploads\/2023\/03\/Abdeckleiste-300x217.png 300w\" sizes=\"auto, (max-width: 750px) 100vw, 750px\" \/><div class=\"wp-block-cover__inner-container is-layout-flow wp-block-cover-is-layout-flow\">\n<div class=\"wp-block-group has-contrast-color has-text-color has-global-padding is-layout-constrained wp-block-group-is-layout-constrained\">\n<p class=\"has-text-align-left\">Baguette de finition<\/p>\n\n\n\n<p class=\"has-text-align-left\">40 mm<\/p>\n<\/div>\n<\/div><a href=\"https:\/\/spalek-alutechnik.de\/fr\/produktauswahl\/abdeckleiste-40-mm\/\" class=\"editorskit-block-link\" rel=\"\"><\/a><\/div>\n<\/div>\n\n\n\n<div class=\"wp-block-column has-primary-10-background-color has-background has-primary10-background-color is-layout-flow wp-block-column-is-layout-flow\">\n<div class=\"wp-block-cover product-cover ek-linked-block\"><span aria-hidden=\"true\" class=\"wp-block-cover__background has-background-dim-0 has-background-dim\"><\/span><img loading=\"lazy\" decoding=\"async\" width=\"808\" height=\"584\" class=\"wp-block-cover__image-background wp-image-168\" alt=\"\" src=\"https:\/\/spalek-alutechnik.de\/wp-content\/uploads\/2023\/03\/Abdeckleiste-25mm.png\" style=\"object-position:0% 100%\" data-object-fit=\"cover\" data-object-position=\"0% 100%\" srcset=\"https:\/\/spalek-alutechnik.de\/wp-content\/uploads\/2023\/03\/Abdeckleiste-25mm.png 808w, https:\/\/spalek-alutechnik.de\/wp-content\/uploads\/2023\/03\/Abdeckleiste-25mm-300x217.png 300w, https:\/\/spalek-alutechnik.de\/wp-content\/uploads\/2023\/03\/Abdeckleiste-25mm-768x555.png 768w\" sizes=\"auto, (max-width: 808px) 100vw, 808px\" \/><div class=\"wp-block-cover__inner-container is-layout-flow wp-block-cover-is-layout-flow\">\n<div class=\"wp-block-group has-contrast-color has-text-color has-global-padding is-layout-constrained wp-block-group-is-layout-constrained\">\n<p class=\"has-text-align-left\">Baguette de finition<\/p>\n\n\n\n<p class=\"has-text-align-left\">25 mm<\/p>\n<\/div>\n<\/div><a href=\"https:\/\/spalek-alutechnik.de\/fr\/produktauswahl\/abdeckleiste-25-mm\/\" class=\"editorskit-block-link\" rel=\"\"><\/a><\/div>\n<\/div>\n<\/div>\n\n\n\n<div class=\"wp-block-columns product-columns is-layout-flex wp-container-core-columns-is-layout-3 wp-block-columns-is-layout-flex\">\n<div class=\"wp-block-column has-primary-10-background-color has-background has-primary10-background-color is-layout-flow wp-block-column-is-layout-flow\">\n<div class=\"wp-block-cover is-light product-cover ek-linked-block\"><span aria-hidden=\"true\" class=\"wp-block-cover__background has-background-dim-0 has-background-dim\"><\/span><img loading=\"lazy\" decoding=\"async\" width=\"1200\" height=\"972\" class=\"wp-block-cover__image-background wp-image-491\" alt=\"\" src=\"https:\/\/spalek-alutechnik.de\/wp-content\/uploads\/2023\/06\/Wasserrinnensatz-Set.png\" data-object-fit=\"cover\" srcset=\"https:\/\/spalek-alutechnik.de\/wp-content\/uploads\/2023\/06\/Wasserrinnensatz-Set.png 1200w, https:\/\/spalek-alutechnik.de\/wp-content\/uploads\/2023\/06\/Wasserrinnensatz-Set-300x243.png 300w, https:\/\/spalek-alutechnik.de\/wp-content\/uploads\/2023\/06\/Wasserrinnensatz-Set-1024x829.png 1024w, https:\/\/spalek-alutechnik.de\/wp-content\/uploads\/2023\/06\/Wasserrinnensatz-Set-768x622.png 768w\" sizes=\"auto, (max-width: 1200px) 100vw, 1200px\" \/><div class=\"wp-block-cover__inner-container is-layout-flow wp-block-cover-is-layout-flow\">\n<div class=\"wp-block-group has-contrast-color has-text-color has-global-padding is-layout-constrained wp-block-group-is-layout-constrained\">\n<p class=\"has-text-align-left\">Kit de goutti\u00e8re<\/p>\n\n\n\n<p class=\"has-text-align-left\">pour lame 40 mm<\/p>\n<\/div>\n<\/div><a href=\"https:\/\/spalek-alutechnik.de\/fr\/produktauswahl\/wasserrinnensatz-fuer-40-mm-diele\/\" class=\"editorskit-block-link\" rel=\"\"><\/a><\/div>\n<\/div>\n\n\n\n<div class=\"wp-block-column has-primary-10-background-color has-background has-primary10-background-color is-layout-flow wp-block-column-is-layout-flow\">\n<div class=\"wp-block-cover is-light product-cover ek-linked-block\"><span aria-hidden=\"true\" class=\"wp-block-cover__background has-background-dim-0 has-background-dim\" style=\"background-color:#8d8e90\"><\/span><img loading=\"lazy\" decoding=\"async\" width=\"1200\" height=\"972\" class=\"wp-block-cover__image-background wp-image-636\" alt=\"\" src=\"https:\/\/spalek-alutechnik.de\/wp-content\/uploads\/2024\/07\/Neues-Bild-25er-Wasserrinnensatz-Set-1.png\" data-object-fit=\"cover\" srcset=\"https:\/\/spalek-alutechnik.de\/wp-content\/uploads\/2024\/07\/Neues-Bild-25er-Wasserrinnensatz-Set-1.png 1200w, https:\/\/spalek-alutechnik.de\/wp-content\/uploads\/2024\/07\/Neues-Bild-25er-Wasserrinnensatz-Set-1-300x243.png 300w, https:\/\/spalek-alutechnik.de\/wp-content\/uploads\/2024\/07\/Neues-Bild-25er-Wasserrinnensatz-Set-1-1024x829.png 1024w, https:\/\/spalek-alutechnik.de\/wp-content\/uploads\/2024\/07\/Neues-Bild-25er-Wasserrinnensatz-Set-1-768x622.png 768w\" sizes=\"auto, (max-width: 1200px) 100vw, 1200px\" \/><div class=\"wp-block-cover__inner-container is-layout-flow wp-block-cover-is-layout-flow\">\n<div class=\"wp-block-group has-contrast-color has-text-color has-global-padding is-layout-constrained wp-block-group-is-layout-constrained\">\n<p class=\"has-text-align-left\">Kit de goutti\u00e8re<\/p>\n\n\n\n<p class=\"has-text-align-left\">pour lame 25 mm<\/p>\n<\/div>\n<\/div><a href=\"https:\/\/spalek-alutechnik.de\/fr\/produktauswahl\/wasserrinnensatz-fuer-25-mm-diele\/\" class=\"editorskit-block-link\" rel=\"\"><\/a><\/div>\n<\/div>\n\n\n\n<div class=\"wp-block-column has-primary-10-background-color has-background has-primary10-background-color is-layout-flow wp-block-column-is-layout-flow\">\n<div class=\"wp-block-cover is-light product-cover ek-linked-block\"><span aria-hidden=\"true\" class=\"wp-block-cover__background has-background-dim-0 has-background-dim\"><\/span><img loading=\"lazy\" decoding=\"async\" width=\"1280\" height=\"1114\" class=\"wp-block-cover__image-background wp-image-470\" alt=\"\" src=\"https:\/\/spalek-alutechnik.de\/wp-content\/uploads\/2023\/06\/Kompriband_N010239_RET_v02.png\" data-object-fit=\"cover\" srcset=\"https:\/\/spalek-alutechnik.de\/wp-content\/uploads\/2023\/06\/Kompriband_N010239_RET_v02.png 1280w, https:\/\/spalek-alutechnik.de\/wp-content\/uploads\/2023\/06\/Kompriband_N010239_RET_v02-300x261.png 300w, https:\/\/spalek-alutechnik.de\/wp-content\/uploads\/2023\/06\/Kompriband_N010239_RET_v02-1024x891.png 1024w, https:\/\/spalek-alutechnik.de\/wp-content\/uploads\/2023\/06\/Kompriband_N010239_RET_v02-768x668.png 768w\" sizes=\"auto, (max-width: 1280px) 100vw, 1280px\" \/><div class=\"wp-block-cover__inner-container is-layout-flow wp-block-cover-is-layout-flow\">\n<div class=\"wp-block-group has-contrast-color has-text-color has-global-padding is-layout-constrained wp-block-group-is-layout-constrained\">\n<p class=\"has-text-align-left\">Compribande<\/p>\n<\/div>\n<\/div><a href=\"https:\/\/spalek-alutechnik.de\/fr\/produktauswahl\/kompriband\/\" class=\"editorskit-block-link\" rel=\"\"><\/a><\/div>\n<\/div>\n<\/div>\n\n\n\n<div class=\"wp-block-columns product-columns is-layout-flex wp-container-core-columns-is-layout-4 wp-block-columns-is-layout-flex\">\n<div class=\"wp-block-column has-primary-10-background-color has-background has-primary10-background-color is-layout-flow wp-block-column-is-layout-flow\">\n<div class=\"wp-block-cover product-cover ek-linked-block\"><span aria-hidden=\"true\" class=\"wp-block-cover__background has-background-dim-0 has-background-dim\"><\/span><img loading=\"lazy\" decoding=\"async\" width=\"1400\" height=\"1259\" class=\"wp-block-cover__image-background wp-image-294\" alt=\"\" src=\"https:\/\/spalek-alutechnik.de\/wp-content\/uploads\/2023\/03\/GB_20x8x5_01-scaled-1.png\" data-object-fit=\"cover\" srcset=\"https:\/\/spalek-alutechnik.de\/wp-content\/uploads\/2023\/03\/GB_20x8x5_01-scaled-1.png 1400w, https:\/\/spalek-alutechnik.de\/wp-content\/uploads\/2023\/03\/GB_20x8x5_01-scaled-1-300x270.png 300w, https:\/\/spalek-alutechnik.de\/wp-content\/uploads\/2023\/03\/GB_20x8x5_01-scaled-1-1024x921.png 1024w, https:\/\/spalek-alutechnik.de\/wp-content\/uploads\/2023\/03\/GB_20x8x5_01-scaled-1-768x691.png 768w\" sizes=\"auto, (max-width: 1400px) 100vw, 1400px\" \/><div class=\"wp-block-cover__inner-container is-layout-flow wp-block-cover-is-layout-flow\">\n<div class=\"wp-block-group has-contrast-color has-text-color has-global-padding is-layout-constrained wp-block-group-is-layout-constrained\">\n<p class=\"has-text-align-left\">Bande en caoutchouc<\/p>\n<\/div>\n<\/div><a href=\"https:\/\/spalek-alutechnik.de\/fr\/produktauswahl\/gummiband\/\" class=\"editorskit-block-link\" rel=\"\"><\/a><\/div>\n<\/div>\n\n\n\n<div class=\"wp-block-column has-primary-10-background-color has-background has-primary10-background-color is-layout-flow wp-block-column-is-layout-flow\">\n<div class=\"wp-block-cover is-light product-cover ek-linked-block\"><span aria-hidden=\"true\" class=\"wp-block-cover__background has-background-dim-0 has-background-dim\"><\/span><img loading=\"lazy\" decoding=\"async\" width=\"1200\" height=\"917\" class=\"wp-block-cover__image-background wp-image-297\" alt=\"\" src=\"https:\/\/spalek-alutechnik.de\/wp-content\/uploads\/2023\/03\/UK_S_60x60x3_04-scaled-1.png\" data-object-fit=\"cover\" srcset=\"https:\/\/spalek-alutechnik.de\/wp-content\/uploads\/2023\/03\/UK_S_60x60x3_04-scaled-1.png 1200w, https:\/\/spalek-alutechnik.de\/wp-content\/uploads\/2023\/03\/UK_S_60x60x3_04-scaled-1-300x229.png 300w, https:\/\/spalek-alutechnik.de\/wp-content\/uploads\/2023\/03\/UK_S_60x60x3_04-scaled-1-1024x783.png 1024w, https:\/\/spalek-alutechnik.de\/wp-content\/uploads\/2023\/03\/UK_S_60x60x3_04-scaled-1-768x587.png 768w\" sizes=\"auto, (max-width: 1200px) 100vw, 1200px\" \/><div class=\"wp-block-cover__inner-container is-layout-flow wp-block-cover-is-layout-flow\">\n<div class=\"wp-block-group has-contrast-color has-text-color has-global-padding is-layout-constrained wp-block-group-is-layout-constrained\">\n<p class=\"has-text-align-left\">Sous-structure \u2013 tubes carr\u00e9s en aluminium<\/p>\n<\/div>\n<\/div><a href=\"https:\/\/spalek-alutechnik.de\/fr\/produktauswahl\/vierkantrohr\/\" class=\"editorskit-block-link\" rel=\"\"><\/a><\/div>\n<\/div>\n\n\n\n<div class=\"wp-block-column is-layout-flow wp-block-column-is-layout-flow\"><\/div>\n<\/div>\n<\/div>\n\n\n\n<div class=\"wp-block-group px-3 px-md-4 px-lg-5 py-5 has-global-padding is-layout-constrained wp-block-group-is-layout-constrained\">\n<div style=\"height:100px\" aria-hidden=\"true\" class=\"wp-block-spacer spacer-100\"><\/div>\n\n\n\n<div class=\"wp-block-columns is-layout-flex wp-container-core-columns-is-layout-5 wp-block-columns-is-layout-flex\">\n<div class=\"wp-block-column is-vertically-aligned-center animated fadeInUp is-layout-flow wp-block-column-is-layout-flow\" style=\"flex-basis:40%\">\n<div class=\"wp-block-group is-vertical is-layout-flex wp-container-core-group-is-layout-15 wp-block-group-is-layout-flex\">\n<h2 class=\"wp-block-heading h2-before\" style=\"font-style:normal;font-weight:700\">Nous sommes \u00e0 votre disposition<\/h2>\n\n\n\n<p class=\"has-grey-color has-text-color\">N\u2019h\u00e9sitez pas \u00e0 nous appeler ou \u00e0 nous \u00e9crire \u2013 votre interlocuteur vous r\u00e9pondra dans les plus brefs d\u00e9lais.<\/p>\n\n\n\n<div class=\"wp-block-buttons is-layout-flex wp-block-buttons-is-layout-flex\">\n<div class=\"wp-block-button has-custom-font-size has-small-font-size\" style=\"font-style:normal;font-weight:500\"><a class=\"wp-block-button__link has-base-color has-primary-background-color has-text-color has-background wp-element-button\" href=\"https:\/\/spalek-alutechnik.de\/fr\/kontakt\/#kontaktformular\" style=\"border-radius:10px\">Nous contacter<\/a><\/div>\n<\/div>\n<\/div>\n\n\n\n<div class=\"wp-block-group is-vertical is-layout-flex wp-container-core-group-is-layout-16 wp-block-group-is-layout-flex advgb-dyn-ac567526\">\n<h2 class=\"wp-block-heading h2-before\" style=\"font-style:normal;font-weight:700\">Partenaire:<\/h2>\n\n\n\n<figure class=\"wp-block-image size-full is-resized\"><img loading=\"lazy\" decoding=\"async\" width=\"950\" height=\"665\" src=\"https:\/\/spalek-alutechnik.de\/wp-content\/uploads\/2024\/07\/Logo_HOLZRING_RGB_300dpi-1-1024x678-1.jpg\" alt=\"\" class=\"wp-image-608\" style=\"width:175px\" srcset=\"https:\/\/spalek-alutechnik.de\/wp-content\/uploads\/2024\/07\/Logo_HOLZRING_RGB_300dpi-1-1024x678-1.jpg 950w, https:\/\/spalek-alutechnik.de\/wp-content\/uploads\/2024\/07\/Logo_HOLZRING_RGB_300dpi-1-1024x678-1-300x210.jpg 300w, https:\/\/spalek-alutechnik.de\/wp-content\/uploads\/2024\/07\/Logo_HOLZRING_RGB_300dpi-1-1024x678-1-768x538.jpg 768w\" sizes=\"auto, (max-width: 950px) 100vw, 950px\" \/><\/figure>\n<\/div>\n<\/div>\n\n\n\n<div class=\"wp-block-column animated fadeInUp delay-200ms is-layout-flow wp-block-column-is-layout-flow\" style=\"flex-basis:60%\">\n<div class=\"wp-block-advgb-map advgb-map-block maps\" style=\"margin:10px auto\"><div class=\"advgb-map-content\" id=\"advgbmap-6a6ea8b3-2f2f-4b39-b25e-53bcc6455ecc\" style=\"height:450px\" data-default=\"https:\/\/maps.gstatic.com\/mapfiles\/api-3\/images\/spotlight-poi2.png\" data-lat=\"51.3343503\" data-lng=\"7.000896999999999\" data-zoom=\"14\" data-title=\"Spalek Alutechnik\" data-desc=\"Dieselstra\u00dfe 44, 42579 Heiligenhaus<br\/&gt;+49 2056 586170\" data-shown=\"false\" data-style=\"%5B%7B%22elementType%22%3A%22geometry%22%2C%22stylers%22%3A%5B%7B%22color%22%3A%22%23f5f5f5%22%7D%5D%7D%2C%7B%22elementType%22%3A%22labels.icon%22%2C%22stylers%22%3A%5B%7B%22visibility%22%3A%22off%22%7D%5D%7D%2C%7B%22elementType%22%3A%22labels.text.fill%22%2C%22stylers%22%3A%5B%7B%22color%22%3A%22%23616161%22%7D%5D%7D%2C%7B%22elementType%22%3A%22labels.text.stroke%22%2C%22stylers%22%3A%5B%7B%22color%22%3A%22%23f5f5f5%22%7D%5D%7D%2C%7B%22featureType%22%3A%22administrative.land_parcel%22%2C%22elementType%22%3A%22labels.text.fill%22%2C%22stylers%22%3A%5B%7B%22color%22%3A%22%23bdbdbd%22%7D%5D%7D%2C%7B%22featureType%22%3A%22poi%22%2C%22elementType%22%3A%22geometry%22%2C%22stylers%22%3A%5B%7B%22color%22%3A%22%23eeeeee%22%7D%5D%7D%2C%7B%22featureType%22%3A%22poi%22%2C%22elementType%22%3A%22labels.text.fill%22%2C%22stylers%22%3A%5B%7B%22color%22%3A%22%23757575%22%7D%5D%7D%2C%7B%22featureType%22%3A%22poi.park%22%2C%22elementType%22%3A%22geometry%22%2C%22stylers%22%3A%5B%7B%22color%22%3A%22%23e5e5e5%22%7D%5D%7D%2C%7B%22featureType%22%3A%22poi.park%22%2C%22elementType%22%3A%22labels.text.fill%22%2C%22stylers%22%3A%5B%7B%22color%22%3A%22%239e9e9e%22%7D%5D%7D%2C%7B%22featureType%22%3A%22road%22%2C%22elementType%22%3A%22geometry%22%2C%22stylers%22%3A%5B%7B%22color%22%3A%22%23ffffff%22%7D%5D%7D%2C%7B%22featureType%22%3A%22road.arterial%22%2C%22elementType%22%3A%22labels.text.fill%22%2C%22stylers%22%3A%5B%7B%22color%22%3A%22%23757575%22%7D%5D%7D%2C%7B%22featureType%22%3A%22road.highway%22%2C%22elementType%22%3A%22geometry%22%2C%22stylers%22%3A%5B%7B%22color%22%3A%22%23dadada%22%7D%5D%7D%2C%7B%22featureType%22%3A%22road.highway%22%2C%22elementType%22%3A%22labels.text.fill%22%2C%22stylers%22%3A%5B%7B%22color%22%3A%22%23616161%22%7D%5D%7D%2C%7B%22featureType%22%3A%22road.local%22%2C%22elementType%22%3A%22labels.text.fill%22%2C%22stylers%22%3A%5B%7B%22color%22%3A%22%239e9e9e%22%7D%5D%7D%2C%7B%22featureType%22%3A%22transit.line%22%2C%22elementType%22%3A%22geometry%22%2C%22stylers%22%3A%5B%7B%22color%22%3A%22%23e5e5e5%22%7D%5D%7D%2C%7B%22featureType%22%3A%22transit.station%22%2C%22elementType%22%3A%22geometry%22%2C%22stylers%22%3A%5B%7B%22color%22%3A%22%23eeeeee%22%7D%5D%7D%2C%7B%22featureType%22%3A%22water%22%2C%22elementType%22%3A%22geometry%22%2C%22stylers%22%3A%5B%7B%22color%22%3A%22%23c9c9c9%22%7D%5D%7D%2C%7B%22featureType%22%3A%22water%22%2C%22elementType%22%3A%22labels.text.fill%22%2C%22stylers%22%3A%5B%7B%22color%22%3A%22%239e9e9e%22%7D%5D%7D%5D\"><\/div><\/div>\n<\/div>\n<\/div>\n\n\n\n<div style=\"height:100px\" aria-hidden=\"true\" class=\"wp-block-spacer spacer-100\"><\/div>\n<\/div>","protected":false},"excerpt":{"rendered":"<p>H\u00f6chste Qualit\u00e4t in tollen Farben und Dekoren Hier finden Sie alle Produkte des Allwetterdielen-Systems von Spalek Alutechnik auf einen Blick. W\u00e4hlen Sie zwischen unterschiedlichen Dielenbreiten, Farbt\u00f6nen und Dekoren. Nutzen Sie gern unseren Konfigurator, um sich Ihr Projekt in der Online-Vorschau in verschiedenen Farben und Dekoren anzusehen!<\/p>","protected":false},"author":1,"featured_media":0,"parent":0,"menu_order":0,"comment_status":"closed","ping_status":"closed","template":"","meta":{"_editorskit_title_hidden":false,"_editorskit_reading_time":1,"_editorskit_is_block_options_detached":false,"_editorskit_block_options_position":"{}","inline_featured_image":false,"advgb_blocks_editor_width":"","advgb_blocks_columns_visual_guide":"","footnotes":""},"class_list":["post-15","page","type-page","status-publish","hentry"],"yoast_head":"<!-- This site is optimized with the Yoast SEO plugin v26.7 - https:\/\/yoast.com\/wordpress\/plugins\/seo\/ -->\n<title>Produktauswahl - SPALEK ALUTECHNIK<\/title>\n<meta name=\"description\" content=\"Unsere Allwetterdielen gibt es in zwei H\u00f6hen (40 und 25mm) und sechs Dekoren. Nutzen Sie unseren Konfigurator, um Ihr Projekt mit Ihren Ma\u00dfen direkt zu planen.\" \/>\n<meta name=\"robots\" content=\"index, follow, max-snippet:-1, max-image-preview:large, max-video-preview:-1\" \/>\n<link rel=\"canonical\" href=\"https:\/\/spalek-alutechnik.de\/fr\/produktauswahl\/\" \/>\n<meta property=\"og:locale\" content=\"fr_FR\" \/>\n<meta property=\"og:type\" content=\"article\" \/>\n<meta property=\"og:title\" content=\"Produktauswahl - SPALEK ALUTECHNIK\" \/>\n<meta property=\"og:description\" content=\"Unsere Allwetterdielen gibt es in zwei H\u00f6hen (40 und 25mm) und sechs Dekoren. Nutzen Sie unseren Konfigurator, um Ihr Projekt mit Ihren Ma\u00dfen direkt zu planen.\" \/>\n<meta property=\"og:url\" content=\"https:\/\/spalek-alutechnik.de\/fr\/produktauswahl\/\" \/>\n<meta property=\"og:site_name\" content=\"SPALEK ALUTECHNIK\" \/>\n<meta property=\"article:modified_time\" content=\"2025-04-28T09:28:37+00:00\" \/>\n<meta property=\"og:image\" content=\"https:\/\/spalek-alutechnik.de\/wp-content\/uploads\/2023\/03\/Produktauswahl-header-scaled.jpg\" \/>\n\t<meta property=\"og:image:width\" content=\"2560\" \/>\n\t<meta property=\"og:image:height\" content=\"1643\" \/>\n\t<meta property=\"og:image:type\" content=\"image\/jpeg\" \/>\n<meta name=\"twitter:card\" content=\"summary_large_image\" \/>\n<meta name=\"twitter:label1\" content=\"Dur\u00e9e de lecture estim\u00e9e\" \/>\n\t<meta name=\"twitter:data1\" content=\"7 minutes\" \/>\n<script type=\"application\/ld+json\" class=\"yoast-schema-graph\">{\"@context\":\"https:\/\/schema.org\",\"@graph\":[{\"@type\":\"WebPage\",\"@id\":\"https:\/\/spalek-alutechnik.de\/produktauswahl\/\",\"url\":\"https:\/\/spalek-alutechnik.de\/produktauswahl\/\",\"name\":\"Produktauswahl - SPALEK ALUTECHNIK\",\"isPartOf\":{\"@id\":\"https:\/\/spalek-alutechnik.de\/#website\"},\"primaryImageOfPage\":{\"@id\":\"https:\/\/spalek-alutechnik.de\/produktauswahl\/#primaryimage\"},\"image\":{\"@id\":\"https:\/\/spalek-alutechnik.de\/produktauswahl\/#primaryimage\"},\"thumbnailUrl\":\"https:\/\/spalek-alutechnik.de\/wp-content\/uploads\/2023\/03\/Produktauswahl-header-scaled.jpg\",\"datePublished\":\"2023-03-09T09:57:31+00:00\",\"dateModified\":\"2025-04-28T09:28:37+00:00\",\"description\":\"Unsere Allwetterdielen gibt es in zwei H\u00f6hen (40 und 25mm) und sechs Dekoren. Nutzen Sie unseren Konfigurator, um Ihr Projekt mit Ihren Ma\u00dfen direkt zu planen.\",\"breadcrumb\":{\"@id\":\"https:\/\/spalek-alutechnik.de\/produktauswahl\/#breadcrumb\"},\"inLanguage\":\"fr-FR\",\"potentialAction\":[{\"@type\":\"ReadAction\",\"target\":[\"https:\/\/spalek-alutechnik.de\/produktauswahl\/\"]}]},{\"@type\":\"ImageObject\",\"inLanguage\":\"fr-FR\",\"@id\":\"https:\/\/spalek-alutechnik.de\/produktauswahl\/#primaryimage\",\"url\":\"https:\/\/spalek-alutechnik.de\/wp-content\/uploads\/2023\/03\/Produktauswahl-header-scaled.jpg\",\"contentUrl\":\"https:\/\/spalek-alutechnik.de\/wp-content\/uploads\/2023\/03\/Produktauswahl-header-scaled.jpg\"},{\"@type\":\"BreadcrumbList\",\"@id\":\"https:\/\/spalek-alutechnik.de\/produktauswahl\/#breadcrumb\",\"itemListElement\":[{\"@type\":\"ListItem\",\"position\":1,\"name\":\"Startseite\",\"item\":\"https:\/\/spalek-alutechnik.de\/\"},{\"@type\":\"ListItem\",\"position\":2,\"name\":\"Produktauswahl\"}]},{\"@type\":\"WebSite\",\"@id\":\"https:\/\/spalek-alutechnik.de\/#website\",\"url\":\"https:\/\/spalek-alutechnik.de\/\",\"name\":\"SPALEK ALUTECHNIK\",\"description\":\"Allwetterdielen f\u00fcr Terrassen und Fassaden\",\"publisher\":{\"@id\":\"https:\/\/spalek-alutechnik.de\/#organization\"},\"potentialAction\":[{\"@type\":\"SearchAction\",\"target\":{\"@type\":\"EntryPoint\",\"urlTemplate\":\"https:\/\/spalek-alutechnik.de\/?s={search_term_string}\"},\"query-input\":{\"@type\":\"PropertyValueSpecification\",\"valueRequired\":true,\"valueName\":\"search_term_string\"}}],\"inLanguage\":\"fr-FR\"},{\"@type\":\"Organization\",\"@id\":\"https:\/\/spalek-alutechnik.de\/#organization\",\"name\":\"SPALEK ALUTECHNIK\",\"url\":\"https:\/\/spalek-alutechnik.de\/\",\"logo\":{\"@type\":\"ImageObject\",\"inLanguage\":\"fr-FR\",\"@id\":\"https:\/\/spalek-alutechnik.de\/#\/schema\/logo\/image\/\",\"url\":\"https:\/\/spalek-alutechnik.de\/wp-content\/uploads\/2023\/03\/Logo-Alutechnik.svg\",\"contentUrl\":\"https:\/\/spalek-alutechnik.de\/wp-content\/uploads\/2023\/03\/Logo-Alutechnik.svg\",\"width\":246,\"height\":88,\"caption\":\"SPALEK ALUTECHNIK\"},\"image\":{\"@id\":\"https:\/\/spalek-alutechnik.de\/#\/schema\/logo\/image\/\"}}]}<\/script>\n<!-- \/ Yoast SEO plugin. -->","yoast_head_json":{"title":"Produktauswahl - SPALEK ALUTECHNIK","description":"Unsere Allwetterdielen gibt es in zwei H\u00f6hen (40 und 25mm) und sechs Dekoren. Nutzen Sie unseren Konfigurator, um Ihr Projekt mit Ihren Ma\u00dfen direkt zu planen.","robots":{"index":"index","follow":"follow","max-snippet":"max-snippet:-1","max-image-preview":"max-image-preview:large","max-video-preview":"max-video-preview:-1"},"canonical":"https:\/\/spalek-alutechnik.de\/fr\/produktauswahl\/","og_locale":"fr_FR","og_type":"article","og_title":"Produktauswahl - SPALEK ALUTECHNIK","og_description":"Unsere Allwetterdielen gibt es in zwei H\u00f6hen (40 und 25mm) und sechs Dekoren. Nutzen Sie unseren Konfigurator, um Ihr Projekt mit Ihren Ma\u00dfen direkt zu planen.","og_url":"https:\/\/spalek-alutechnik.de\/fr\/produktauswahl\/","og_site_name":"SPALEK ALUTECHNIK","article_modified_time":"2025-04-28T09:28:37+00:00","og_image":[{"width":2560,"height":1643,"url":"https:\/\/spalek-alutechnik.de\/wp-content\/uploads\/2023\/03\/Produktauswahl-header-scaled.jpg","type":"image\/jpeg"}],"twitter_card":"summary_large_image","twitter_misc":{"Dur\u00e9e de lecture estim\u00e9e":"7 minutes"},"schema":{"@context":"https:\/\/schema.org","@graph":[{"@type":"WebPage","@id":"https:\/\/spalek-alutechnik.de\/produktauswahl\/","url":"https:\/\/spalek-alutechnik.de\/produktauswahl\/","name":"Produktauswahl - SPALEK ALUTECHNIK","isPartOf":{"@id":"https:\/\/spalek-alutechnik.de\/#website"},"primaryImageOfPage":{"@id":"https:\/\/spalek-alutechnik.de\/produktauswahl\/#primaryimage"},"image":{"@id":"https:\/\/spalek-alutechnik.de\/produktauswahl\/#primaryimage"},"thumbnailUrl":"https:\/\/spalek-alutechnik.de\/wp-content\/uploads\/2023\/03\/Produktauswahl-header-scaled.jpg","datePublished":"2023-03-09T09:57:31+00:00","dateModified":"2025-04-28T09:28:37+00:00","description":"Unsere Allwetterdielen gibt es in zwei H\u00f6hen (40 und 25mm) und sechs Dekoren. Nutzen Sie unseren Konfigurator, um Ihr Projekt mit Ihren Ma\u00dfen direkt zu planen.","breadcrumb":{"@id":"https:\/\/spalek-alutechnik.de\/produktauswahl\/#breadcrumb"},"inLanguage":"fr-FR","potentialAction":[{"@type":"ReadAction","target":["https:\/\/spalek-alutechnik.de\/produktauswahl\/"]}]},{"@type":"ImageObject","inLanguage":"fr-FR","@id":"https:\/\/spalek-alutechnik.de\/produktauswahl\/#primaryimage","url":"https:\/\/spalek-alutechnik.de\/wp-content\/uploads\/2023\/03\/Produktauswahl-header-scaled.jpg","contentUrl":"https:\/\/spalek-alutechnik.de\/wp-content\/uploads\/2023\/03\/Produktauswahl-header-scaled.jpg"},{"@type":"BreadcrumbList","@id":"https:\/\/spalek-alutechnik.de\/produktauswahl\/#breadcrumb","itemListElement":[{"@type":"ListItem","position":1,"name":"Startseite","item":"https:\/\/spalek-alutechnik.de\/"},{"@type":"ListItem","position":2,"name":"Produktauswahl"}]},{"@type":"WebSite","@id":"https:\/\/spalek-alutechnik.de\/#website","url":"https:\/\/spalek-alutechnik.de\/","name":"SPALEK ALUTECHNIK","description":"Allwetterdielen f\u00fcr Terrassen und Fassaden","publisher":{"@id":"https:\/\/spalek-alutechnik.de\/#organization"},"potentialAction":[{"@type":"SearchAction","target":{"@type":"EntryPoint","urlTemplate":"https:\/\/spalek-alutechnik.de\/?s={search_term_string}"},"query-input":{"@type":"PropertyValueSpecification","valueRequired":true,"valueName":"search_term_string"}}],"inLanguage":"fr-FR"},{"@type":"Organization","@id":"https:\/\/spalek-alutechnik.de\/#organization","name":"SPALEK ALUTECHNIK","url":"https:\/\/spalek-alutechnik.de\/","logo":{"@type":"ImageObject","inLanguage":"fr-FR","@id":"https:\/\/spalek-alutechnik.de\/#\/schema\/logo\/image\/","url":"https:\/\/spalek-alutechnik.de\/wp-content\/uploads\/2023\/03\/Logo-Alutechnik.svg","contentUrl":"https:\/\/spalek-alutechnik.de\/wp-content\/uploads\/2023\/03\/Logo-Alutechnik.svg","width":246,"height":88,"caption":"SPALEK ALUTECHNIK"},"image":{"@id":"https:\/\/spalek-alutechnik.de\/#\/schema\/logo\/image\/"}}]}},"coauthors":[],"author_meta":{"author_link":"https:\/\/spalek-alutechnik.de\/fr\/author\/mhorn\/","display_name":"MHorn"},"relative_dates":{"created":"Publi\u00e9 3 ans il y a","modified":"Mis \u00e0 jour 1 an il y a"},"absolute_dates":{"created":"Publi\u00e9 le 9. mars 2023","modified":"Mise \u00e0 jour le 28. avril 2025"},"absolute_dates_time":{"created":"Publi\u00e9 le 9. mars 2023 10:57","modified":"Mise \u00e0 jour le 28. avril 2025 11:28"},"featured_img_caption":"","featured_img":false,"series_order":"","_links":{"self":[{"href":"https:\/\/spalek-alutechnik.de\/fr\/wp-json\/wp\/v2\/pages\/15","targetHints":{"allow":["GET"]}}],"collection":[{"href":"https:\/\/spalek-alutechnik.de\/fr\/wp-json\/wp\/v2\/pages"}],"about":[{"href":"https:\/\/spalek-alutechnik.de\/fr\/wp-json\/wp\/v2\/types\/page"}],"author":[{"embeddable":true,"href":"https:\/\/spalek-alutechnik.de\/fr\/wp-json\/wp\/v2\/users\/1"}],"replies":[{"embeddable":true,"href":"https:\/\/spalek-alutechnik.de\/fr\/wp-json\/wp\/v2\/comments?post=15"}],"version-history":[{"count":14,"href":"https:\/\/spalek-alutechnik.de\/fr\/wp-json\/wp\/v2\/pages\/15\/revisions"}],"predecessor-version":[{"id":727,"href":"https:\/\/spalek-alutechnik.de\/fr\/wp-json\/wp\/v2\/pages\/15\/revisions\/727"}],"wp:attachment":[{"href":"https:\/\/spalek-alutechnik.de\/fr\/wp-json\/wp\/v2\/media?parent=15"}],"curies":[{"name":"wp","href":"https:\/\/api.w.org\/{rel}","templated":true}]}}