{"id":13,"date":"2023-03-09T10:57:12","date_gmt":"2023-03-09T09:57:12","guid":{"rendered":"https:\/\/spalek-alutechnik.de\/?page_id=13"},"modified":"2025-04-28T11:21:38","modified_gmt":"2025-04-28T09:21:38","slug":"system-anwendung","status":"publish","type":"page","link":"https:\/\/spalek-alutechnik.de\/fr\/system-anwendung\/","title":{"rendered":"Syst\u00e8me\/application"},"content":{"rendered":"\n<div class=\"wp-block-cover alignfull is-light header-cover px-3 px-md-4 px-lg-5\" style=\"min-height:80vh;aspect-ratio:unset;\"><span aria-hidden=\"true\" class=\"wp-block-cover__background has-background-dim-0 has-background-dim\"><\/span><img loading=\"lazy\" decoding=\"async\" width=\"2560\" height=\"1635\" class=\"wp-block-cover__image-background wp-image-92\" alt=\"Eine moderne Terrasse mit grauen Aludielen, einem Sitzbereich mit beigen Sofas und einem Glastisch, umgeben von Glasgel\u00e4ndern, mit Blick auf einen Garten und ein Wohngebiet im Hintergrund.\" src=\"https:\/\/spalek-alutechnik.de\/wp-content\/uploads\/2023\/03\/Differenzmenge-17-scaled.jpg\" data-object-fit=\"cover\" srcset=\"https:\/\/spalek-alutechnik.de\/wp-content\/uploads\/2023\/03\/Differenzmenge-17-scaled.jpg 2560w, https:\/\/spalek-alutechnik.de\/wp-content\/uploads\/2023\/03\/Differenzmenge-17-300x192.jpg 300w, https:\/\/spalek-alutechnik.de\/wp-content\/uploads\/2023\/03\/Differenzmenge-17-1024x654.jpg 1024w, https:\/\/spalek-alutechnik.de\/wp-content\/uploads\/2023\/03\/Differenzmenge-17-768x491.jpg 768w, https:\/\/spalek-alutechnik.de\/wp-content\/uploads\/2023\/03\/Differenzmenge-17-1536x981.jpg 1536w, https:\/\/spalek-alutechnik.de\/wp-content\/uploads\/2023\/03\/Differenzmenge-17-2048x1308.jpg 2048w\" sizes=\"auto, (max-width: 2560px) 100vw, 2560px\" \/><div class=\"wp-block-cover__inner-container is-layout-flow wp-block-cover-is-layout-flow\">\n<div class=\"wp-block-group cover-heading animated fadeInLeft has-global-padding is-layout-constrained wp-container-core-group-is-layout-1 wp-block-group-is-layout-constrained\">\n<h1 class=\"wp-block-heading has-text-align-center has-base-color has-primary-background-color has-text-color has-background\" style=\"font-style:italic;font-weight:500\">Anwendungsm\u00f6glichkeiten und das System<\/h1>\n<\/div>\n<\/div><\/div>\n\n\n\n<div class=\"wp-block-group alignfull py-5 px-3 px-md-4 px-lg-5 has-base-background-color has-background has-global-padding is-content-justification-center is-layout-constrained wp-container-core-group-is-layout-3 wp-block-group-is-layout-constrained\" id=\"intro\">\n<div class=\"wp-block-group py-5 has-global-padding is-content-justification-left is-layout-constrained wp-container-core-group-is-layout-2 wp-block-group-is-layout-constrained\"><h2 style=\"font-size:clamp(14px, 0.875rem + ((1vw - 3.2px) * 0.156), 16px);\" class=\"breadcrump wp-block-post-title has-text-color has-primary-color\"><a href=\"https:\/\/spalek-alutechnik.de\/fr\/system-anwendung\/\" target=\"_self\" >System\/Anwendung<\/a><\/h2>\n\n\n<h2 class=\"wp-block-heading animated fadeInUp\" style=\"font-style:normal;font-weight:700\"><strong>Allwetterdielen sind eine exzellente L\u00f6sung f\u00fcr viele Einsatzbereiche!<\/strong><\/h2>\n\n\n\n<p class=\"animated fadeInUp has-grey-color has-text-color\">Unsere Allwetterdielen aus Aluminium sind f\u00fcr viele Einsatzgebiete in Neubau oder Modernisierung eine Spitzenl\u00f6sung, die f\u00fcr Nachhaltigkeit und gutes Design steht. Mit ihren herausragenden Eigenschaften wie Wasserundurchl\u00e4ssigkeit, Wartungsfreiheit, leichtes Gewicht und einfache Montage lassen sie sich f\u00fcr Balkone, Terrassen ebenso perfekt einsetzen wie zur Carport\u00fcberdachung oder f\u00fcr die Schwimmbadumrandung.<\/p>\n<\/div>\n<\/div>\n\n\n\n<div class=\"wp-block-columns alignfull is-layout-flex wp-container-core-columns-is-layout-1 wp-block-columns-is-layout-flex\">\n<div class=\"wp-block-column is-layout-flow wp-block-column-is-layout-flow\">\n<div class=\"wp-block-cover is-light animated fadeInUp\" style=\"min-height:540px;aspect-ratio:unset;\"><span aria-hidden=\"true\" class=\"wp-block-cover__background has-background-dim-0 has-background-dim\"><\/span><img loading=\"lazy\" decoding=\"async\" width=\"1930\" height=\"1046\" class=\"wp-block-cover__image-background wp-image-117\" alt=\"Ein moderner Balkon mit Glasgel\u00e4nder, der auf einen dichten, gr\u00fcnen Wald blickt.\" src=\"https:\/\/spalek-alutechnik.de\/wp-content\/uploads\/2023\/03\/Schnittmenge-159.jpg\" data-object-fit=\"cover\" srcset=\"https:\/\/spalek-alutechnik.de\/wp-content\/uploads\/2023\/03\/Schnittmenge-159.jpg 1930w, https:\/\/spalek-alutechnik.de\/wp-content\/uploads\/2023\/03\/Schnittmenge-159-300x163.jpg 300w, https:\/\/spalek-alutechnik.de\/wp-content\/uploads\/2023\/03\/Schnittmenge-159-1024x555.jpg 1024w, https:\/\/spalek-alutechnik.de\/wp-content\/uploads\/2023\/03\/Schnittmenge-159-768x416.jpg 768w, https:\/\/spalek-alutechnik.de\/wp-content\/uploads\/2023\/03\/Schnittmenge-159-1536x832.jpg 1536w\" sizes=\"auto, (max-width: 1930px) 100vw, 1930px\" \/><div class=\"wp-block-cover__inner-container is-layout-flow wp-block-cover-is-layout-flow\">\n<p class=\"has-text-align-center has-large-font-size\"><\/p>\n<\/div><\/div>\n<\/div>\n\n\n\n<div class=\"wp-block-column is-vertically-aligned-center px-3 px-md-4 ps-lg-4 animated fadeInUp delay-200ms is-layout-flow wp-block-column-is-layout-flow\">\n<h3 class=\"wp-block-heading\" style=\"font-style:normal;font-weight:700\"><strong>Einsatzbereiche im \u00dcberblick:<\/strong><\/h3>\n\n\n\n<div class=\"wp-block-group has-global-padding is-content-justification-left is-layout-constrained wp-container-core-group-is-layout-4 wp-block-group-is-layout-constrained\">\n<div class=\"wp-block-advgb-accordions advgb-accordions-773c5182-6b9d-48d8-b5e4-93157c03c035 advgb-accordion-wrapper\" data-collapsed=\"true\">\n<div class=\"wp-block-advgb-accordion-item advgb-accordion-item\" style=\"margin-bottom:15px\"><div class=\"advgb-accordion-header\" style=\"background-color:#ffffff;color:#52B3C4;border-style:solid;border-width:0px\"><span class=\"advgb-accordion-header-icon\"><svg fill=\"#52B3C4\" xmlns=\"http:\/\/www.w3.org\/2000\/svg\" width=\"24\" height=\"24\" viewBox=\"0 0 24 24\"><path fill=\"none\" d=\"M0,0h24v24H0V0z\"><\/path><path d=\"M19,13h-6v6h-2v-6H5v-2h6V5h2v6h6V13z\"><\/path><\/svg><\/span><h4 class=\"advgb-accordion-header-title\" style=\"color:inherit\"><strong>Terrassen und Dachterrassen<\/strong><\/h4><\/div><div class=\"advgb-accordion-body\" style=\"border-style:solid !important;border-width:0px !important;border-color:undefined !important;border-top:none !important\">\n<p class=\"has-grey-color has-text-color has-link-color wp-elements-5b8f06d87ae633e8f70c4d6b57334e8e\">Auf Terrassen oder Dachterrassen k\u00f6nnen unsere Allwetterdielen ihre Vorteile auf ganzer Fl\u00e4che ausspielen. Genie\u00dfen Sie den ungetr\u00fcbten Blick auf perfekte Oberfl\u00e4chen und erfreuen Sie sich an optimaler Trittsicherheit.<\/p>\n<\/div><\/div>\n\n\n\n<div class=\"wp-block-advgb-accordion-item advgb-accordion-item\" style=\"margin-bottom:15px\"><div class=\"advgb-accordion-header\" style=\"background-color:#ffffff;color:#52B3C4;border-style:solid;border-width:0px\"><span class=\"advgb-accordion-header-icon\"><svg fill=\"#52B3C4\" xmlns=\"http:\/\/www.w3.org\/2000\/svg\" width=\"24\" height=\"24\" viewBox=\"0 0 24 24\"><path fill=\"none\" d=\"M0,0h24v24H0V0z\"><\/path><path d=\"M19,13h-6v6h-2v-6H5v-2h6V5h2v6h6V13z\"><\/path><\/svg><\/span><h4 class=\"advgb-accordion-header-title\" style=\"color:inherit\"><strong><strong>Balkonb\u00f6den und Verkleidungen<\/strong><\/strong><\/h4><\/div><div class=\"advgb-accordion-body\" style=\"border-style:solid !important;border-width:0px !important;border-color:undefined !important;border-top:none !important\">\n<p class=\"has-grey-color has-text-color has-link-color wp-elements-61ba59639c448b911443b35e73d38298\">Endlich ein Balkonboden ohne sich lockernde Fliesen oder vermooste Fugen: Mit unseren Allwetterdielen bleibt Ihr Balkonboden auch ganz ohne Wartung dauerhaft sch\u00f6n \u2013 und das in 6 verschiedenen Dekoren!<\/p>\n<\/div><\/div>\n\n\n\n<div class=\"wp-block-advgb-accordion-item advgb-accordion-item\" style=\"margin-bottom:15px\"><div class=\"advgb-accordion-header\" style=\"background-color:#ffffff;color:#52B3C4;border-style:solid;border-width:0px\"><span class=\"advgb-accordion-header-icon\"><svg fill=\"#52B3C4\" xmlns=\"http:\/\/www.w3.org\/2000\/svg\" width=\"24\" height=\"24\" viewBox=\"0 0 24 24\"><path fill=\"none\" d=\"M0,0h24v24H0V0z\"><\/path><path d=\"M19,13h-6v6h-2v-6H5v-2h6V5h2v6h6V13z\"><\/path><\/svg><\/span><h4 class=\"advgb-accordion-header-title\" style=\"color:inherit\"><strong><strong><strong>Garagen und Carports<\/strong><\/strong><\/strong><\/h4><\/div><div class=\"advgb-accordion-body\" style=\"border-style:solid !important;border-width:0px !important;border-color:undefined !important;border-top:none !important\">\n<p class=\"has-grey-color has-text-color has-link-color wp-elements-a84334234e62e4152f5dd40b9d549df4\">Als unempfindlicher und leicht zu reinigender Bodenbelag sind unsere Allwetterdielen auch in Ihrer Garage oder in Ihrem Carport eine dauerhaft \u00fcberzeugende L\u00f6sung.<\/p>\n<\/div><\/div>\n\n\n\n<div class=\"wp-block-advgb-accordion-item advgb-accordion-item\" style=\"margin-bottom:15px\"><div class=\"advgb-accordion-header\" style=\"background-color:#ffffff;color:#52B3C4;border-style:solid;border-width:0px\"><span class=\"advgb-accordion-header-icon\"><svg fill=\"#52B3C4\" xmlns=\"http:\/\/www.w3.org\/2000\/svg\" width=\"24\" height=\"24\" viewBox=\"0 0 24 24\"><path fill=\"none\" d=\"M0,0h24v24H0V0z\"><\/path><path d=\"M19,13h-6v6h-2v-6H5v-2h6V5h2v6h6V13z\"><\/path><\/svg><\/span><h4 class=\"advgb-accordion-header-title\" style=\"color:inherit\"><strong><strong><strong><strong>Schwimmbadumrandungen<\/strong><\/strong><\/strong><\/strong><\/h4><\/div><div class=\"advgb-accordion-body\" style=\"border-style:solid !important;border-width:0px !important;border-color:undefined !important;border-top:none !important\">\n<p class=\"has-grey-color has-text-color has-link-color wp-elements-f1e950a79aa5bf174f9d7eeb0375544c\">Sicherer Tritt und dauerhafte Resistenz gegen Wasser sind Vorteile, die unsere Allwetterdielen zur optimalen L\u00f6sung f\u00fcr Ihre Schwimmbadumrandungen machen.<\/p>\n<\/div><\/div>\n\n\n\n<div class=\"wp-block-advgb-accordion-item advgb-accordion-item\" style=\"margin-bottom:15px\"><div class=\"advgb-accordion-header\" style=\"background-color:#ffffff;color:#52B3C4;border-style:solid;border-width:0px\"><span class=\"advgb-accordion-header-icon\"><svg fill=\"#52B3C4\" xmlns=\"http:\/\/www.w3.org\/2000\/svg\" width=\"24\" height=\"24\" viewBox=\"0 0 24 24\"><path fill=\"none\" d=\"M0,0h24v24H0V0z\"><\/path><path d=\"M19,13h-6v6h-2v-6H5v-2h6V5h2v6h6V13z\"><\/path><\/svg><\/span><h4 class=\"advgb-accordion-header-title\" style=\"color:inherit\"><strong><strong><strong><strong><strong>Erweiterungen<\/strong><\/strong><\/strong><\/strong><\/strong><\/h4><\/div><div class=\"advgb-accordion-body\" style=\"border-style:solid !important;border-width:0px !important;border-color:undefined !important;border-top:none !important\">\n<p class=\"has-grey-color has-text-color has-link-color wp-elements-d5bab5a932f1ece78648165f8876cd59\">Allwetterdielen aus Aluminium sind f\u00fcr Erweiterungen im Outdoorbereich perfekt geeignet. Sie lassen sich flexibel f\u00fcr jegliche Ma\u00dfe einsetzen leicht montieren. \u00dcber unseren Konfigurator ist auch die Planung besonders einfach.<\/p>\n<\/div><\/div>\n\n\n\n<div class=\"wp-block-advgb-accordion-item advgb-accordion-item\" style=\"margin-bottom:15px\"><div class=\"advgb-accordion-header\" style=\"background-color:#ffffff;color:#52B3C4;border-style:solid;border-width:0px\"><span class=\"advgb-accordion-header-icon\"><svg fill=\"#52B3C4\" xmlns=\"http:\/\/www.w3.org\/2000\/svg\" width=\"24\" height=\"24\" viewBox=\"0 0 24 24\"><path fill=\"none\" d=\"M0,0h24v24H0V0z\"><\/path><path d=\"M19,13h-6v6h-2v-6H5v-2h6V5h2v6h6V13z\"><\/path><\/svg><\/span><h4 class=\"advgb-accordion-header-title\" style=\"color:inherit\"><strong><strong><strong><strong><strong><strong>Gartenwege<\/strong><\/strong><\/strong><\/strong><\/strong><\/strong><\/h4><\/div><div class=\"advgb-accordion-body\" style=\"border-style:solid !important;border-width:0px !important;border-color:undefined !important;border-top:none !important\">\n<p class=\"has-grey-color has-text-color has-link-color wp-elements-c03c49edd47b8b2c3687cf15947fa65e\">Endlich sicher und sauber durch den Garten gehen? Am besten auf Allwetterdielen aus Aluminium. Denn sie sind absolut wasserdicht, rutschfest und unempfindlich gegen Licht \u2013 und brauchen keine Wartung.<\/p>\n<\/div><\/div>\n<\/div>\n<\/div>\n<\/div>\n<\/div>\n\n\n\n<div style=\"height:100px\" aria-hidden=\"true\" class=\"wp-block-spacer spacer-100\"><\/div>\n\n\n\n<div class=\"wp-block-group alignfull px-3 px-md-4 px-lg-5 has-global-padding is-layout-constrained wp-block-group-is-layout-constrained\">\n<div class=\"wp-block-group has-global-padding is-content-justification-left is-layout-constrained wp-container-core-group-is-layout-5 wp-block-group-is-layout-constrained\">\n<p class=\"breadcrump animated fadeInUp has-primary-color has-text-color\" style=\"font-size:clamp(14px, 0.875rem + ((1vw - 3.2px) * 0.156), 16px);font-style:normal;font-weight:500\">Dielenmontage<\/p>\n\n\n\n<h2 class=\"wp-block-heading\">Einfache und sichere Montage \u2013<br><strong>per Klicksystem<\/strong><\/h2>\n\n\n\n<p class=\"has-grey-color has-text-color\">Um den Montageaufwand zu reduzieren und absolut sauberes und sicheres Verlegen zu gew\u00e4hrleisten, haben wir ein spezielles Klicksystem entwickelt. Damit lassen sich unsere Allwetterdielen \u00fcber einen einfachen Handgriff stabil miteinander verbinden. Die Oberfl\u00e4che ist anschlie\u00dfend 100 % wasserdicht.<\/p>\n<\/div>\n\n\n\n<figure class=\"wp-block-image size-large montage-img animated fadeInUp\"><img decoding=\"async\" src=\"https:\/\/spalek-alutechnik.de\/wp-content\/uploads\/2024\/07\/Alutechnik-Klicksystem-2024-NEU.svg\" alt=\"Technische Zeichnung des Montageprozess.\" class=\"wp-image-557\"\/><\/figure>\n\n\n\n<div class=\"wp-block-buttons animated fadeInUp fast is-layout-flex wp-block-buttons-is-layout-flex\">\n<div class=\"wp-block-button has-custom-font-size has-small-font-size\" style=\"font-style:normal;font-weight:500\"><a class=\"wp-block-button__link has-base-color has-primary-background-color has-text-color has-background wp-element-button\" href=\"https:\/\/spalek-alutechnik.de\/wp-content\/uploads\/2025\/01\/Alutechnik-Montageanleitung-finale-Version-JAN-25.pdf\" style=\"border-radius:10px\" target=\"_blank\" rel=\"noreferrer noopener\">Montageanleitung herunterladen<\/a><\/div>\n<\/div>\n<\/div>\n\n\n\n<div style=\"height:100px\" aria-hidden=\"true\" class=\"wp-block-spacer spacer-100\"><\/div>\n\n\n\n<div class=\"wp-block-group alignfull px-3 px-md-4 px-lg-5 py-5 animated fadeInUp has-primary-10-background-color has-background has-global-padding is-layout-constrained wp-block-group-is-layout-constrained\">\n<div class=\"wp-block-group py-5 has-global-padding is-layout-constrained wp-block-group-is-layout-constrained\">\n<h3 class=\"wp-block-heading has-text-align-center\" style=\"font-style:normal;font-weight:700\">Schritt f\u00fcr Schritt &#8211; einfach verlegt<\/h3>\n\n\n\n<div class=\"wp-block-columns pt-4 is-layout-flex wp-container-core-columns-is-layout-2 wp-block-columns-is-layout-flex\">\n<div class=\"wp-block-column has-base-background-color has-background is-layout-flow wp-block-column-is-layout-flow\">\n<figure class=\"wp-block-image size-full\"><img loading=\"lazy\" decoding=\"async\" width=\"1024\" height=\"800\" src=\"https:\/\/spalek-alutechnik.de\/wp-content\/uploads\/2024\/07\/spalek_id0005_v1_aludiele_diele_2_montage_1-1024x800-Kopie.jpg\" alt=\"Verbinden der Aludielen. Eine Aludiele wird im flachen Winkel an der ersten Diele angesetzt.\" class=\"wp-image-559\" srcset=\"https:\/\/spalek-alutechnik.de\/wp-content\/uploads\/2024\/07\/spalek_id0005_v1_aludiele_diele_2_montage_1-1024x800-Kopie.jpg 1024w, https:\/\/spalek-alutechnik.de\/wp-content\/uploads\/2024\/07\/spalek_id0005_v1_aludiele_diele_2_montage_1-1024x800-Kopie-300x234.jpg 300w, https:\/\/spalek-alutechnik.de\/wp-content\/uploads\/2024\/07\/spalek_id0005_v1_aludiele_diele_2_montage_1-1024x800-Kopie-768x600.jpg 768w\" sizes=\"auto, (max-width: 1024px) 100vw, 1024px\" \/><\/figure>\n\n\n\n<p class=\"p-4 has-grey-color has-text-color\">Zum Verbinden der Aludielen wird die zweite Diele einfach im flachen Winkel an der ersten Diele angesetzt.<\/p>\n<\/div>\n\n\n\n<div class=\"wp-block-column has-base-background-color has-background is-layout-flow wp-block-column-is-layout-flow\">\n<figure class=\"wp-block-image size-full\"><img loading=\"lazy\" decoding=\"async\" width=\"1024\" height=\"800\" src=\"https:\/\/spalek-alutechnik.de\/wp-content\/uploads\/2024\/07\/spalek_id0005_v1_aludiele_diele_2_montage_1-1024x800-v-2.jpg\" alt=\"Aludiele rastet durch Herunterdr\u00fccken in der ersten Diele ein.\" class=\"wp-image-560\" srcset=\"https:\/\/spalek-alutechnik.de\/wp-content\/uploads\/2024\/07\/spalek_id0005_v1_aludiele_diele_2_montage_1-1024x800-v-2.jpg 1024w, https:\/\/spalek-alutechnik.de\/wp-content\/uploads\/2024\/07\/spalek_id0005_v1_aludiele_diele_2_montage_1-1024x800-v-2-300x234.jpg 300w, https:\/\/spalek-alutechnik.de\/wp-content\/uploads\/2024\/07\/spalek_id0005_v1_aludiele_diele_2_montage_1-1024x800-v-2-768x600.jpg 768w\" sizes=\"auto, (max-width: 1024px) 100vw, 1024px\" \/><\/figure>\n\n\n\n<p class=\"p-4 has-grey-color has-text-color\">Durch das Herunterdr\u00fccken rastet die zweite Diele in der ersten Diele ein.<\/p>\n<\/div>\n\n\n\n<div class=\"wp-block-column has-base-background-color has-background is-layout-flow wp-block-column-is-layout-flow\">\n<figure class=\"wp-block-image size-full\"><img loading=\"lazy\" decoding=\"async\" width=\"1024\" height=\"800\" src=\"https:\/\/spalek-alutechnik.de\/wp-content\/uploads\/2024\/07\/spalek_id0005_v1_aludiele_diele_2_montage_1-1024x800v-3.jpg\" alt=\"Nahaufnahme der Verbindung zweier Aludielen.\" class=\"wp-image-561\" srcset=\"https:\/\/spalek-alutechnik.de\/wp-content\/uploads\/2024\/07\/spalek_id0005_v1_aludiele_diele_2_montage_1-1024x800v-3.jpg 1024w, https:\/\/spalek-alutechnik.de\/wp-content\/uploads\/2024\/07\/spalek_id0005_v1_aludiele_diele_2_montage_1-1024x800v-3-300x234.jpg 300w, https:\/\/spalek-alutechnik.de\/wp-content\/uploads\/2024\/07\/spalek_id0005_v1_aludiele_diele_2_montage_1-1024x800v-3-768x600.jpg 768w\" sizes=\"auto, (max-width: 1024px) 100vw, 1024px\" \/><\/figure>\n\n\n\n<p class=\"p-4 has-grey-color has-text-color\">Anschlie\u00dfend sind die Aludielen stabil miteinander verbunden und bilden eine wasserdichte Oberfl\u00e4che.<\/p>\n<\/div>\n<\/div>\n<\/div>\n<\/div>\n\n\n\n<div style=\"height:100px\" aria-hidden=\"true\" class=\"wp-block-spacer spacer-100\"><\/div>\n\n\n\n<div class=\"wp-block-group alignfull px-3 px-md-4 px-lg-5 has-global-padding is-layout-constrained wp-block-group-is-layout-constrained\">\n<div class=\"wp-block-group has-global-padding is-content-justification-left is-layout-constrained wp-container-core-group-is-layout-9 wp-block-group-is-layout-constrained\">\n<p class=\"breadcrump animated fadeInUp has-primary-color has-text-color\" style=\"font-size:clamp(14px, 0.875rem + ((1vw - 3.2px) * 0.156), 16px);font-style:normal;font-weight:500\">Anwendungsbeispiele<\/p>\n\n\n\n<h2 class=\"wp-block-heading\" style=\"font-style:normal;font-weight:700\">Ansichten von Montagebeispielen<\/h2>\n\n\n\n<p class=\"has-grey-color has-text-color\">Unser Allwetterdielen-System umfasst unter anderem eine Regenrinne sowie Abdeckleisten und -winkel. Mittels Gummib\u00e4ndern als Unterlage und Komprib\u00e4ndern f\u00fcr den Anschluss an den Seiten lassen sich die Allwetterdielen komfortabel \u00fcber dem vorhandenen Boden verlegen.<\/p>\n<\/div>\n<\/div>\n\n\n\n<div class=\"wp-block-cover alignfull is-light anwendungs-cover\"><span aria-hidden=\"true\" class=\"wp-block-cover__background has-background-dim-0 has-background-dim\"><\/span><img loading=\"lazy\" decoding=\"async\" width=\"1920\" height=\"1175\" class=\"wp-block-cover__image-background wp-image-137\" alt=\"\" src=\"https:\/\/spalek-alutechnik.de\/wp-content\/uploads\/2023\/03\/Shape-2.svg\" data-object-fit=\"cover\"\/><div class=\"wp-block-cover__inner-container is-layout-flow wp-block-cover-is-layout-flow\">\n<div class=\"wp-block-group animated fadeInUp px-3 px-md-4 px-lg-5 has-global-padding is-layout-constrained wp-block-group-is-layout-constrained\">\n<div style=\"height:100px\" aria-hidden=\"true\" class=\"wp-block-spacer spacer-150\"><\/div>\n\n\n\n<div class=\"wp-block-cb-carousel cb-single-slide\" data-slick=\"{&quot;slidesToShow&quot;:1,&quot;slidesToScroll&quot;:1,&quot;speed&quot;:300,&quot;arrows&quot;:true,&quot;dots&quot;:true,&quot;autoplay&quot;:false,&quot;autoplaySpeed&quot;:3000,&quot;infinite&quot;:true,&quot;responsive&quot;:[{&quot;breakpoint&quot;:769,&quot;settings&quot;:{&quot;slidesToShow&quot;:1,&quot;slidesToScroll&quot;:1}}]}\">\n<div class=\"wp-block-cb-slide\">\n<figure class=\"wp-block-image aligncenter size-full\"><img loading=\"lazy\" decoding=\"async\" width=\"3021\" height=\"1831\" src=\"https:\/\/spalek-alutechnik.de\/wp-content\/uploads\/2023\/03\/Montage-Step-1.png\" alt=\"Grafische Darstellung des Aufbaus einer Terasse mit Aludielen.\" class=\"wp-image-140\" srcset=\"https:\/\/spalek-alutechnik.de\/wp-content\/uploads\/2023\/03\/Montage-Step-1.png 3021w, https:\/\/spalek-alutechnik.de\/wp-content\/uploads\/2023\/03\/Montage-Step-1-300x182.png 300w, https:\/\/spalek-alutechnik.de\/wp-content\/uploads\/2023\/03\/Montage-Step-1-1024x621.png 1024w, https:\/\/spalek-alutechnik.de\/wp-content\/uploads\/2023\/03\/Montage-Step-1-768x465.png 768w, https:\/\/spalek-alutechnik.de\/wp-content\/uploads\/2023\/03\/Montage-Step-1-1536x931.png 1536w, https:\/\/spalek-alutechnik.de\/wp-content\/uploads\/2023\/03\/Montage-Step-1-2048x1241.png 2048w\" sizes=\"auto, (max-width: 3021px) 100vw, 3021px\" \/><\/figure>\n<\/div>\n\n\n\n<div class=\"wp-block-cb-slide\">\n<figure class=\"wp-block-image aligncenter size-full\"><img loading=\"lazy\" decoding=\"async\" width=\"3021\" height=\"1831\" src=\"https:\/\/spalek-alutechnik.de\/wp-content\/uploads\/2023\/03\/Montage-Step-2.png\" alt=\"\" class=\"wp-image-335\" srcset=\"https:\/\/spalek-alutechnik.de\/wp-content\/uploads\/2023\/03\/Montage-Step-2.png 3021w, https:\/\/spalek-alutechnik.de\/wp-content\/uploads\/2023\/03\/Montage-Step-2-300x182.png 300w, https:\/\/spalek-alutechnik.de\/wp-content\/uploads\/2023\/03\/Montage-Step-2-1024x621.png 1024w, https:\/\/spalek-alutechnik.de\/wp-content\/uploads\/2023\/03\/Montage-Step-2-768x465.png 768w, https:\/\/spalek-alutechnik.de\/wp-content\/uploads\/2023\/03\/Montage-Step-2-1536x931.png 1536w, https:\/\/spalek-alutechnik.de\/wp-content\/uploads\/2023\/03\/Montage-Step-2-2048x1241.png 2048w\" sizes=\"auto, (max-width: 3021px) 100vw, 3021px\" \/><\/figure>\n<\/div>\n\n\n\n<div class=\"wp-block-cb-slide\">\n<figure class=\"wp-block-image aligncenter size-full\"><img loading=\"lazy\" decoding=\"async\" width=\"3021\" height=\"1831\" src=\"https:\/\/spalek-alutechnik.de\/wp-content\/uploads\/2023\/03\/Montage-Step-3.png\" alt=\"\" class=\"wp-image-336\" srcset=\"https:\/\/spalek-alutechnik.de\/wp-content\/uploads\/2023\/03\/Montage-Step-3.png 3021w, https:\/\/spalek-alutechnik.de\/wp-content\/uploads\/2023\/03\/Montage-Step-3-300x182.png 300w, https:\/\/spalek-alutechnik.de\/wp-content\/uploads\/2023\/03\/Montage-Step-3-1024x621.png 1024w, https:\/\/spalek-alutechnik.de\/wp-content\/uploads\/2023\/03\/Montage-Step-3-768x465.png 768w, https:\/\/spalek-alutechnik.de\/wp-content\/uploads\/2023\/03\/Montage-Step-3-1536x931.png 1536w, https:\/\/spalek-alutechnik.de\/wp-content\/uploads\/2023\/03\/Montage-Step-3-2048x1241.png 2048w\" sizes=\"auto, (max-width: 3021px) 100vw, 3021px\" \/><\/figure>\n<\/div>\n<\/div>\n\n\n\n<div style=\"height:150px\" aria-hidden=\"true\" class=\"wp-block-spacer spacer-150\"><\/div>\n<\/div>\n<\/div><\/div>\n\n\n\n<div class=\"wp-block-buttons animated fadeInUp fast is-layout-flex wp-block-buttons-is-layout-flex\">\n<div class=\"wp-block-button has-custom-font-size has-small-font-size\" style=\"font-style:normal;font-weight:500\"><a class=\"wp-block-button__link has-base-color has-primary-background-color has-text-color has-background wp-element-button\" href=\"https:\/\/spalek-alutechnik.de\/wp-content\/uploads\/2025\/01\/Alutechnik-Montageanleitung-finale-Version-JAN-25.pdf\" style=\"border-radius:10px\" target=\"_blank\" rel=\"noreferrer noopener\">Montageanleitung herunterladen<\/a><\/div>\n<\/div>\n\n\n\n<div class=\"wp-block-group px-3 px-md-4 px-lg-5 py-5 has-global-padding is-layout-constrained wp-block-group-is-layout-constrained\">\n<div style=\"height:100px\" aria-hidden=\"true\" class=\"wp-block-spacer spacer-100\"><\/div>\n\n\n\n<div class=\"wp-block-columns is-layout-flex wp-container-core-columns-is-layout-3 wp-block-columns-is-layout-flex\">\n<div class=\"wp-block-column is-vertically-aligned-center animated fadeInUp is-layout-flow wp-block-column-is-layout-flow\" style=\"flex-basis:40%\">\n<div class=\"wp-block-group is-vertical is-layout-flex wp-container-core-group-is-layout-12 wp-block-group-is-layout-flex\">\n<h2 class=\"wp-block-heading h2-before\" style=\"font-style:normal;font-weight:700\">Wir sind f\u00fcr Sie da<\/h2>\n\n\n\n<p class=\"has-grey-color has-text-color\">Rufen Sie uns gerne an oder schreiben uns &#8211; Ihr Ansprechpartner meldet sich schnellstm\u00f6glich bei Ihnen zur\u00fcck.<\/p>\n\n\n\n<div class=\"wp-block-buttons is-layout-flex wp-block-buttons-is-layout-flex\">\n<div class=\"wp-block-button has-custom-font-size has-small-font-size\" style=\"font-style:normal;font-weight:500\"><a class=\"wp-block-button__link has-base-color has-primary-background-color has-text-color has-background wp-element-button\" href=\"https:\/\/spalek-alutechnik.de\/kontakt#kontaktformular\" style=\"border-radius:10px\">Kontakt aufnehmen<\/a><\/div>\n<\/div>\n<\/div>\n\n\n\n<div class=\"wp-block-group is-vertical is-layout-flex wp-container-core-group-is-layout-13 wp-block-group-is-layout-flex advgb-dyn-ac567526\">\n<h2 class=\"wp-block-heading h2-before\" style=\"font-style:normal;font-weight:700\">Partner:<\/h2>\n\n\n\n<figure class=\"wp-block-image size-full is-resized\"><img loading=\"lazy\" decoding=\"async\" width=\"950\" height=\"665\" src=\"https:\/\/spalek-alutechnik.de\/wp-content\/uploads\/2024\/07\/Logo_HOLZRING_RGB_300dpi-1-1024x678-1.jpg\" alt=\"\" class=\"wp-image-608\" style=\"width:175px\" srcset=\"https:\/\/spalek-alutechnik.de\/wp-content\/uploads\/2024\/07\/Logo_HOLZRING_RGB_300dpi-1-1024x678-1.jpg 950w, https:\/\/spalek-alutechnik.de\/wp-content\/uploads\/2024\/07\/Logo_HOLZRING_RGB_300dpi-1-1024x678-1-300x210.jpg 300w, https:\/\/spalek-alutechnik.de\/wp-content\/uploads\/2024\/07\/Logo_HOLZRING_RGB_300dpi-1-1024x678-1-768x538.jpg 768w\" sizes=\"auto, (max-width: 950px) 100vw, 950px\" \/><\/figure>\n<\/div>\n<\/div>\n\n\n\n<div class=\"wp-block-column animated fadeInUp delay-200ms is-layout-flow wp-block-column-is-layout-flow\" style=\"flex-basis:60%\">\n<div class=\"wp-block-advgb-map advgb-map-block maps\" style=\"margin:10px auto\"><div class=\"advgb-map-content\" id=\"advgbmap-6a6ea8b3-2f2f-4b39-b25e-53bcc6455ecc\" style=\"height:450px\" data-default=\"https:\/\/maps.gstatic.com\/mapfiles\/api-3\/images\/spotlight-poi2.png\" data-lat=\"51.3343503\" data-lng=\"7.000896999999999\" data-zoom=\"14\" data-title=\"Spalek Alutechnik\" data-desc=\"Dieselstra\u00dfe 44, 42579 Heiligenhaus<br\/&gt;+49 2056 586170\" data-shown=\"false\" data-style=\"%5B%7B%22elementType%22%3A%22geometry%22%2C%22stylers%22%3A%5B%7B%22color%22%3A%22%23f5f5f5%22%7D%5D%7D%2C%7B%22elementType%22%3A%22labels.icon%22%2C%22stylers%22%3A%5B%7B%22visibility%22%3A%22off%22%7D%5D%7D%2C%7B%22elementType%22%3A%22labels.text.fill%22%2C%22stylers%22%3A%5B%7B%22color%22%3A%22%23616161%22%7D%5D%7D%2C%7B%22elementType%22%3A%22labels.text.stroke%22%2C%22stylers%22%3A%5B%7B%22color%22%3A%22%23f5f5f5%22%7D%5D%7D%2C%7B%22featureType%22%3A%22administrative.land_parcel%22%2C%22elementType%22%3A%22labels.text.fill%22%2C%22stylers%22%3A%5B%7B%22color%22%3A%22%23bdbdbd%22%7D%5D%7D%2C%7B%22featureType%22%3A%22poi%22%2C%22elementType%22%3A%22geometry%22%2C%22stylers%22%3A%5B%7B%22color%22%3A%22%23eeeeee%22%7D%5D%7D%2C%7B%22featureType%22%3A%22poi%22%2C%22elementType%22%3A%22labels.text.fill%22%2C%22stylers%22%3A%5B%7B%22color%22%3A%22%23757575%22%7D%5D%7D%2C%7B%22featureType%22%3A%22poi.park%22%2C%22elementType%22%3A%22geometry%22%2C%22stylers%22%3A%5B%7B%22color%22%3A%22%23e5e5e5%22%7D%5D%7D%2C%7B%22featureType%22%3A%22poi.park%22%2C%22elementType%22%3A%22labels.text.fill%22%2C%22stylers%22%3A%5B%7B%22color%22%3A%22%239e9e9e%22%7D%5D%7D%2C%7B%22featureType%22%3A%22road%22%2C%22elementType%22%3A%22geometry%22%2C%22stylers%22%3A%5B%7B%22color%22%3A%22%23ffffff%22%7D%5D%7D%2C%7B%22featureType%22%3A%22road.arterial%22%2C%22elementType%22%3A%22labels.text.fill%22%2C%22stylers%22%3A%5B%7B%22color%22%3A%22%23757575%22%7D%5D%7D%2C%7B%22featureType%22%3A%22road.highway%22%2C%22elementType%22%3A%22geometry%22%2C%22stylers%22%3A%5B%7B%22color%22%3A%22%23dadada%22%7D%5D%7D%2C%7B%22featureType%22%3A%22road.highway%22%2C%22elementType%22%3A%22labels.text.fill%22%2C%22stylers%22%3A%5B%7B%22color%22%3A%22%23616161%22%7D%5D%7D%2C%7B%22featureType%22%3A%22road.local%22%2C%22elementType%22%3A%22labels.text.fill%22%2C%22stylers%22%3A%5B%7B%22color%22%3A%22%239e9e9e%22%7D%5D%7D%2C%7B%22featureType%22%3A%22transit.line%22%2C%22elementType%22%3A%22geometry%22%2C%22stylers%22%3A%5B%7B%22color%22%3A%22%23e5e5e5%22%7D%5D%7D%2C%7B%22featureType%22%3A%22transit.station%22%2C%22elementType%22%3A%22geometry%22%2C%22stylers%22%3A%5B%7B%22color%22%3A%22%23eeeeee%22%7D%5D%7D%2C%7B%22featureType%22%3A%22water%22%2C%22elementType%22%3A%22geometry%22%2C%22stylers%22%3A%5B%7B%22color%22%3A%22%23c9c9c9%22%7D%5D%7D%2C%7B%22featureType%22%3A%22water%22%2C%22elementType%22%3A%22labels.text.fill%22%2C%22stylers%22%3A%5B%7B%22color%22%3A%22%239e9e9e%22%7D%5D%7D%5D\"><\/div><\/div>\n<\/div>\n<\/div>\n\n\n\n<div style=\"height:100px\" aria-hidden=\"true\" class=\"wp-block-spacer spacer-100\"><\/div>\n<\/div>\n","protected":false},"excerpt":{"rendered":"<p>Allwetterdielen sind eine exzellente L\u00f6sung f\u00fcr viele Einsatzbereiche! Unsere Allwetterdielen aus Aluminium sind f\u00fcr viele Einsatzgebiete in Neubau oder Modernisierung eine Spitzenl\u00f6sung, die f\u00fcr Nachhaltigkeit und gutes Design steht. Mit ihren herausragenden Eigenschaften wie Wasserundurchl\u00e4ssigkeit, Wartungsfreiheit, leichtes Gewicht und einfache Montage lassen sie sich f\u00fcr Balkone, Terrassen ebenso perfekt einsetzen wie zur Carport\u00fcberdachung oder f\u00fcr [&hellip;]<\/p>\n","protected":false},"author":1,"featured_media":0,"parent":0,"menu_order":0,"comment_status":"closed","ping_status":"closed","template":"","meta":{"_editorskit_title_hidden":false,"_editorskit_reading_time":1,"_editorskit_is_block_options_detached":false,"_editorskit_block_options_position":"{}","inline_featured_image":false,"advgb_blocks_editor_width":"","advgb_blocks_columns_visual_guide":"","footnotes":""},"class_list":["post-13","page","type-page","status-publish","hentry"],"yoast_head":"<!-- This site is optimized with the Yoast SEO plugin v26.7 - https:\/\/yoast.com\/wordpress\/plugins\/seo\/ -->\n<title>System\/Anwendung - SPALEK ALUTECHNIK<\/title>\n<meta name=\"description\" content=\"Die Outdoor-Einsatzbereiche unserer Aludielen sind zahlreich: Terrassen, Dachterrassen, Balkonb\u00f6den, Carports, Garagen, Schwimmbadumrandungen und Gartenwege.\" \/>\n<meta name=\"robots\" content=\"index, follow, max-snippet:-1, max-image-preview:large, max-video-preview:-1\" \/>\n<link rel=\"canonical\" href=\"https:\/\/spalek-alutechnik.de\/fr\/system-anwendung\/\" \/>\n<meta property=\"og:locale\" content=\"fr_FR\" \/>\n<meta property=\"og:type\" content=\"article\" \/>\n<meta property=\"og:title\" content=\"System\/Anwendung - SPALEK ALUTECHNIK\" \/>\n<meta property=\"og:description\" content=\"Die Outdoor-Einsatzbereiche unserer Aludielen sind zahlreich: Terrassen, Dachterrassen, Balkonb\u00f6den, Carports, Garagen, Schwimmbadumrandungen und Gartenwege.\" \/>\n<meta property=\"og:url\" content=\"https:\/\/spalek-alutechnik.de\/fr\/system-anwendung\/\" \/>\n<meta property=\"og:site_name\" content=\"SPALEK ALUTECHNIK\" \/>\n<meta property=\"article:modified_time\" content=\"2025-04-28T09:21:38+00:00\" \/>\n<meta property=\"og:image\" content=\"https:\/\/spalek-alutechnik.de\/wp-content\/uploads\/2023\/03\/Differenzmenge-17-scaled.jpg\" \/>\n\t<meta property=\"og:image:width\" content=\"2560\" \/>\n\t<meta property=\"og:image:height\" content=\"1635\" \/>\n\t<meta property=\"og:image:type\" content=\"image\/jpeg\" \/>\n<meta name=\"twitter:card\" content=\"summary_large_image\" \/>\n<meta name=\"twitter:label1\" content=\"Dur\u00e9e de lecture estim\u00e9e\" \/>\n\t<meta name=\"twitter:data1\" content=\"5 minutes\" \/>\n<script type=\"application\/ld+json\" class=\"yoast-schema-graph\">{\"@context\":\"https:\/\/schema.org\",\"@graph\":[{\"@type\":\"WebPage\",\"@id\":\"https:\/\/spalek-alutechnik.de\/system-anwendung\/\",\"url\":\"https:\/\/spalek-alutechnik.de\/system-anwendung\/\",\"name\":\"System\/Anwendung - SPALEK ALUTECHNIK\",\"isPartOf\":{\"@id\":\"https:\/\/spalek-alutechnik.de\/#website\"},\"primaryImageOfPage\":{\"@id\":\"https:\/\/spalek-alutechnik.de\/system-anwendung\/#primaryimage\"},\"image\":{\"@id\":\"https:\/\/spalek-alutechnik.de\/system-anwendung\/#primaryimage\"},\"thumbnailUrl\":\"https:\/\/spalek-alutechnik.de\/wp-content\/uploads\/2023\/03\/Differenzmenge-17-scaled.jpg\",\"datePublished\":\"2023-03-09T09:57:12+00:00\",\"dateModified\":\"2025-04-28T09:21:38+00:00\",\"description\":\"Die Outdoor-Einsatzbereiche unserer Aludielen sind zahlreich: Terrassen, Dachterrassen, Balkonb\u00f6den, Carports, Garagen, Schwimmbadumrandungen und Gartenwege.\",\"breadcrumb\":{\"@id\":\"https:\/\/spalek-alutechnik.de\/system-anwendung\/#breadcrumb\"},\"inLanguage\":\"fr-FR\",\"potentialAction\":[{\"@type\":\"ReadAction\",\"target\":[\"https:\/\/spalek-alutechnik.de\/system-anwendung\/\"]}]},{\"@type\":\"ImageObject\",\"inLanguage\":\"fr-FR\",\"@id\":\"https:\/\/spalek-alutechnik.de\/system-anwendung\/#primaryimage\",\"url\":\"https:\/\/spalek-alutechnik.de\/wp-content\/uploads\/2023\/03\/Differenzmenge-17-scaled.jpg\",\"contentUrl\":\"https:\/\/spalek-alutechnik.de\/wp-content\/uploads\/2023\/03\/Differenzmenge-17-scaled.jpg\"},{\"@type\":\"BreadcrumbList\",\"@id\":\"https:\/\/spalek-alutechnik.de\/system-anwendung\/#breadcrumb\",\"itemListElement\":[{\"@type\":\"ListItem\",\"position\":1,\"name\":\"Startseite\",\"item\":\"https:\/\/spalek-alutechnik.de\/\"},{\"@type\":\"ListItem\",\"position\":2,\"name\":\"System\/Anwendung\"}]},{\"@type\":\"WebSite\",\"@id\":\"https:\/\/spalek-alutechnik.de\/#website\",\"url\":\"https:\/\/spalek-alutechnik.de\/\",\"name\":\"SPALEK ALUTECHNIK\",\"description\":\"Allwetterdielen f\u00fcr Terrassen und Fassaden\",\"publisher\":{\"@id\":\"https:\/\/spalek-alutechnik.de\/#organization\"},\"potentialAction\":[{\"@type\":\"SearchAction\",\"target\":{\"@type\":\"EntryPoint\",\"urlTemplate\":\"https:\/\/spalek-alutechnik.de\/?s={search_term_string}\"},\"query-input\":{\"@type\":\"PropertyValueSpecification\",\"valueRequired\":true,\"valueName\":\"search_term_string\"}}],\"inLanguage\":\"fr-FR\"},{\"@type\":\"Organization\",\"@id\":\"https:\/\/spalek-alutechnik.de\/#organization\",\"name\":\"SPALEK ALUTECHNIK\",\"url\":\"https:\/\/spalek-alutechnik.de\/\",\"logo\":{\"@type\":\"ImageObject\",\"inLanguage\":\"fr-FR\",\"@id\":\"https:\/\/spalek-alutechnik.de\/#\/schema\/logo\/image\/\",\"url\":\"https:\/\/spalek-alutechnik.de\/wp-content\/uploads\/2023\/03\/Logo-Alutechnik.svg\",\"contentUrl\":\"https:\/\/spalek-alutechnik.de\/wp-content\/uploads\/2023\/03\/Logo-Alutechnik.svg\",\"width\":246,\"height\":88,\"caption\":\"SPALEK ALUTECHNIK\"},\"image\":{\"@id\":\"https:\/\/spalek-alutechnik.de\/#\/schema\/logo\/image\/\"}}]}<\/script>\n<!-- \/ Yoast SEO plugin. -->","yoast_head_json":{"title":"System\/Anwendung - SPALEK ALUTECHNIK","description":"Die Outdoor-Einsatzbereiche unserer Aludielen sind zahlreich: Terrassen, Dachterrassen, Balkonb\u00f6den, Carports, Garagen, Schwimmbadumrandungen und Gartenwege.","robots":{"index":"index","follow":"follow","max-snippet":"max-snippet:-1","max-image-preview":"max-image-preview:large","max-video-preview":"max-video-preview:-1"},"canonical":"https:\/\/spalek-alutechnik.de\/fr\/system-anwendung\/","og_locale":"fr_FR","og_type":"article","og_title":"System\/Anwendung - SPALEK ALUTECHNIK","og_description":"Die Outdoor-Einsatzbereiche unserer Aludielen sind zahlreich: Terrassen, Dachterrassen, Balkonb\u00f6den, Carports, Garagen, Schwimmbadumrandungen und Gartenwege.","og_url":"https:\/\/spalek-alutechnik.de\/fr\/system-anwendung\/","og_site_name":"SPALEK ALUTECHNIK","article_modified_time":"2025-04-28T09:21:38+00:00","og_image":[{"width":2560,"height":1635,"url":"https:\/\/spalek-alutechnik.de\/wp-content\/uploads\/2023\/03\/Differenzmenge-17-scaled.jpg","type":"image\/jpeg"}],"twitter_card":"summary_large_image","twitter_misc":{"Dur\u00e9e de lecture estim\u00e9e":"5 minutes"},"schema":{"@context":"https:\/\/schema.org","@graph":[{"@type":"WebPage","@id":"https:\/\/spalek-alutechnik.de\/system-anwendung\/","url":"https:\/\/spalek-alutechnik.de\/system-anwendung\/","name":"System\/Anwendung - SPALEK ALUTECHNIK","isPartOf":{"@id":"https:\/\/spalek-alutechnik.de\/#website"},"primaryImageOfPage":{"@id":"https:\/\/spalek-alutechnik.de\/system-anwendung\/#primaryimage"},"image":{"@id":"https:\/\/spalek-alutechnik.de\/system-anwendung\/#primaryimage"},"thumbnailUrl":"https:\/\/spalek-alutechnik.de\/wp-content\/uploads\/2023\/03\/Differenzmenge-17-scaled.jpg","datePublished":"2023-03-09T09:57:12+00:00","dateModified":"2025-04-28T09:21:38+00:00","description":"Die Outdoor-Einsatzbereiche unserer Aludielen sind zahlreich: Terrassen, Dachterrassen, Balkonb\u00f6den, Carports, Garagen, Schwimmbadumrandungen und Gartenwege.","breadcrumb":{"@id":"https:\/\/spalek-alutechnik.de\/system-anwendung\/#breadcrumb"},"inLanguage":"fr-FR","potentialAction":[{"@type":"ReadAction","target":["https:\/\/spalek-alutechnik.de\/system-anwendung\/"]}]},{"@type":"ImageObject","inLanguage":"fr-FR","@id":"https:\/\/spalek-alutechnik.de\/system-anwendung\/#primaryimage","url":"https:\/\/spalek-alutechnik.de\/wp-content\/uploads\/2023\/03\/Differenzmenge-17-scaled.jpg","contentUrl":"https:\/\/spalek-alutechnik.de\/wp-content\/uploads\/2023\/03\/Differenzmenge-17-scaled.jpg"},{"@type":"BreadcrumbList","@id":"https:\/\/spalek-alutechnik.de\/system-anwendung\/#breadcrumb","itemListElement":[{"@type":"ListItem","position":1,"name":"Startseite","item":"https:\/\/spalek-alutechnik.de\/"},{"@type":"ListItem","position":2,"name":"System\/Anwendung"}]},{"@type":"WebSite","@id":"https:\/\/spalek-alutechnik.de\/#website","url":"https:\/\/spalek-alutechnik.de\/","name":"SPALEK ALUTECHNIK","description":"Allwetterdielen f\u00fcr Terrassen und Fassaden","publisher":{"@id":"https:\/\/spalek-alutechnik.de\/#organization"},"potentialAction":[{"@type":"SearchAction","target":{"@type":"EntryPoint","urlTemplate":"https:\/\/spalek-alutechnik.de\/?s={search_term_string}"},"query-input":{"@type":"PropertyValueSpecification","valueRequired":true,"valueName":"search_term_string"}}],"inLanguage":"fr-FR"},{"@type":"Organization","@id":"https:\/\/spalek-alutechnik.de\/#organization","name":"SPALEK ALUTECHNIK","url":"https:\/\/spalek-alutechnik.de\/","logo":{"@type":"ImageObject","inLanguage":"fr-FR","@id":"https:\/\/spalek-alutechnik.de\/#\/schema\/logo\/image\/","url":"https:\/\/spalek-alutechnik.de\/wp-content\/uploads\/2023\/03\/Logo-Alutechnik.svg","contentUrl":"https:\/\/spalek-alutechnik.de\/wp-content\/uploads\/2023\/03\/Logo-Alutechnik.svg","width":246,"height":88,"caption":"SPALEK ALUTECHNIK"},"image":{"@id":"https:\/\/spalek-alutechnik.de\/#\/schema\/logo\/image\/"}}]}},"coauthors":[],"author_meta":{"author_link":"https:\/\/spalek-alutechnik.de\/fr\/author\/mhorn\/","display_name":"MHorn"},"relative_dates":{"created":"Publi\u00e9 3 ans il y a","modified":"Mis \u00e0 jour 1 an il y a"},"absolute_dates":{"created":"Publi\u00e9 le 9. mars 2023","modified":"Mise \u00e0 jour le 28. avril 2025"},"absolute_dates_time":{"created":"Publi\u00e9 le 9. mars 2023 10:57","modified":"Mise \u00e0 jour le 28. avril 2025 11:21"},"featured_img_caption":"","featured_img":false,"series_order":"","_links":{"self":[{"href":"https:\/\/spalek-alutechnik.de\/fr\/wp-json\/wp\/v2\/pages\/13","targetHints":{"allow":["GET"]}}],"collection":[{"href":"https:\/\/spalek-alutechnik.de\/fr\/wp-json\/wp\/v2\/pages"}],"about":[{"href":"https:\/\/spalek-alutechnik.de\/fr\/wp-json\/wp\/v2\/types\/page"}],"author":[{"embeddable":true,"href":"https:\/\/spalek-alutechnik.de\/fr\/wp-json\/wp\/v2\/users\/1"}],"replies":[{"embeddable":true,"href":"https:\/\/spalek-alutechnik.de\/fr\/wp-json\/wp\/v2\/comments?post=13"}],"version-history":[{"count":23,"href":"https:\/\/spalek-alutechnik.de\/fr\/wp-json\/wp\/v2\/pages\/13\/revisions"}],"predecessor-version":[{"id":749,"href":"https:\/\/spalek-alutechnik.de\/fr\/wp-json\/wp\/v2\/pages\/13\/revisions\/749"}],"wp:attachment":[{"href":"https:\/\/spalek-alutechnik.de\/fr\/wp-json\/wp\/v2\/media?parent=13"}],"curies":[{"name":"wp","href":"https:\/\/api.w.org\/{rel}","templated":true}]}}